{"id":696,"date":"2015-03-02T11:06:29","date_gmt":"2015-03-02T10:06:29","guid":{"rendered":"http:\/\/www.pensieriparole.it\/magazine\/?page_id=696"},"modified":"2015-11-13T10:03:06","modified_gmt":"2015-11-13T09:03:06","slug":"homepage","status":"publish","type":"page","link":"https:\/\/www.pensieriparole.it\/magazine\/","title":{"rendered":"Homepage"},"content":{"rendered":"<div id=\"fb-root\"><\/div>\n<div id=\"tdi_1\" class=\"tdc-row\"><div class=\"vc_row vc_custom_1425410472776 tdi_2  wpb_row td-pb-row\" >\n<style scoped>\n\n\/* tdc_composer_block - inline css att *\/\n.vc_custom_1425410472776{margin-bottom: 0px !important;}\n\/* custom css *\/\n.tdi_2,\r\n                .tdi_2 .tdc-columns{\r\n                    min-height: 0;\r\n                }\n<\/style><div class=\"vc_column tdi_4  wpb_column vc_column_container tdc-column td-pb-span12\">\n<style scoped>\n\n\/* custom css *\/\n.tdi_4{\r\n                    vertical-align: baseline;\r\n                }\n<\/style><div class=\"wpb_wrapper\"><div class=\"td_block_wrap td_block_trending_now tdi_5 td-pb-border-top td_block_template_1\"  data-td-block-uid=\"tdi_5\" ><script>var block_tdi_5 = new tdBlock();\nblock_tdi_5.id = \"tdi_5\";\nblock_tdi_5.atts = '{\"limit\":\"10\",\"category_ids\":\"-30\",\"block_type\":\"td_block_trending_now\",\"navigation\":\"\",\"timer\":3,\"style\":\"\",\"mt_title_tag\":\"\",\"separator\":\"\",\"post_ids\":\"\",\"category_id\":\"\",\"tag_slug\":\"\",\"autors_id\":\"\",\"installed_post_types\":\"\",\"sort\":\"\",\"offset\":\"\",\"el_class\":\"\",\"header_text_color\":\"\",\"header_color\":\"\",\"articles_color\":\"\",\"next_prev_color\":\"\",\"next_prev_border_color\":\"\",\"f_title_font_header\":\"\",\"f_title_font_title\":\"Block title\",\"f_title_font_settings\":\"\",\"f_title_font_family\":\"\",\"f_title_font_size\":\"\",\"f_title_font_line_height\":\"\",\"f_title_font_style\":\"\",\"f_title_font_weight\":\"\",\"f_title_font_transform\":\"\",\"f_title_font_spacing\":\"\",\"f_title_\":\"\",\"f_article_font_title\":\"Articles title\",\"f_article_font_settings\":\"\",\"f_article_font_family\":\"\",\"f_article_font_size\":\"\",\"f_article_font_line_height\":\"\",\"f_article_font_style\":\"\",\"f_article_font_weight\":\"\",\"f_article_font_transform\":\"\",\"f_article_font_spacing\":\"\",\"f_article_\":\"\",\"css\":\"\",\"tdc_css\":\"\",\"block_template_id\":\"\",\"td_column_number\":3,\"ajax_pagination_infinite_stop\":\"\",\"td_ajax_preloading\":\"\",\"td_ajax_filter_type\":\"\",\"td_filter_default_txt\":\"\",\"td_ajax_filter_ids\":\"\",\"color_preset\":\"\",\"ajax_pagination\":\"\",\"border_top\":\"\",\"class\":\"tdi_5\",\"tdc_css_class\":\"tdi_5\",\"tdc_css_class_style\":\"tdi_5_rand_style\"}';\nblock_tdi_5.td_column_number = \"3\";\nblock_tdi_5.block_type = \"td_block_trending_now\";\nblock_tdi_5.post_count = \"10\";\nblock_tdi_5.found_posts = \"1055\";\nblock_tdi_5.header_color = \"\";\nblock_tdi_5.ajax_pagination_infinite_stop = \"\";\nblock_tdi_5.max_num_pages = \"106\";\ntdBlocksArray.push(block_tdi_5);\n<\/script><div class=\"td_block_inner\">\n\n\t<div class=\"td-block-row\"><div class=\"td-trending-now-wrapper\" id=\"tdi_5\" data-start=\"\" data-timer=\"\"><div class=\"td-trending-now-title block-title\">ULTIM'ORA<\/div><div class=\"td-trending-now-display-area\">\r\n        <div class=\"td_module_trending_now td_module_wrap td-trending-now-post-0 td-trending-now-post\">\r\n\r\n            <h3 class=\"entry-title td-module-title\"><a href=\"https:\/\/www.pensieriparole.it\/magazine\/2025037075\/pensieriparole-adotta-due-gemelli-di-8-anni-del-madagascar-serve-il-sostegno-di-tutti\" rel=\"bookmark\" title=\"PensieriParole adotta due gemelli di 8 anni del Madagascar: serve il sostegno di tutti!\">PensieriParole adotta due gemelli di 8 anni del Madagascar: serve il sostegno di tutti!<\/a><\/h3>\r\n        <\/div>\r\n\r\n        \r\n        <div class=\"td_module_trending_now td_module_wrap td-trending-now-post-1 td-trending-now-post\">\r\n\r\n            <h3 class=\"entry-title td-module-title\"><a href=\"https:\/\/www.pensieriparole.it\/magazine\/2025037067\/grazie-a-pensieriparole-ultimati-i-lavori-delle-due-nuove-aule-per-gli-studenti-di-ampasimanjeva\" rel=\"bookmark\" title=\"Grazie a PensieriParole ultimati i lavori delle due nuove aule per gli studenti di Ampasimanjeva!\">Grazie a PensieriParole ultimati i lavori delle due nuove aule per gli studenti di Ampasimanjeva!<\/a><\/h3>\r\n        <\/div>\r\n\r\n        \r\n        <div class=\"td_module_trending_now td_module_wrap td-trending-now-post-2 td-trending-now-post\">\r\n\r\n            <h3 class=\"entry-title td-module-title\"><a href=\"https:\/\/www.pensieriparole.it\/magazine\/2024117044\/pensieriparole-due-nuove-aule-per-gli-studenti-di-ampasimanjeva-aiutaci-a-realizzare-questo-sogno\" rel=\"bookmark\" title=\"PensieriParole aiuta a costruire due nuove aule per gli studenti di Ampasimanjeva!\">PensieriParole aiuta a costruire due nuove aule per gli studenti di Ampasimanjeva!<\/a><\/h3>\r\n        <\/div>\r\n\r\n        \r\n        <div class=\"td_module_trending_now td_module_wrap td-trending-now-post-3 td-trending-now-post\">\r\n\r\n            <h3 class=\"entry-title td-module-title\"><a href=\"https:\/\/www.pensieriparole.it\/magazine\/2024117040\/aumentano-a-29-i-bambini-adottati-nel-madagascar-ma-non-basta-il-vostro-sostegno-e-ancora-essenziale\" rel=\"bookmark\" title=\"Aumentano a 29 i bambini adottati nel Madagascar, ma non basta: il vostro sostegno \u00e8 ancora essenziale!\">Aumentano a 29 i bambini adottati nel Madagascar, ma non basta: il vostro sostegno \u00e8 ancora essenziale!<\/a><\/h3>\r\n        <\/div>\r\n\r\n        \r\n        <div class=\"td_module_trending_now td_module_wrap td-trending-now-post-4 td-trending-now-post\">\r\n\r\n            <h3 class=\"entry-title td-module-title\"><a href=\"https:\/\/www.pensieriparole.it\/magazine\/2024017021\/associazione-pensieriparole-onlus-di-padova-devolve-2-000e-altri-6-bambini-adottati\" rel=\"bookmark\" title=\"Associazione PensieriParole Onlus di Padova devolve 2.000\u20ac: altri 6 bambini adottati!\">Associazione PensieriParole Onlus di Padova devolve 2.000\u20ac: altri 6 bambini adottati!<\/a><\/h3>\r\n        <\/div>\r\n\r\n        \r\n        <div class=\"td_module_trending_now td_module_wrap td-trending-now-post-5 td-trending-now-post\">\r\n\r\n            <h3 class=\"entry-title td-module-title\"><a href=\"https:\/\/www.pensieriparole.it\/magazine\/2022127010\/la-tradizione-del-potluck-da-dove-deriva-e-come-organizzare-la-festa-dopo-le-feste\" rel=\"bookmark\" title=\"La tradizione del Potluck: da dove deriva e come organizzare la festa &#8220;dopo le feste&#8221;\">La tradizione del Potluck: da dove deriva e come organizzare la festa &#8220;dopo le feste&#8221;<\/a><\/h3>\r\n        <\/div>\r\n\r\n        \r\n        <div class=\"td_module_trending_now td_module_wrap td-trending-now-post-6 td-trending-now-post\">\r\n\r\n            <h3 class=\"entry-title td-module-title\"><a href=\"https:\/\/www.pensieriparole.it\/magazine\/2022127003\/abbiamo-adottato-23-bambini-del-madagascar-ma-ci-serve-ancora-il-vostro-aiuto\" rel=\"bookmark\" title=\"Abbiamo adottato 23 bambini del Madagascar, ma ci serve ancora il vostro aiuto!\">Abbiamo adottato 23 bambini del Madagascar, ma ci serve ancora il vostro aiuto!<\/a><\/h3>\r\n        <\/div>\r\n\r\n        \r\n        <div class=\"td_module_trending_now td_module_wrap td-trending-now-post-7 td-trending-now-post\">\r\n\r\n            <h3 class=\"entry-title td-module-title\"><a href=\"https:\/\/www.pensieriparole.it\/magazine\/2022126997\/storia-e-significato-delle-statuine-del-presepe-le-conosci-veramente\" rel=\"bookmark\" title=\"Storia e significato delle statuine del presepe: le conosci veramente?\">Storia e significato delle statuine del presepe: le conosci veramente?<\/a><\/h3>\r\n        <\/div>\r\n\r\n        \r\n        <div class=\"td_module_trending_now td_module_wrap td-trending-now-post-8 td-trending-now-post\">\r\n\r\n            <h3 class=\"entry-title td-module-title\"><a href=\"https:\/\/www.pensieriparole.it\/magazine\/2022126991\/natale-ecco-5-modi-in-cui-il-cervello-reagisce-alle-feste\" rel=\"bookmark\" title=\"Natale: ecco 5 modi in cui il cervello reagisce alle feste\">Natale: ecco 5 modi in cui il cervello reagisce alle feste<\/a><\/h3>\r\n        <\/div>\r\n\r\n        \r\n        <div class=\"td_module_trending_now td_module_wrap td-trending-now-post-9 td-trending-now-post\">\r\n\r\n            <h3 class=\"entry-title td-module-title\"><a href=\"https:\/\/www.pensieriparole.it\/magazine\/2022126982\/10-curiosita-che-forse-non-sapevate-sui-film-di-natale-piu-celebri\" rel=\"bookmark\" title=\"10 curiosit\u00e0 che (forse) non sapevate sui film di Natale pi\u00f9 celebri\">10 curiosit\u00e0 che (forse) non sapevate sui film di Natale pi\u00f9 celebri<\/a><\/h3>\r\n        <\/div>\r\n\r\n        <\/div><div class=\"td-next-prev-wrap\"><a href=\"#\"\r\n                                  class=\"td_ajax-prev-pagex td-trending-now-nav-left\"\r\n                                  aria-label=\"prev\"\r\n                                  data-block-id=\"tdi_5\"\r\n                                  data-moving=\"left\"\r\n                                  data-control-start=\"\"><i class=\"td-icon-menu-left\"><\/i><\/a><a href=\"#\"\r\n                                  class=\"td_ajax-next-pagex td-trending-now-nav-right\"\r\n                                  aria-label=\"next\"\r\n                                  data-block-id=\"tdi_5\"\r\n                                  data-moving=\"right\"\r\n                                  data-control-start=\"\"><i class=\"td-icon-menu-right\"><\/i><\/a><\/div><\/div><\/div><!--.\/row-fluid--><\/div><\/div> <!-- .\/block --><div class=\"td_block_wrap td_block_big_grid tdi_6 td-grid-style-1 td-hover-1 td-big-grids td-pb-border-top td_block_template_1\"  data-td-block-uid=\"tdi_6\" >\n<style>\n\/* custom css *\/\n.tdi_6 .td-post-vid-time{\r\n\t\t\t\t\tdisplay: block;\r\n\t\t\t\t}\n<\/style><div id=tdi_6 class=\"td_block_inner\"><div class=\"td-big-grid-wrapper\">\r\n        <div class=\"td_module_mx5 td-animation-stack td-big-grid-post-0 td-big-grid-post td-big-thumb\">\r\n            \r\n            <div class=\"td-module-thumb\"><a href=\"https:\/\/www.pensieriparole.it\/magazine\/2022127010\/la-tradizione-del-potluck-da-dove-deriva-e-come-organizzare-la-festa-dopo-le-feste\" rel=\"bookmark\" class=\"td-image-wrap \" title=\"La tradizione del Potluck: da dove deriva e come organizzare la festa &#8220;dopo le feste&#8221;\" ><img class=\"entry-thumb\" src=\"\" alt=\"Potluck\" title=\"La tradizione del Potluck: da dove deriva e come organizzare la festa &#8220;dopo le feste&#8221;\" data-type=\"image_tag\" data-img-url=\"https:\/\/www.pensieriparole.it\/magazine\/wp-content\/uploads\/2022\/12\/IMG_8731-537x351.jpg\"  width=\"537\" height=\"351\" \/><\/a><\/div>            \r\n            <div class=\"td-meta-info-container\">\r\n                <div class=\"td-meta-align\">\r\n                    <div class=\"td-big-grid-meta\">\r\n                                                <h3 class=\"entry-title td-module-title\"><a href=\"https:\/\/www.pensieriparole.it\/magazine\/2022127010\/la-tradizione-del-potluck-da-dove-deriva-e-come-organizzare-la-festa-dopo-le-feste\" rel=\"bookmark\" title=\"La tradizione del Potluck: da dove deriva e come organizzare la festa &#8220;dopo le feste&#8221;\">La tradizione del Potluck: da dove deriva e come organizzare la festa &#8220;dopo le feste&#8221;<\/a><\/h3>\r\n                        <div class=\"td-module-meta-info\">\r\n                                                        <span class=\"td-post-author-name\"><a href=\"https:\/\/www.pensieriparole.it\/magazine\/author\/raniero\">Raniero Junior De Bortoli<\/a> <span>-<\/span> <\/span>                            <span class=\"td-post-date\"><time class=\"entry-date updated td-module-date\" datetime=\"2022-12-19T17:34:33+01:00\" >19 Dicembre 2022<\/time><\/span>                        <\/div>\r\n                    <\/div>\r\n                <\/div>\r\n            <\/div>\r\n            <span class=\"td-module-comments\"><a href=\"https:\/\/www.pensieriparole.it\/magazine\/2022127010\/la-tradizione-del-potluck-da-dove-deriva-e-come-organizzare-la-festa-dopo-le-feste#respond\">0<\/a><\/span>\r\n        <\/div>\r\n\r\n        \r\n        <div class=\"td_module_mx6 td-animation-stack td-big-grid-post-1 td-big-grid-post td-tiny-thumb\">\r\n            \r\n            <div class=\"td-module-thumb\"><a href=\"https:\/\/www.pensieriparole.it\/magazine\/2022127003\/abbiamo-adottato-23-bambini-del-madagascar-ma-ci-serve-ancora-il-vostro-aiuto\" rel=\"bookmark\" class=\"td-image-wrap \" title=\"Abbiamo adottato 23 bambini del Madagascar, ma ci serve ancora il vostro aiuto!\" ><img class=\"entry-thumb\" src=\"\" alt=\"Scuola del Madagascar\" title=\"Abbiamo adottato 23 bambini del Madagascar, ma ci serve ancora il vostro aiuto!\" data-type=\"image_tag\" data-img-url=\"https:\/\/www.pensieriparole.it\/magazine\/wp-content\/uploads\/2022\/12\/PHOTO-2022-12-14-17-21-20-238x178.jpg\"  width=\"238\" height=\"178\" \/><\/a><\/div>            \r\n            <div class=\"td-meta-info-container\">\r\n                <div class=\"td-meta-align\">\r\n                    <div class=\"td-big-grid-meta\">\r\n                                                                        <h3 class=\"entry-title td-module-title\"><a href=\"https:\/\/www.pensieriparole.it\/magazine\/2022127003\/abbiamo-adottato-23-bambini-del-madagascar-ma-ci-serve-ancora-il-vostro-aiuto\" rel=\"bookmark\" title=\"Abbiamo adottato 23 bambini del Madagascar, ma ci serve ancora il vostro aiuto!\">Abbiamo adottato 23 bambini del Madagascar, ma ci serve ancora il vostro aiuto!<\/a><\/h3>\r\n                        <div class=\"td-module-meta-info\">\r\n                            <span class=\"td-post-author-name\"><a href=\"https:\/\/www.pensieriparole.it\/magazine\/author\/raniero\">Raniero Junior De Bortoli<\/a> <span>-<\/span> <\/span>                            <span class=\"td-post-date\"><time class=\"entry-date updated td-module-date\" datetime=\"2022-12-14T17:57:13+01:00\" >14 Dicembre 2022<\/time><\/span>                        <\/div>\r\n                    <\/div>\r\n                <\/div>\r\n            <\/div>\r\n            <span class=\"td-module-comments\"><a href=\"https:\/\/www.pensieriparole.it\/magazine\/2022127003\/abbiamo-adottato-23-bambini-del-madagascar-ma-ci-serve-ancora-il-vostro-aiuto#respond\">0<\/a><\/span>\r\n        <\/div>\r\n\r\n        \r\n        <div class=\"td_module_mx6 td-animation-stack td-big-grid-post-2 td-big-grid-post td-tiny-thumb\">\r\n            \r\n            <div class=\"td-module-thumb\"><a href=\"https:\/\/www.pensieriparole.it\/magazine\/2022126997\/storia-e-significato-delle-statuine-del-presepe-le-conosci-veramente\" rel=\"bookmark\" class=\"td-image-wrap \" title=\"Storia e significato delle statuine del presepe: le conosci veramente?\" ><img class=\"entry-thumb\" src=\"\" alt=\"Presepe\" title=\"Storia e significato delle statuine del presepe: le conosci veramente?\" data-type=\"image_tag\" data-img-url=\"https:\/\/www.pensieriparole.it\/magazine\/wp-content\/uploads\/2022\/12\/IMG_8758-2-238x178.jpg\"  width=\"238\" height=\"178\" \/><\/a><\/div>            \r\n            <div class=\"td-meta-info-container\">\r\n                <div class=\"td-meta-align\">\r\n                    <div class=\"td-big-grid-meta\">\r\n                                                                        <h3 class=\"entry-title td-module-title\"><a href=\"https:\/\/www.pensieriparole.it\/magazine\/2022126997\/storia-e-significato-delle-statuine-del-presepe-le-conosci-veramente\" rel=\"bookmark\" title=\"Storia e significato delle statuine del presepe: le conosci veramente?\">Storia e significato delle statuine del presepe: le conosci veramente?<\/a><\/h3>\r\n                        <div class=\"td-module-meta-info\">\r\n                            <span class=\"td-post-author-name\"><a href=\"https:\/\/www.pensieriparole.it\/magazine\/author\/raniero\">Raniero Junior De Bortoli<\/a> <span>-<\/span> <\/span>                            <span class=\"td-post-date\"><time class=\"entry-date updated td-module-date\" datetime=\"2022-12-13T18:55:14+01:00\" >13 Dicembre 2022<\/time><\/span>                        <\/div>\r\n                    <\/div>\r\n                <\/div>\r\n            <\/div>\r\n            <span class=\"td-module-comments\"><a href=\"https:\/\/www.pensieriparole.it\/magazine\/2022126997\/storia-e-significato-delle-statuine-del-presepe-le-conosci-veramente#respond\">0<\/a><\/span>\r\n        <\/div>\r\n\r\n        \r\n        <div class=\"td_module_mx6 td-animation-stack td-big-grid-post-3 td-big-grid-post td-tiny-thumb\">\r\n            \r\n            <div class=\"td-module-thumb\"><a href=\"https:\/\/www.pensieriparole.it\/magazine\/2022126991\/natale-ecco-5-modi-in-cui-il-cervello-reagisce-alle-feste\" rel=\"bookmark\" class=\"td-image-wrap \" title=\"Natale: ecco 5 modi in cui il cervello reagisce alle feste\" ><img class=\"entry-thumb\" src=\"\" alt=\"Potluck\" title=\"Natale: ecco 5 modi in cui il cervello reagisce alle feste\" data-type=\"image_tag\" data-img-url=\"https:\/\/www.pensieriparole.it\/magazine\/wp-content\/uploads\/2022\/12\/IMG_8731-238x178.jpg\"  width=\"238\" height=\"178\" \/><\/a><\/div>            \r\n            <div class=\"td-meta-info-container\">\r\n                <div class=\"td-meta-align\">\r\n                    <div class=\"td-big-grid-meta\">\r\n                                                                        <h3 class=\"entry-title td-module-title\"><a href=\"https:\/\/www.pensieriparole.it\/magazine\/2022126991\/natale-ecco-5-modi-in-cui-il-cervello-reagisce-alle-feste\" rel=\"bookmark\" title=\"Natale: ecco 5 modi in cui il cervello reagisce alle feste\">Natale: ecco 5 modi in cui il cervello reagisce alle feste<\/a><\/h3>\r\n                        <div class=\"td-module-meta-info\">\r\n                            <span class=\"td-post-author-name\"><a href=\"https:\/\/www.pensieriparole.it\/magazine\/author\/raniero\">Raniero Junior De Bortoli<\/a> <span>-<\/span> <\/span>                            <span class=\"td-post-date\"><time class=\"entry-date updated td-module-date\" datetime=\"2022-12-12T16:01:59+01:00\" >12 Dicembre 2022<\/time><\/span>                        <\/div>\r\n                    <\/div>\r\n                <\/div>\r\n            <\/div>\r\n            <span class=\"td-module-comments\"><a href=\"https:\/\/www.pensieriparole.it\/magazine\/2022126991\/natale-ecco-5-modi-in-cui-il-cervello-reagisce-alle-feste#respond\">0<\/a><\/span>\r\n        <\/div>\r\n\r\n        \r\n        <div class=\"td_module_mx6 td-animation-stack td-big-grid-post-4 td-big-grid-post td-tiny-thumb\">\r\n            \r\n            <div class=\"td-module-thumb\"><a href=\"https:\/\/www.pensieriparole.it\/magazine\/2022126982\/10-curiosita-che-forse-non-sapevate-sui-film-di-natale-piu-celebri\" rel=\"bookmark\" class=\"td-image-wrap \" title=\"10 curiosit\u00e0 che (forse) non sapevate sui film di Natale pi\u00f9 celebri\" ><img class=\"entry-thumb\" src=\"\" alt=\"Film natalizi\" title=\"10 curiosit\u00e0 che (forse) non sapevate sui film di Natale pi\u00f9 celebri\" data-type=\"image_tag\" data-img-url=\"https:\/\/www.pensieriparole.it\/magazine\/wp-content\/uploads\/2022\/12\/film-di-Natale-238x178.jpg\"  width=\"238\" height=\"178\" \/><\/a><\/div>            \r\n            <div class=\"td-meta-info-container\">\r\n                <div class=\"td-meta-align\">\r\n                    <div class=\"td-big-grid-meta\">\r\n                                                                        <h3 class=\"entry-title td-module-title\"><a href=\"https:\/\/www.pensieriparole.it\/magazine\/2022126982\/10-curiosita-che-forse-non-sapevate-sui-film-di-natale-piu-celebri\" rel=\"bookmark\" title=\"10 curiosit\u00e0 che (forse) non sapevate sui film di Natale pi\u00f9 celebri\">10 curiosit\u00e0 che (forse) non sapevate sui film di Natale pi\u00f9 celebri<\/a><\/h3>\r\n                        <div class=\"td-module-meta-info\">\r\n                            <span class=\"td-post-author-name\"><a href=\"https:\/\/www.pensieriparole.it\/magazine\/author\/raniero\">Raniero Junior De Bortoli<\/a> <span>-<\/span> <\/span>                            <span class=\"td-post-date\"><time class=\"entry-date updated td-module-date\" datetime=\"2022-12-12T12:45:28+01:00\" >12 Dicembre 2022<\/time><\/span>                        <\/div>\r\n                    <\/div>\r\n                <\/div>\r\n            <\/div>\r\n            <span class=\"td-module-comments\"><a href=\"https:\/\/www.pensieriparole.it\/magazine\/2022126982\/10-curiosita-che-forse-non-sapevate-sui-film-di-natale-piu-celebri#respond\">0<\/a><\/span>\r\n        <\/div>\r\n\r\n        <\/div><div class=\"clearfix\"><\/div><\/div><\/div> <!-- .\/block --><\/div><\/div><\/div><\/div><div id=\"tdi_7\" class=\"tdc-row\"><div class=\"vc_row vc_custom_1425410749111 tdi_8  wpb_row td-pb-row\" >\n<style scoped>\n\n\/* tdc_composer_block - inline css att *\/\n.vc_custom_1425410749111{margin-bottom: 0px !important;}\n\/* custom css *\/\n.tdi_8,\r\n                .tdi_8 .tdc-columns{\r\n                    min-height: 0;\r\n                }\n<\/style><div class=\"vc_column tdi_10  wpb_column vc_column_container tdc-column td-pb-span8\">\n<style scoped>\n\n\/* custom css *\/\n.tdi_10{\r\n                    vertical-align: baseline;\r\n                }\n<\/style><div class=\"wpb_wrapper\"><div class=\"td_block_wrap td_block_1 tdi_11 td_with_ajax_pagination td_block_template_1\"  data-td-block-uid=\"tdi_11\" >\n<style>\n.tdi_11 .td_module_wrap:hover .entry-title a,\r\n            .tdi_11 .td-load-more-wrap a:hover,\r\n        \t.tdi_11 .td_quote_on_blocks,\r\n        \t.tdi_11 .td-wrapper-pulldown-filter .td-pulldown-filter-display-option:hover,\r\n        \t.tdi_11 .td-wrapper-pulldown-filter a.td-pulldown-filter-link:hover,\r\n        \t.tdi_11 .td-instagram-user a {\r\n                color: #e29c04;\r\n            }\r\n\r\n            .tdi_11 .td-next-prev-wrap a:hover i {\r\n                background-color: #e29c04;\r\n                border-color: #e29c04;\r\n            }\r\n\r\n            .tdi_11 .td_module_wrap .td-post-category:hover,\r\n\t\t\t.tdi_11 .td-trending-now-title,\r\n            .tdi_11 .block-title span,\r\n            .tdi_11 .td-weather-information:before,\r\n            .tdi_11 .td-weather-week:before,\r\n            .tdi_11 .td-exchange-header:before,\r\n            .tdi_11 .block-title a {\r\n                background-color: #e29c04;\r\n            }\n<\/style>\n<style>\n\/* custom css *\/\n.tdi_11 .td-post-vid-time{\r\n\t\t\t\t\tdisplay: block;\r\n\t\t\t\t}\n<\/style><script>var block_tdi_11 = new tdBlock();\nblock_tdi_11.id = \"tdi_11\";\nblock_tdi_11.atts = '{\"limit\":\"5\",\"custom_title\":\"ULTIME NOTIZIE\",\"border_top\":\"no_border_top\",\"td_filter_default_txt\":\"Tutto\",\"ajax_pagination\":\"next_prev\",\"header_color\":\"#e29c04\",\"category_id\":\"19\",\"block_type\":\"td_block_1\",\"separator\":\"\",\"custom_url\":\"\",\"title_tag\":\"\",\"block_template_id\":\"\",\"color_preset\":\"\",\"m4_tl\":\"\",\"m4_title_tag\":\"\",\"m4_el\":\"\",\"m6_tl\":\"\",\"m6_title_tag\":\"\",\"post_ids\":\"\",\"category_ids\":\"\",\"tag_slug\":\"\",\"autors_id\":\"\",\"installed_post_types\":\"\",\"sort\":\"\",\"offset\":\"\",\"show_modified_date\":\"\",\"video_popup\":\"\",\"video_rec\":\"\",\"video_rec_title\":\"\",\"show_vid_t\":\"block\",\"el_class\":\"\",\"td_ajax_filter_type\":\"\",\"td_ajax_filter_ids\":\"\",\"td_ajax_preloading\":\"\",\"f_header_font_header\":\"\",\"f_header_font_title\":\"Block header\",\"f_header_font_settings\":\"\",\"f_header_font_family\":\"\",\"f_header_font_size\":\"\",\"f_header_font_line_height\":\"\",\"f_header_font_style\":\"\",\"f_header_font_weight\":\"\",\"f_header_font_transform\":\"\",\"f_header_font_spacing\":\"\",\"f_header_\":\"\",\"f_ajax_font_title\":\"Ajax categories\",\"f_ajax_font_settings\":\"\",\"f_ajax_font_family\":\"\",\"f_ajax_font_size\":\"\",\"f_ajax_font_line_height\":\"\",\"f_ajax_font_style\":\"\",\"f_ajax_font_weight\":\"\",\"f_ajax_font_transform\":\"\",\"f_ajax_font_spacing\":\"\",\"f_ajax_\":\"\",\"f_more_font_title\":\"Load more button\",\"f_more_font_settings\":\"\",\"f_more_font_family\":\"\",\"f_more_font_size\":\"\",\"f_more_font_line_height\":\"\",\"f_more_font_style\":\"\",\"f_more_font_weight\":\"\",\"f_more_font_transform\":\"\",\"f_more_font_spacing\":\"\",\"f_more_\":\"\",\"m4f_title_font_header\":\"\",\"m4f_title_font_title\":\"Article title\",\"m4f_title_font_settings\":\"\",\"m4f_title_font_family\":\"\",\"m4f_title_font_size\":\"\",\"m4f_title_font_line_height\":\"\",\"m4f_title_font_style\":\"\",\"m4f_title_font_weight\":\"\",\"m4f_title_font_transform\":\"\",\"m4f_title_font_spacing\":\"\",\"m4f_title_\":\"\",\"m4f_cat_font_title\":\"Article category tag\",\"m4f_cat_font_settings\":\"\",\"m4f_cat_font_family\":\"\",\"m4f_cat_font_size\":\"\",\"m4f_cat_font_line_height\":\"\",\"m4f_cat_font_style\":\"\",\"m4f_cat_font_weight\":\"\",\"m4f_cat_font_transform\":\"\",\"m4f_cat_font_spacing\":\"\",\"m4f_cat_\":\"\",\"m4f_meta_font_title\":\"Article meta info\",\"m4f_meta_font_settings\":\"\",\"m4f_meta_font_family\":\"\",\"m4f_meta_font_size\":\"\",\"m4f_meta_font_line_height\":\"\",\"m4f_meta_font_style\":\"\",\"m4f_meta_font_weight\":\"\",\"m4f_meta_font_transform\":\"\",\"m4f_meta_font_spacing\":\"\",\"m4f_meta_\":\"\",\"m4f_ex_font_title\":\"Article excerpt\",\"m4f_ex_font_settings\":\"\",\"m4f_ex_font_family\":\"\",\"m4f_ex_font_size\":\"\",\"m4f_ex_font_line_height\":\"\",\"m4f_ex_font_style\":\"\",\"m4f_ex_font_weight\":\"\",\"m4f_ex_font_transform\":\"\",\"m4f_ex_font_spacing\":\"\",\"m4f_ex_\":\"\",\"m6f_title_font_header\":\"\",\"m6f_title_font_title\":\"Article title\",\"m6f_title_font_settings\":\"\",\"m6f_title_font_family\":\"\",\"m6f_title_font_size\":\"\",\"m6f_title_font_line_height\":\"\",\"m6f_title_font_style\":\"\",\"m6f_title_font_weight\":\"\",\"m6f_title_font_transform\":\"\",\"m6f_title_font_spacing\":\"\",\"m6f_title_\":\"\",\"m6f_cat_font_title\":\"Article category tag\",\"m6f_cat_font_settings\":\"\",\"m6f_cat_font_family\":\"\",\"m6f_cat_font_size\":\"\",\"m6f_cat_font_line_height\":\"\",\"m6f_cat_font_style\":\"\",\"m6f_cat_font_weight\":\"\",\"m6f_cat_font_transform\":\"\",\"m6f_cat_font_spacing\":\"\",\"m6f_cat_\":\"\",\"m6f_meta_font_title\":\"Article meta info\",\"m6f_meta_font_settings\":\"\",\"m6f_meta_font_family\":\"\",\"m6f_meta_font_size\":\"\",\"m6f_meta_font_line_height\":\"\",\"m6f_meta_font_style\":\"\",\"m6f_meta_font_weight\":\"\",\"m6f_meta_font_transform\":\"\",\"m6f_meta_font_spacing\":\"\",\"m6f_meta_\":\"\",\"ajax_pagination_infinite_stop\":\"\",\"css\":\"\",\"tdc_css\":\"\",\"td_column_number\":2,\"class\":\"tdi_11\",\"tdc_css_class\":\"tdi_11\",\"tdc_css_class_style\":\"tdi_11_rand_style\"}';\nblock_tdi_11.td_column_number = \"2\";\nblock_tdi_11.block_type = \"td_block_1\";\nblock_tdi_11.post_count = \"5\";\nblock_tdi_11.found_posts = \"196\";\nblock_tdi_11.header_color = \"#e29c04\";\nblock_tdi_11.ajax_pagination_infinite_stop = \"\";\nblock_tdi_11.max_num_pages = \"40\";\ntdBlocksArray.push(block_tdi_11);\n<\/script><h4 class=\"block-title\"><span class=\"td-pulldown-size\">ULTIME NOTIZIE<\/span><\/h4><div id=tdi_11 class=\"td_block_inner\">\n\n\t<div class=\"td-block-row\">\n\n\t<div class=\"td-block-span6\">\n\r\n        <div class=\"td_module_4 td_module_wrap td-animation-stack \">\r\n            <div class=\"td-module-image\">\r\n                <div class=\"td-module-thumb\"><a href=\"https:\/\/www.pensieriparole.it\/magazine\/2024117044\/pensieriparole-due-nuove-aule-per-gli-studenti-di-ampasimanjeva-aiutaci-a-realizzare-questo-sogno\" rel=\"bookmark\" class=\"td-image-wrap \" title=\"PensieriParole aiuta a costruire due nuove aule per gli studenti di Ampasimanjeva!\" ><img class=\"entry-thumb\" src=\"\" alt=\"PensieriParole sostiene la realizzazione di due nuove aule per gli studenti di Ampasimanjeva: aiutaci anche tu!\" title=\"PensieriParole aiuta a costruire due nuove aule per gli studenti di Ampasimanjeva!\" data-type=\"image_tag\" data-img-url=\"https:\/\/www.pensieriparole.it\/magazine\/wp-content\/uploads\/2024\/11\/WhatsApp-Image-2024-11-14-at-10.35.04-300x194.jpeg\"  width=\"300\" height=\"194\" \/><\/a><\/div>                                            <\/div>\r\n\r\n            <h3 class=\"entry-title td-module-title\"><a href=\"https:\/\/www.pensieriparole.it\/magazine\/2024117044\/pensieriparole-due-nuove-aule-per-gli-studenti-di-ampasimanjeva-aiutaci-a-realizzare-questo-sogno\" rel=\"bookmark\" title=\"PensieriParole aiuta a costruire due nuove aule per gli studenti di Ampasimanjeva!\">PensieriParole aiuta a costruire due nuove aule per gli studenti di...<\/a><\/h3>\r\n            <div class=\"meta-info\">\r\n                                <span class=\"td-post-author-name\"><a href=\"https:\/\/www.pensieriparole.it\/magazine\/author\/raniero\">Raniero Junior De Bortoli<\/a> <span>-<\/span> <\/span>                <span class=\"td-post-date\"><time class=\"entry-date updated td-module-date\" datetime=\"2024-11-14T16:17:18+01:00\" >14 Novembre 2024<\/time><\/span>                <span class=\"td-module-comments\"><a href=\"https:\/\/www.pensieriparole.it\/magazine\/2024117044\/pensieriparole-due-nuove-aule-per-gli-studenti-di-ampasimanjeva-aiutaci-a-realizzare-questo-sogno#respond\">0<\/a><\/span>            <\/div>\r\n\r\n            <div class=\"td-excerpt\">\r\n                PensieriParole onlus sostiene la causa di Ampasimanjeva!\r\nIn un piccolo villaggio del Madagascar, dove le risorse sono scarse e i sogni grandi, la scuola media...            <\/div>\r\n\r\n            \r\n        <\/div>\r\n\r\n        \n\t<\/div> <!-- .\/td-block-span6 -->\n\n\t<div class=\"td-block-span6\">\n\r\n        <div class=\"td_module_6 td_module_wrap td-animation-stack \">\r\n            \r\n            <div class=\"td-module-thumb\"><a href=\"https:\/\/www.pensieriparole.it\/magazine\/2020046768\/auguri-di-buona-pasqua-una-raccolta-da-inviare-2\" rel=\"bookmark\" class=\"td-image-wrap td-module-video-modal\" title=\"Auguri di Buona Pasqua, una raccolta da inviare\" data-video-source=\"youtube\" data-video-autoplay=\"\" data-video-url=\"https:\/\/www.youtube.com\/watch?v=pxKQyYyRwH8\"><img class=\"entry-thumb\" src=\"\" alt=\"\" title=\"Auguri di Buona Pasqua, una raccolta da inviare\" data-type=\"image_tag\" data-img-url=\"https:\/\/www.pensieriparole.it\/magazine\/wp-content\/uploads\/2019\/04\/auguri-di-pasqua-pensieriparole-raccolta-100x75.jpg\"  width=\"100\" height=\"75\" \/><span class=\"td-video-play-ico td-video-small\"><i class=\"td-icon-video-thumb-play\"><\/i><\/span><\/a><\/div>\r\n        <div class=\"item-details\">\r\n\r\n            <h3 class=\"entry-title td-module-title\"><a href=\"https:\/\/www.pensieriparole.it\/magazine\/2020046768\/auguri-di-buona-pasqua-una-raccolta-da-inviare-2\" rel=\"bookmark\" title=\"Auguri di Buona Pasqua, una raccolta da inviare\">Auguri di Buona Pasqua, una raccolta da inviare<\/a><\/h3>            <div class=\"meta-info\">\r\n                                                                <span class=\"td-post-date\"><time class=\"entry-date updated td-module-date\" datetime=\"2020-04-10T16:58:44+02:00\" >10 Aprile 2020<\/time><\/span>                            <\/div>\r\n        <\/div>\r\n\r\n        <\/div>\r\n\r\n        \r\n        <div class=\"td_module_6 td_module_wrap td-animation-stack \">\r\n            \r\n            <div class=\"td-module-thumb\"><a href=\"https:\/\/www.pensieriparole.it\/magazine\/2020036739\/19-marzo-buona-festa-del-papa-i-nostri-auguri-per-voi\" rel=\"bookmark\" class=\"td-image-wrap td-module-video-modal\" title=\"19 marzo &#8211; Buona Festa del Pap\u00e0! I nostri auguri per voi\" data-video-source=\"youtube\" data-video-autoplay=\"\" data-video-url=\"https:\/\/www.youtube.com\/watch?v=xgzBEjJplwc\"><img class=\"entry-thumb\" src=\"\" alt=\"\" title=\"19 marzo &#8211; Buona Festa del Pap\u00e0! I nostri auguri per voi\" data-type=\"image_tag\" data-img-url=\"https:\/\/www.pensieriparole.it\/magazine\/wp-content\/uploads\/2020\/03\/maxresdefault-100x75.jpg\"  width=\"100\" height=\"75\" \/><span class=\"td-video-play-ico td-video-small\"><i class=\"td-icon-video-thumb-play\"><\/i><\/span><\/a><\/div>\r\n        <div class=\"item-details\">\r\n\r\n            <h3 class=\"entry-title td-module-title\"><a href=\"https:\/\/www.pensieriparole.it\/magazine\/2020036739\/19-marzo-buona-festa-del-papa-i-nostri-auguri-per-voi\" rel=\"bookmark\" title=\"19 marzo &#8211; Buona Festa del Pap\u00e0! I nostri auguri per voi\">19 marzo &#8211; Buona Festa del Pap\u00e0! I nostri auguri per...<\/a><\/h3>            <div class=\"meta-info\">\r\n                                                                <span class=\"td-post-date\"><time class=\"entry-date updated td-module-date\" datetime=\"2020-03-19T00:05:14+01:00\" >19 Marzo 2020<\/time><\/span>                            <\/div>\r\n        <\/div>\r\n\r\n        <\/div>\r\n\r\n        \r\n        <div class=\"td_module_6 td_module_wrap td-animation-stack \">\r\n            \r\n            <div class=\"td-module-thumb\"><a href=\"https:\/\/www.pensieriparole.it\/magazine\/2019116696\/inizia-il-black-friday-cosa-pensano-gli-italiani-di-questo-evento\" rel=\"bookmark\" class=\"td-image-wrap \" title=\"Inizia il Black Friday: cosa pensano gli Italiani di questo evento?\" ><img class=\"entry-thumb\" src=\"\" alt=\"black friday\" title=\"Inizia il Black Friday: cosa pensano gli Italiani di questo evento?\" data-type=\"image_tag\" data-img-url=\"https:\/\/www.pensieriparole.it\/magazine\/wp-content\/uploads\/2019\/11\/black-friday-6-100x75.jpg\"  width=\"100\" height=\"75\" \/><\/a><\/div>\r\n        <div class=\"item-details\">\r\n\r\n            <h3 class=\"entry-title td-module-title\"><a href=\"https:\/\/www.pensieriparole.it\/magazine\/2019116696\/inizia-il-black-friday-cosa-pensano-gli-italiani-di-questo-evento\" rel=\"bookmark\" title=\"Inizia il Black Friday: cosa pensano gli Italiani di questo evento?\">Inizia il Black Friday: cosa pensano gli Italiani di questo evento?<\/a><\/h3>            <div class=\"meta-info\">\r\n                                                                <span class=\"td-post-date\"><time class=\"entry-date updated td-module-date\" datetime=\"2019-11-12T11:37:48+01:00\" >12 Novembre 2019<\/time><\/span>                            <\/div>\r\n        <\/div>\r\n\r\n        <\/div>\r\n\r\n        \r\n        <div class=\"td_module_6 td_module_wrap td-animation-stack \">\r\n            \r\n            <div class=\"td-module-thumb\"><a href=\"https:\/\/www.pensieriparole.it\/magazine\/2019066656\/collisioni-festival-2019-programma-date-e-biglietti\" rel=\"bookmark\" class=\"td-image-wrap \" title=\"Collisioni Festival 2019: programma, date e biglietti\" ><img class=\"entry-thumb\" src=\"\" alt=\"\" title=\"Collisioni Festival 2019: programma, date e biglietti\" data-type=\"image_tag\" data-img-url=\"https:\/\/www.pensieriparole.it\/magazine\/wp-content\/uploads\/2019\/06\/collisioni-5-100x75.jpg\"  width=\"100\" height=\"75\" \/><\/a><\/div>\r\n        <div class=\"item-details\">\r\n\r\n            <h3 class=\"entry-title td-module-title\"><a href=\"https:\/\/www.pensieriparole.it\/magazine\/2019066656\/collisioni-festival-2019-programma-date-e-biglietti\" rel=\"bookmark\" title=\"Collisioni Festival 2019: programma, date e biglietti\">Collisioni Festival 2019: programma, date e biglietti<\/a><\/h3>            <div class=\"meta-info\">\r\n                                                                <span class=\"td-post-date\"><time class=\"entry-date updated td-module-date\" datetime=\"2019-06-13T16:02:20+02:00\" >13 Giugno 2019<\/time><\/span>                            <\/div>\r\n        <\/div>\r\n\r\n        <\/div>\r\n\r\n        \n\t<\/div> <!-- .\/td-block-span6 --><\/div><!--.\/row-fluid--><\/div><div class=\"td-next-prev-wrap\"><a href=\"#\" class=\"td-ajax-prev-page ajax-page-disabled\" aria-label=\"prev-page\" id=\"prev-page-tdi_11\" data-td_block_id=\"tdi_11\"><i class=\"td-next-prev-icon td-icon-font td-icon-menu-left\"><\/i><\/a><a href=\"#\"  class=\"td-ajax-next-page\" aria-label=\"next-page\" id=\"next-page-tdi_11\" data-td_block_id=\"tdi_11\"><i class=\"td-next-prev-icon td-icon-font td-icon-menu-right\"><\/i><\/a><\/div><\/div> <!-- .\/block --><div class=\"td_block_wrap td_block_15 tdi_12 td-pb-full-cell td_with_ajax_pagination td-pb-border-top td_block_template_1\"  data-td-block-uid=\"tdi_12\" >\n<style>\n.tdi_12 .td_module_wrap:hover .entry-title a,\r\n            .tdi_12 .td-load-more-wrap a:hover,\r\n        \t.tdi_12 .td_quote_on_blocks,\r\n        \t.tdi_12 .td-wrapper-pulldown-filter .td-pulldown-filter-display-option:hover,\r\n        \t.tdi_12 .td-wrapper-pulldown-filter a.td-pulldown-filter-link:hover,\r\n        \t.tdi_12 .td-instagram-user a {\r\n                color: #0b8d5d;\r\n            }\r\n\r\n            .tdi_12 .td-next-prev-wrap a:hover i {\r\n                background-color: #0b8d5d;\r\n                border-color: #0b8d5d;\r\n            }\r\n\r\n            .tdi_12 .td_module_wrap .td-post-category:hover,\r\n\t\t\t.tdi_12 .td-trending-now-title,\r\n            .tdi_12 .block-title span,\r\n            .tdi_12 .td-weather-information:before,\r\n            .tdi_12 .td-weather-week:before,\r\n            .tdi_12 .td-exchange-header:before,\r\n            .tdi_12 .block-title a {\r\n                background-color: #0b8d5d;\r\n            }\n<\/style>\n<style>\n\/* custom css *\/\n.tdi_12 .td-post-vid-time{\r\n\t\t\t\t\tdisplay: block;\r\n\t\t\t\t}\n<\/style><script>var block_tdi_12 = new tdBlock();\nblock_tdi_12.id = \"tdi_12\";\nblock_tdi_12.atts = '{\"limit\":\"8\",\"custom_title\":\"MODA &amp; TENDENZE\",\"header_color\":\"#0b8d5d\",\"td_filter_default_txt\":\"Tutto\",\"ajax_pagination\":\"next_prev\",\"category_id\":\"20\",\"block_type\":\"td_block_15\",\"separator\":\"\",\"custom_url\":\"\",\"title_tag\":\"\",\"block_template_id\":\"\",\"border_top\":\"\",\"color_preset\":\"\",\"mx1_tl\":\"\",\"mx1_title_tag\":\"\",\"mx2_tl\":\"\",\"mx2_title_tag\":\"\",\"post_ids\":\"\",\"category_ids\":\"\",\"tag_slug\":\"\",\"autors_id\":\"\",\"installed_post_types\":\"\",\"sort\":\"\",\"offset\":\"\",\"show_modified_date\":\"\",\"video_popup\":\"\",\"video_rec\":\"\",\"video_rec_title\":\"\",\"show_vid_t\":\"block\",\"el_class\":\"\",\"td_ajax_filter_type\":\"\",\"td_ajax_filter_ids\":\"\",\"td_ajax_preloading\":\"\",\"f_header_font_header\":\"\",\"f_header_font_title\":\"Block header\",\"f_header_font_settings\":\"\",\"f_header_font_family\":\"\",\"f_header_font_size\":\"\",\"f_header_font_line_height\":\"\",\"f_header_font_style\":\"\",\"f_header_font_weight\":\"\",\"f_header_font_transform\":\"\",\"f_header_font_spacing\":\"\",\"f_header_\":\"\",\"f_ajax_font_title\":\"Ajax categories\",\"f_ajax_font_settings\":\"\",\"f_ajax_font_family\":\"\",\"f_ajax_font_size\":\"\",\"f_ajax_font_line_height\":\"\",\"f_ajax_font_style\":\"\",\"f_ajax_font_weight\":\"\",\"f_ajax_font_transform\":\"\",\"f_ajax_font_spacing\":\"\",\"f_ajax_\":\"\",\"f_more_font_title\":\"Load more button\",\"f_more_font_settings\":\"\",\"f_more_font_family\":\"\",\"f_more_font_size\":\"\",\"f_more_font_line_height\":\"\",\"f_more_font_style\":\"\",\"f_more_font_weight\":\"\",\"f_more_font_transform\":\"\",\"f_more_font_spacing\":\"\",\"f_more_\":\"\",\"mx1f_title_font_header\":\"\",\"mx1f_title_font_title\":\"Article title\",\"mx1f_title_font_settings\":\"\",\"mx1f_title_font_family\":\"\",\"mx1f_title_font_size\":\"\",\"mx1f_title_font_line_height\":\"\",\"mx1f_title_font_style\":\"\",\"mx1f_title_font_weight\":\"\",\"mx1f_title_font_transform\":\"\",\"mx1f_title_font_spacing\":\"\",\"mx1f_title_\":\"\",\"mx1f_cat_font_title\":\"Article category tag\",\"mx1f_cat_font_settings\":\"\",\"mx1f_cat_font_family\":\"\",\"mx1f_cat_font_size\":\"\",\"mx1f_cat_font_line_height\":\"\",\"mx1f_cat_font_style\":\"\",\"mx1f_cat_font_weight\":\"\",\"mx1f_cat_font_transform\":\"\",\"mx1f_cat_font_spacing\":\"\",\"mx1f_cat_\":\"\",\"mx1f_meta_font_title\":\"Article meta info\",\"mx1f_meta_font_settings\":\"\",\"mx1f_meta_font_family\":\"\",\"mx1f_meta_font_size\":\"\",\"mx1f_meta_font_line_height\":\"\",\"mx1f_meta_font_style\":\"\",\"mx1f_meta_font_weight\":\"\",\"mx1f_meta_font_transform\":\"\",\"mx1f_meta_font_spacing\":\"\",\"mx1f_meta_\":\"\",\"mx2f_title_font_header\":\"\",\"mx2f_title_font_title\":\"Article title\",\"mx2f_title_font_settings\":\"\",\"mx2f_title_font_family\":\"\",\"mx2f_title_font_size\":\"\",\"mx2f_title_font_line_height\":\"\",\"mx2f_title_font_style\":\"\",\"mx2f_title_font_weight\":\"\",\"mx2f_title_font_transform\":\"\",\"mx2f_title_font_spacing\":\"\",\"mx2f_title_\":\"\",\"mx2f_cat_font_title\":\"Article category tag\",\"mx2f_cat_font_settings\":\"\",\"mx2f_cat_font_family\":\"\",\"mx2f_cat_font_size\":\"\",\"mx2f_cat_font_line_height\":\"\",\"mx2f_cat_font_style\":\"\",\"mx2f_cat_font_weight\":\"\",\"mx2f_cat_font_transform\":\"\",\"mx2f_cat_font_spacing\":\"\",\"mx2f_cat_\":\"\",\"mx2f_meta_font_title\":\"Article meta info\",\"mx2f_meta_font_settings\":\"\",\"mx2f_meta_font_family\":\"\",\"mx2f_meta_font_size\":\"\",\"mx2f_meta_font_line_height\":\"\",\"mx2f_meta_font_style\":\"\",\"mx2f_meta_font_weight\":\"\",\"mx2f_meta_font_transform\":\"\",\"mx2f_meta_font_spacing\":\"\",\"mx2f_meta_\":\"\",\"ajax_pagination_infinite_stop\":\"\",\"css\":\"\",\"tdc_css\":\"\",\"td_column_number\":2,\"class\":\"tdi_12\",\"tdc_css_class\":\"tdi_12\",\"tdc_css_class_style\":\"tdi_12_rand_style\"}';\nblock_tdi_12.td_column_number = \"2\";\nblock_tdi_12.block_type = \"td_block_15\";\nblock_tdi_12.post_count = \"8\";\nblock_tdi_12.found_posts = \"40\";\nblock_tdi_12.header_color = \"#0b8d5d\";\nblock_tdi_12.ajax_pagination_infinite_stop = \"\";\nblock_tdi_12.max_num_pages = \"5\";\ntdBlocksArray.push(block_tdi_12);\n<\/script><h4 class=\"block-title\"><span class=\"td-pulldown-size\">MODA &amp; TENDENZE<\/span><\/h4><div id=tdi_12 class=\"td_block_inner td-column-2\">\n\n\t<div class=\"td-block-row\">\n\n\t<div class=\"td-block-span6\">\n\r\n    <div class=\"td_module_mx1 td_module_wrap td-animation-stack \">\r\n        <div class=\"td-block14-border\"><\/div>\r\n        <div class=\"td-module-thumb\"><a href=\"https:\/\/www.pensieriparole.it\/magazine\/2019026445\/look-da-golden-globe-no-al-nero-si-ai-colori\" rel=\"bookmark\" class=\"td-image-wrap \" title=\"Look da Golden Globe: no al nero, s\u00ec ai colori\" ><img class=\"entry-thumb\" src=\"\" alt=\"\" title=\"Look da Golden Globe: no al nero, s\u00ec ai colori\" data-type=\"image_tag\" data-img-url=\"https:\/\/www.pensieriparole.it\/magazine\/wp-content\/uploads\/2019\/02\/Golden-Globe-targa-341x220.jpg\"  width=\"341\" height=\"220\" \/><\/a><\/div>        \r\n\r\n        <div class=\"meta-info\">\r\n            <h3 class=\"entry-title td-module-title\"><a href=\"https:\/\/www.pensieriparole.it\/magazine\/2019026445\/look-da-golden-globe-no-al-nero-si-ai-colori\" rel=\"bookmark\" title=\"Look da Golden Globe: no al nero, s\u00ec ai colori\">Look da Golden Globe: no al nero, s\u00ec ai colori<\/a><\/h3>            <div class=\"td-editor-date\">\r\n                                                <span class=\"td-post-author-name\"><a href=\"https:\/\/www.pensieriparole.it\/magazine\/author\/giusva\">G. Iannitelli<\/a> <span>-<\/span> <\/span>                <span class=\"td-post-date\"><time class=\"entry-date updated td-module-date\" datetime=\"2019-02-05T09:50:39+01:00\" >5 Febbraio 2019<\/time><\/span>            <\/div>\r\n        <\/div>\r\n\r\n    <\/div>\r\n\r\n    \n\t<\/div> <!-- .\/td-block-span6 -->\n\n\t<div class=\"td-block-span6\">\n\r\n    <div class=\"td_module_mx1 td_module_wrap td-animation-stack \">\r\n        <div class=\"td-block14-border\"><\/div>\r\n        <div class=\"td-module-thumb\"><a href=\"https:\/\/www.pensieriparole.it\/magazine\/2018076145\/espadrillas-modelli\" rel=\"bookmark\" class=\"td-image-wrap \" title=\"Espadrillas che passione! Ecco i modelli pi\u00f9 carini per l&#8217;estate\" ><img class=\"entry-thumb\" src=\"\" alt=\"espadrillas modelli\" title=\"Espadrillas che passione! Ecco i modelli pi\u00f9 carini per l&#8217;estate\" data-type=\"image_tag\" data-img-url=\"https:\/\/www.pensieriparole.it\/magazine\/wp-content\/uploads\/2018\/07\/espadrillas-modelli-341x220.jpg\"  width=\"341\" height=\"220\" \/><\/a><\/div>        \r\n\r\n        <div class=\"meta-info\">\r\n            <h3 class=\"entry-title td-module-title\"><a href=\"https:\/\/www.pensieriparole.it\/magazine\/2018076145\/espadrillas-modelli\" rel=\"bookmark\" title=\"Espadrillas che passione! Ecco i modelli pi\u00f9 carini per l&#8217;estate\">Espadrillas che passione! Ecco i modelli pi\u00f9 carini per l&#8217;estate<\/a><\/h3>            <div class=\"td-editor-date\">\r\n                                                <span class=\"td-post-author-name\"><a href=\"https:\/\/www.pensieriparole.it\/magazine\/author\/editor\">Edoardo Crema<\/a> <span>-<\/span> <\/span>                <span class=\"td-post-date\"><time class=\"entry-date updated td-module-date\" datetime=\"2018-07-19T18:35:53+02:00\" >19 Luglio 2018<\/time><\/span>            <\/div>\r\n        <\/div>\r\n\r\n    <\/div>\r\n\r\n    \n\t<\/div> <!-- .\/td-block-span6 --><\/div><!--.\/row-fluid-->\n\n\t<div class=\"td-block-row\">\n\n\t<div class=\"td-block-span6\">\n\r\n\r\n        <div class=\"td_module_mx2 td_module_wrap td-animation-stack \">\r\n\r\n            <div class=\"td-module-thumb\"><a href=\"https:\/\/www.pensieriparole.it\/magazine\/2018035991\/clutch-i-modelli-piu-cool-della-primavera-2018\" rel=\"bookmark\" class=\"td-image-wrap \" title=\"Clutch: i modelli pi\u00f9 cool della primavera 2018\" ><img class=\"entry-thumb\" src=\"\" alt=\"\" title=\"Clutch: i modelli pi\u00f9 cool della primavera 2018\" data-type=\"image_tag\" data-img-url=\"https:\/\/www.pensieriparole.it\/magazine\/wp-content\/uploads\/2018\/03\/clutch-80x60.jpg\"  width=\"80\" height=\"60\" \/><\/a><\/div>            \r\n            <div class=\"item-details\">\r\n                <h3 class=\"entry-title td-module-title\"><a href=\"https:\/\/www.pensieriparole.it\/magazine\/2018035991\/clutch-i-modelli-piu-cool-della-primavera-2018\" rel=\"bookmark\" title=\"Clutch: i modelli pi\u00f9 cool della primavera 2018\">Clutch: i modelli pi\u00f9 cool della primavera 2018<\/a><\/h3>                <div class=\"meta-info\">\r\n                                                                                <span class=\"td-post-date\"><time class=\"entry-date updated td-module-date\" datetime=\"2018-03-13T16:07:30+01:00\" >13 Marzo 2018<\/time><\/span>                                    <\/div>\r\n            <\/div>\r\n\r\n        <\/div>\r\n\r\n        \n\t<\/div> <!-- .\/td-block-span6 -->\n\n\t<div class=\"td-block-span6\">\n\r\n\r\n        <div class=\"td_module_mx2 td_module_wrap td-animation-stack \">\r\n\r\n            <div class=\"td-module-thumb\"><a href=\"https:\/\/www.pensieriparole.it\/magazine\/2017115701\/5701\" rel=\"bookmark\" class=\"td-image-wrap \" title=\"Unghie natalizie: ecco le idee pi\u00f9 carine su Pinterest e Instagram\" ><img class=\"entry-thumb\" src=\"\" alt=\"\" title=\"Unghie natalizie: ecco le idee pi\u00f9 carine su Pinterest e Instagram\" data-type=\"image_tag\" data-img-url=\"https:\/\/www.pensieriparole.it\/magazine\/wp-content\/uploads\/2017\/11\/unghie-natalizie-e1511454071272-80x60.jpg\"  width=\"80\" height=\"60\" \/><\/a><\/div>            \r\n            <div class=\"item-details\">\r\n                <h3 class=\"entry-title td-module-title\"><a href=\"https:\/\/www.pensieriparole.it\/magazine\/2017115701\/5701\" rel=\"bookmark\" title=\"Unghie natalizie: ecco le idee pi\u00f9 carine su Pinterest e Instagram\">Unghie natalizie: ecco le idee pi\u00f9 carine su Pinterest e Instagram<\/a><\/h3>                <div class=\"meta-info\">\r\n                                                                                <span class=\"td-post-date\"><time class=\"entry-date updated td-module-date\" datetime=\"2017-11-23T18:05:40+01:00\" >23 Novembre 2017<\/time><\/span>                                    <\/div>\r\n            <\/div>\r\n\r\n        <\/div>\r\n\r\n        \n\t<\/div> <!-- .\/td-block-span6 --><\/div><!--.\/row-fluid-->\n\n\t<div class=\"td-block-row\">\n\n\t<div class=\"td-block-span6\">\n\r\n\r\n        <div class=\"td_module_mx2 td_module_wrap td-animation-stack \">\r\n\r\n            <div class=\"td-module-thumb\"><a href=\"https:\/\/www.pensieriparole.it\/magazine\/2017115692\/smalti-autunno-inverno-2017\" rel=\"bookmark\" class=\"td-image-wrap \" title=\"Smalti autunno inverno 2017: ecco tutti i trend\" ><img class=\"entry-thumb\" src=\"\" alt=\"\" title=\"Smalti autunno inverno 2017: ecco tutti i trend\" data-type=\"image_tag\" data-img-url=\"https:\/\/www.pensieriparole.it\/magazine\/wp-content\/uploads\/2017\/11\/smalti-autunno-inverno-2017-80x60.jpg\"  width=\"80\" height=\"60\" \/><\/a><\/div>            \r\n            <div class=\"item-details\">\r\n                <h3 class=\"entry-title td-module-title\"><a href=\"https:\/\/www.pensieriparole.it\/magazine\/2017115692\/smalti-autunno-inverno-2017\" rel=\"bookmark\" title=\"Smalti autunno inverno 2017: ecco tutti i trend\">Smalti autunno inverno 2017: ecco tutti i trend<\/a><\/h3>                <div class=\"meta-info\">\r\n                                                                                <span class=\"td-post-date\"><time class=\"entry-date updated td-module-date\" datetime=\"2017-11-20T11:27:05+01:00\" >20 Novembre 2017<\/time><\/span>                                    <\/div>\r\n            <\/div>\r\n\r\n        <\/div>\r\n\r\n        \n\t<\/div> <!-- .\/td-block-span6 -->\n\n\t<div class=\"td-block-span6\">\n\r\n\r\n        <div class=\"td_module_mx2 td_module_wrap td-animation-stack \">\r\n\r\n            <div class=\"td-module-thumb\"><a href=\"https:\/\/www.pensieriparole.it\/magazine\/2017115687\/profumi-donna-natale-2017-i-cofanetti-piu-attesi-in-uscita\" rel=\"bookmark\" class=\"td-image-wrap \" title=\"Profumi donna Natale 2017: i cofanetti pi\u00f9 attesi in uscita\" ><img class=\"entry-thumb\" src=\"\" alt=\"\" title=\"Profumi donna Natale 2017: i cofanetti pi\u00f9 attesi in uscita\" data-type=\"image_tag\" data-img-url=\"https:\/\/www.pensieriparole.it\/magazine\/wp-content\/uploads\/2017\/11\/profumi-donna-autunno-inverno-2017-2018-cover-mobile-80x60.jpg\"  width=\"80\" height=\"60\" \/><\/a><\/div>            \r\n            <div class=\"item-details\">\r\n                <h3 class=\"entry-title td-module-title\"><a href=\"https:\/\/www.pensieriparole.it\/magazine\/2017115687\/profumi-donna-natale-2017-i-cofanetti-piu-attesi-in-uscita\" rel=\"bookmark\" title=\"Profumi donna Natale 2017: i cofanetti pi\u00f9 attesi in uscita\">Profumi donna Natale 2017: i cofanetti pi\u00f9 attesi in uscita<\/a><\/h3>                <div class=\"meta-info\">\r\n                                                                                <span class=\"td-post-date\"><time class=\"entry-date updated td-module-date\" datetime=\"2017-11-17T14:48:17+01:00\" >17 Novembre 2017<\/time><\/span>                                    <\/div>\r\n            <\/div>\r\n\r\n        <\/div>\r\n\r\n        \n\t<\/div> <!-- .\/td-block-span6 --><\/div><!--.\/row-fluid-->\n\n\t<div class=\"td-block-row\">\n\n\t<div class=\"td-block-span6\">\n\r\n\r\n        <div class=\"td_module_mx2 td_module_wrap td-animation-stack \">\r\n\r\n            <div class=\"td-module-thumb\"><a href=\"https:\/\/www.pensieriparole.it\/magazine\/2017115667\/rossetti-autunno-inverno-2017-tutti-i-trend-del-momento\" rel=\"bookmark\" class=\"td-image-wrap \" title=\"Rossetti autunno inverno 2017: tutti i trend del momento\" ><img class=\"entry-thumb\" src=\"\" alt=\"\" title=\"Rossetti autunno inverno 2017: tutti i trend del momento\" data-type=\"image_tag\" data-img-url=\"https:\/\/www.pensieriparole.it\/magazine\/wp-content\/uploads\/2017\/11\/rossetti-autunno-inverno-2017-80x60.jpg\"  width=\"80\" height=\"60\" \/><\/a><\/div>            \r\n            <div class=\"item-details\">\r\n                <h3 class=\"entry-title td-module-title\"><a href=\"https:\/\/www.pensieriparole.it\/magazine\/2017115667\/rossetti-autunno-inverno-2017-tutti-i-trend-del-momento\" rel=\"bookmark\" title=\"Rossetti autunno inverno 2017: tutti i trend del momento\">Rossetti autunno inverno 2017: tutti i trend del momento<\/a><\/h3>                <div class=\"meta-info\">\r\n                                                                                <span class=\"td-post-date\"><time class=\"entry-date updated td-module-date\" datetime=\"2017-11-08T10:18:46+01:00\" >8 Novembre 2017<\/time><\/span>                                    <\/div>\r\n            <\/div>\r\n\r\n        <\/div>\r\n\r\n        \n\t<\/div> <!-- .\/td-block-span6 -->\n\n\t<div class=\"td-block-span6\">\n\r\n\r\n        <div class=\"td_module_mx2 td_module_wrap td-animation-stack \">\r\n\r\n            <div class=\"td-module-thumb\"><a href=\"https:\/\/www.pensieriparole.it\/magazine\/2017115645\/calze-autunno-inverno-2017-ecco-le-proposte-dalle-catwalks\" rel=\"bookmark\" class=\"td-image-wrap \" title=\"Calze autunno inverno 2017: ecco le proposte dalle catwalks\" ><img class=\"entry-thumb\" src=\"\" alt=\"\" title=\"Calze autunno inverno 2017: ecco le proposte dalle catwalks\" data-type=\"image_tag\" data-img-url=\"https:\/\/www.pensieriparole.it\/magazine\/wp-content\/uploads\/2017\/11\/calze-autunno-inverno-2017-80x60.jpg\"  width=\"80\" height=\"60\" \/><\/a><\/div>            \r\n            <div class=\"item-details\">\r\n                <h3 class=\"entry-title td-module-title\"><a href=\"https:\/\/www.pensieriparole.it\/magazine\/2017115645\/calze-autunno-inverno-2017-ecco-le-proposte-dalle-catwalks\" rel=\"bookmark\" title=\"Calze autunno inverno 2017: ecco le proposte dalle catwalks\">Calze autunno inverno 2017: ecco le proposte dalle catwalks<\/a><\/h3>                <div class=\"meta-info\">\r\n                                                                                <span class=\"td-post-date\"><time class=\"entry-date updated td-module-date\" datetime=\"2017-11-01T10:55:21+01:00\" >1 Novembre 2017<\/time><\/span>                                    <\/div>\r\n            <\/div>\r\n\r\n        <\/div>\r\n\r\n        \n\t<\/div> <!-- .\/td-block-span6 --><\/div><!--.\/row-fluid--><\/div><div class=\"td-next-prev-wrap\"><a href=\"#\" class=\"td-ajax-prev-page ajax-page-disabled\" aria-label=\"prev-page\" id=\"prev-page-tdi_12\" data-td_block_id=\"tdi_12\"><i class=\"td-next-prev-icon td-icon-font td-icon-menu-left\"><\/i><\/a><a href=\"#\"  class=\"td-ajax-next-page\" aria-label=\"next-page\" id=\"next-page-tdi_12\" data-td_block_id=\"tdi_12\"><i class=\"td-next-prev-icon td-icon-font td-icon-menu-right\"><\/i><\/a><\/div><\/div> <!-- .\/block --><div class=\"vc_row_inner tdi_14  vc_row vc_inner wpb_row td-pb-row\" >\n<style scoped>\n\n\/* custom css *\/\n.tdi_14{\r\n                    position: relative !important;\r\n                    top: 0;\r\n                    transform: none;\r\n                    -webkit-transform: none;\r\n                }\n<\/style><div class=\"vc_column_inner tdi_16  wpb_column vc_column_container tdc-inner-column td-pb-span6\">\n<style scoped>\n\n\/* custom css *\/\n.tdi_16{\r\n                    vertical-align: baseline;\r\n                }\n<\/style><div class=\"vc_column-inner\"><div class=\"wpb_wrapper\"><div class=\"td_block_wrap td_block_2 tdi_17 td_with_ajax_pagination td-pb-border-top td_block_template_1\"  data-td-block-uid=\"tdi_17\" >\n<style>\n.tdi_17 .td_module_wrap:hover .entry-title a,\r\n            .tdi_17 .td-load-more-wrap a:hover,\r\n        \t.tdi_17 .td_quote_on_blocks,\r\n        \t.tdi_17 .td-wrapper-pulldown-filter .td-pulldown-filter-display-option:hover,\r\n        \t.tdi_17 .td-wrapper-pulldown-filter a.td-pulldown-filter-link:hover,\r\n        \t.tdi_17 .td-instagram-user a {\r\n                color: #4db2ec;\r\n            }\r\n\r\n            .tdi_17 .td-next-prev-wrap a:hover i {\r\n                background-color: #4db2ec;\r\n                border-color: #4db2ec;\r\n            }\r\n\r\n            .tdi_17 .td_module_wrap .td-post-category:hover,\r\n\t\t\t.tdi_17 .td-trending-now-title,\r\n            .tdi_17 .block-title span,\r\n            .tdi_17 .td-weather-information:before,\r\n            .tdi_17 .td-weather-week:before,\r\n            .tdi_17 .td-exchange-header:before,\r\n            .tdi_17 .block-title a {\r\n                background-color: #4db2ec;\r\n            }\n<\/style>\n<style>\n\/* custom css *\/\n.tdi_17 .td-post-vid-time{\r\n\t\t\t\t\tdisplay: block;\r\n\t\t\t\t}\n<\/style><script>var block_tdi_17 = new tdBlock();\nblock_tdi_17.id = \"tdi_17\";\nblock_tdi_17.atts = '{\"limit\":\"3\",\"custom_title\":\"MUSICA\",\"header_color\":\"#4db2ec\",\"td_filter_default_txt\":\"Tutto\",\"ajax_pagination\":\"next_prev\",\"category_id\":\"17\",\"block_type\":\"td_block_2\",\"separator\":\"\",\"custom_url\":\"\",\"title_tag\":\"\",\"block_template_id\":\"\",\"border_top\":\"\",\"color_preset\":\"\",\"m4_tl\":\"\",\"m4_title_tag\":\"\",\"m4_el\":\"\",\"m6_tl\":\"\",\"m6_title_tag\":\"\",\"post_ids\":\"\",\"category_ids\":\"\",\"tag_slug\":\"\",\"autors_id\":\"\",\"installed_post_types\":\"\",\"sort\":\"\",\"offset\":\"\",\"show_modified_date\":\"\",\"video_popup\":\"\",\"video_rec\":\"\",\"video_rec_title\":\"\",\"show_vid_t\":\"block\",\"el_class\":\"\",\"td_ajax_filter_type\":\"\",\"td_ajax_filter_ids\":\"\",\"td_ajax_preloading\":\"\",\"f_header_font_header\":\"\",\"f_header_font_title\":\"Block header\",\"f_header_font_settings\":\"\",\"f_header_font_family\":\"\",\"f_header_font_size\":\"\",\"f_header_font_line_height\":\"\",\"f_header_font_style\":\"\",\"f_header_font_weight\":\"\",\"f_header_font_transform\":\"\",\"f_header_font_spacing\":\"\",\"f_header_\":\"\",\"f_ajax_font_title\":\"Ajax categories\",\"f_ajax_font_settings\":\"\",\"f_ajax_font_family\":\"\",\"f_ajax_font_size\":\"\",\"f_ajax_font_line_height\":\"\",\"f_ajax_font_style\":\"\",\"f_ajax_font_weight\":\"\",\"f_ajax_font_transform\":\"\",\"f_ajax_font_spacing\":\"\",\"f_ajax_\":\"\",\"f_more_font_title\":\"Load more button\",\"f_more_font_settings\":\"\",\"f_more_font_family\":\"\",\"f_more_font_size\":\"\",\"f_more_font_line_height\":\"\",\"f_more_font_style\":\"\",\"f_more_font_weight\":\"\",\"f_more_font_transform\":\"\",\"f_more_font_spacing\":\"\",\"f_more_\":\"\",\"m4f_title_font_header\":\"\",\"m4f_title_font_title\":\"Article title\",\"m4f_title_font_settings\":\"\",\"m4f_title_font_family\":\"\",\"m4f_title_font_size\":\"\",\"m4f_title_font_line_height\":\"\",\"m4f_title_font_style\":\"\",\"m4f_title_font_weight\":\"\",\"m4f_title_font_transform\":\"\",\"m4f_title_font_spacing\":\"\",\"m4f_title_\":\"\",\"m4f_cat_font_title\":\"Article category tag\",\"m4f_cat_font_settings\":\"\",\"m4f_cat_font_family\":\"\",\"m4f_cat_font_size\":\"\",\"m4f_cat_font_line_height\":\"\",\"m4f_cat_font_style\":\"\",\"m4f_cat_font_weight\":\"\",\"m4f_cat_font_transform\":\"\",\"m4f_cat_font_spacing\":\"\",\"m4f_cat_\":\"\",\"m4f_meta_font_title\":\"Article meta info\",\"m4f_meta_font_settings\":\"\",\"m4f_meta_font_family\":\"\",\"m4f_meta_font_size\":\"\",\"m4f_meta_font_line_height\":\"\",\"m4f_meta_font_style\":\"\",\"m4f_meta_font_weight\":\"\",\"m4f_meta_font_transform\":\"\",\"m4f_meta_font_spacing\":\"\",\"m4f_meta_\":\"\",\"m4f_ex_font_title\":\"Article excerpt\",\"m4f_ex_font_settings\":\"\",\"m4f_ex_font_family\":\"\",\"m4f_ex_font_size\":\"\",\"m4f_ex_font_line_height\":\"\",\"m4f_ex_font_style\":\"\",\"m4f_ex_font_weight\":\"\",\"m4f_ex_font_transform\":\"\",\"m4f_ex_font_spacing\":\"\",\"m4f_ex_\":\"\",\"m6f_title_font_header\":\"\",\"m6f_title_font_title\":\"Article title\",\"m6f_title_font_settings\":\"\",\"m6f_title_font_family\":\"\",\"m6f_title_font_size\":\"\",\"m6f_title_font_line_height\":\"\",\"m6f_title_font_style\":\"\",\"m6f_title_font_weight\":\"\",\"m6f_title_font_transform\":\"\",\"m6f_title_font_spacing\":\"\",\"m6f_title_\":\"\",\"m6f_cat_font_title\":\"Article category tag\",\"m6f_cat_font_settings\":\"\",\"m6f_cat_font_family\":\"\",\"m6f_cat_font_size\":\"\",\"m6f_cat_font_line_height\":\"\",\"m6f_cat_font_style\":\"\",\"m6f_cat_font_weight\":\"\",\"m6f_cat_font_transform\":\"\",\"m6f_cat_font_spacing\":\"\",\"m6f_cat_\":\"\",\"m6f_meta_font_title\":\"Article meta info\",\"m6f_meta_font_settings\":\"\",\"m6f_meta_font_family\":\"\",\"m6f_meta_font_size\":\"\",\"m6f_meta_font_line_height\":\"\",\"m6f_meta_font_style\":\"\",\"m6f_meta_font_weight\":\"\",\"m6f_meta_font_transform\":\"\",\"m6f_meta_font_spacing\":\"\",\"m6f_meta_\":\"\",\"ajax_pagination_infinite_stop\":\"\",\"css\":\"\",\"tdc_css\":\"\",\"td_column_number\":1,\"class\":\"tdi_17\",\"tdc_css_class\":\"tdi_17\",\"tdc_css_class_style\":\"tdi_17_rand_style\"}';\nblock_tdi_17.td_column_number = \"1\";\nblock_tdi_17.block_type = \"td_block_2\";\nblock_tdi_17.post_count = \"3\";\nblock_tdi_17.found_posts = \"49\";\nblock_tdi_17.header_color = \"#4db2ec\";\nblock_tdi_17.ajax_pagination_infinite_stop = \"\";\nblock_tdi_17.max_num_pages = \"17\";\ntdBlocksArray.push(block_tdi_17);\n<\/script><h4 class=\"block-title\"><span class=\"td-pulldown-size\">MUSICA<\/span><\/h4><div id=tdi_17 class=\"td_block_inner\">\n\n\t<div class=\"td-block-span12\">\n\r\n        <div class=\"td_module_4 td_module_wrap td-animation-stack \">\r\n            <div class=\"td-module-image\">\r\n                <div class=\"td-module-thumb\"><a href=\"https:\/\/www.pensieriparole.it\/magazine\/2019016395\/faber-ci-manchi\" rel=\"bookmark\" class=\"td-image-wrap \" title=\"Faber, ci manchi\" ><img class=\"entry-thumb\" src=\"\" alt=\"\" title=\"Faber, ci manchi\" data-type=\"image_tag\" data-img-url=\"https:\/\/www.pensieriparole.it\/magazine\/wp-content\/uploads\/2019\/01\/fabrizio-de-andr\u00e8-300x194.jpg\"  width=\"300\" height=\"194\" \/><\/a><\/div>                                            <\/div>\r\n\r\n            <h3 class=\"entry-title td-module-title\"><a href=\"https:\/\/www.pensieriparole.it\/magazine\/2019016395\/faber-ci-manchi\" rel=\"bookmark\" title=\"Faber, ci manchi\">Faber, ci manchi<\/a><\/h3>\r\n            <div class=\"meta-info\">\r\n                                <span class=\"td-post-author-name\"><a href=\"https:\/\/www.pensieriparole.it\/magazine\/author\/editor\">Edoardo Crema<\/a> <span>-<\/span> <\/span>                <span class=\"td-post-date\"><time class=\"entry-date updated td-module-date\" datetime=\"2019-01-10T20:55:33+01:00\" >10 Gennaio 2019<\/time><\/span>                <span class=\"td-module-comments\"><a href=\"https:\/\/www.pensieriparole.it\/magazine\/2019016395\/faber-ci-manchi#respond\">0<\/a><\/span>            <\/div>\r\n\r\n            <div class=\"td-excerpt\">\r\n                Vent&#039;anni fa moriva Fabrizio De Andr\u00e8. Un ricordo del cantautore genovese.\r\nDomani, venerd\u00ec 11 gennaio, saranno gi\u00e0 20 anni senza Fabrizio De Andr\u00e8. Lo stesso...            <\/div>\r\n\r\n            \r\n        <\/div>\r\n\r\n        \n\t<\/div> <!-- .\/td-block-span12 -->\n\n\t<div class=\"td-block-span12\">\n\r\n        <div class=\"td_module_6 td_module_wrap td-animation-stack \">\r\n            \r\n            <div class=\"td-module-thumb\"><a href=\"https:\/\/www.pensieriparole.it\/magazine\/2017045844\/kygo-ellie-gouling-la-first-time\" rel=\"bookmark\" class=\"td-image-wrap \" title=\"Kygo e Ellie Goulding e la loro &#8220;First time&#8221;\" ><img class=\"entry-thumb\" src=\"\" alt=\"\" title=\"Kygo e Ellie Goulding e la loro &#8220;First time&#8221;\" data-type=\"image_tag\" data-img-url=\"https:\/\/www.pensieriparole.it\/magazine\/wp-content\/uploads\/2018\/01\/unnamed-1-100x75.jpg\"  width=\"100\" height=\"75\" \/><\/a><\/div>\r\n        <div class=\"item-details\">\r\n\r\n            <h3 class=\"entry-title td-module-title\"><a href=\"https:\/\/www.pensieriparole.it\/magazine\/2017045844\/kygo-ellie-gouling-la-first-time\" rel=\"bookmark\" title=\"Kygo e Ellie Goulding e la loro &#8220;First time&#8221;\">Kygo e Ellie Goulding e la loro &#8220;First time&#8221;<\/a><\/h3>            <div class=\"meta-info\">\r\n                                                                <span class=\"td-post-date\"><time class=\"entry-date updated td-module-date\" datetime=\"2017-04-30T19:19:13+02:00\" >30 Aprile 2017<\/time><\/span>                            <\/div>\r\n        <\/div>\r\n\r\n        <\/div>\r\n\r\n        \n\t<\/div> <!-- .\/td-block-span12 -->\n\n\t<div class=\"td-block-span12\">\n\r\n        <div class=\"td_module_6 td_module_wrap td-animation-stack \">\r\n            \r\n            <div class=\"td-module-thumb\"><a href=\"https:\/\/www.pensieriparole.it\/magazine\/2017025417\/sanremo-2017-testi-canzoni\" rel=\"bookmark\" class=\"td-image-wrap \" title=\"Sanremo 2017: ecco i testi delle canzoni\" ><img class=\"entry-thumb\" src=\"\" alt=\"Sanremo 2017\" title=\"Sanremo 2017: ecco i testi delle canzoni\" data-type=\"image_tag\" data-img-url=\"https:\/\/www.pensieriparole.it\/magazine\/wp-content\/uploads\/2017\/01\/sanremo-2017-100x75.jpg\"  width=\"100\" height=\"75\" \/><\/a><\/div>\r\n        <div class=\"item-details\">\r\n\r\n            <h3 class=\"entry-title td-module-title\"><a href=\"https:\/\/www.pensieriparole.it\/magazine\/2017025417\/sanremo-2017-testi-canzoni\" rel=\"bookmark\" title=\"Sanremo 2017: ecco i testi delle canzoni\">Sanremo 2017: ecco i testi delle canzoni<\/a><\/h3>            <div class=\"meta-info\">\r\n                                                                <span class=\"td-post-date\"><time class=\"entry-date updated td-module-date\" datetime=\"2017-02-01T00:12:51+01:00\" >1 Febbraio 2017<\/time><\/span>                            <\/div>\r\n        <\/div>\r\n\r\n        <\/div>\r\n\r\n        \n\t<\/div> <!-- .\/td-block-span12 --><\/div><div class=\"td-next-prev-wrap\"><a href=\"#\" class=\"td-ajax-prev-page ajax-page-disabled\" aria-label=\"prev-page\" id=\"prev-page-tdi_17\" data-td_block_id=\"tdi_17\"><i class=\"td-next-prev-icon td-icon-font td-icon-menu-left\"><\/i><\/a><a href=\"#\"  class=\"td-ajax-next-page\" aria-label=\"next-page\" id=\"next-page-tdi_17\" data-td_block_id=\"tdi_17\"><i class=\"td-next-prev-icon td-icon-font td-icon-menu-right\"><\/i><\/a><\/div><\/div> <!-- .\/block --><div class=\"td_block_wrap td_block_13 tdi_18 td-pb-full-cell td_with_ajax_pagination td-pb-border-top td_block_template_1\"  data-td-block-uid=\"tdi_18\" >\n<style>\n\/* custom css *\/\n.tdi_18 .td-post-vid-time{\r\n\t\t\t\t\tdisplay: block;\r\n\t\t\t\t}\n<\/style><script>var block_tdi_18 = new tdBlock();\nblock_tdi_18.id = \"tdi_18\";\nblock_tdi_18.atts = '{\"category_id\":\"204\",\"limit\":\"1\",\"custom_title\":\"CINEMA\",\"td_filter_default_txt\":\"Tutto\",\"ajax_pagination\":\"next_prev\",\"block_type\":\"td_block_13\",\"separator\":\"\",\"custom_url\":\"\",\"title_tag\":\"\",\"block_template_id\":\"\",\"border_top\":\"\",\"color_preset\":\"\",\"mx3_tl\":\"\",\"mx3_title_tag\":\"\",\"m14_tl\":\"\",\"m14_title_tag\":\"\",\"m14_el\":\"\",\"post_ids\":\"\",\"category_ids\":\"\",\"tag_slug\":\"\",\"autors_id\":\"\",\"installed_post_types\":\"\",\"sort\":\"\",\"offset\":\"\",\"show_modified_date\":\"\",\"video_popup\":\"\",\"video_rec\":\"\",\"video_rec_title\":\"\",\"show_vid_t\":\"block\",\"el_class\":\"\",\"td_ajax_filter_type\":\"\",\"td_ajax_filter_ids\":\"\",\"td_ajax_preloading\":\"\",\"f_header_font_header\":\"\",\"f_header_font_title\":\"Block header\",\"f_header_font_settings\":\"\",\"f_header_font_family\":\"\",\"f_header_font_size\":\"\",\"f_header_font_line_height\":\"\",\"f_header_font_style\":\"\",\"f_header_font_weight\":\"\",\"f_header_font_transform\":\"\",\"f_header_font_spacing\":\"\",\"f_header_\":\"\",\"f_ajax_font_title\":\"Ajax categories\",\"f_ajax_font_settings\":\"\",\"f_ajax_font_family\":\"\",\"f_ajax_font_size\":\"\",\"f_ajax_font_line_height\":\"\",\"f_ajax_font_style\":\"\",\"f_ajax_font_weight\":\"\",\"f_ajax_font_transform\":\"\",\"f_ajax_font_spacing\":\"\",\"f_ajax_\":\"\",\"f_more_font_title\":\"Load more button\",\"f_more_font_settings\":\"\",\"f_more_font_family\":\"\",\"f_more_font_size\":\"\",\"f_more_font_line_height\":\"\",\"f_more_font_style\":\"\",\"f_more_font_weight\":\"\",\"f_more_font_transform\":\"\",\"f_more_font_spacing\":\"\",\"f_more_\":\"\",\"mx3f_title_font_header\":\"\",\"mx3f_title_font_title\":\"Article title\",\"mx3f_title_font_settings\":\"\",\"mx3f_title_font_family\":\"\",\"mx3f_title_font_size\":\"\",\"mx3f_title_font_line_height\":\"\",\"mx3f_title_font_style\":\"\",\"mx3f_title_font_weight\":\"\",\"mx3f_title_font_transform\":\"\",\"mx3f_title_font_spacing\":\"\",\"mx3f_title_\":\"\",\"mx3f_cat_font_title\":\"Article category tag\",\"mx3f_cat_font_settings\":\"\",\"mx3f_cat_font_family\":\"\",\"mx3f_cat_font_size\":\"\",\"mx3f_cat_font_line_height\":\"\",\"mx3f_cat_font_style\":\"\",\"mx3f_cat_font_weight\":\"\",\"mx3f_cat_font_transform\":\"\",\"mx3f_cat_font_spacing\":\"\",\"mx3f_cat_\":\"\",\"mx3f_meta_font_title\":\"Article meta info\",\"mx3f_meta_font_settings\":\"\",\"mx3f_meta_font_family\":\"\",\"mx3f_meta_font_size\":\"\",\"mx3f_meta_font_line_height\":\"\",\"mx3f_meta_font_style\":\"\",\"mx3f_meta_font_weight\":\"\",\"mx3f_meta_font_transform\":\"\",\"mx3f_meta_font_spacing\":\"\",\"mx3f_meta_\":\"\",\"m14f_title_font_header\":\"\",\"m14f_title_font_title\":\"Article title\",\"m14f_title_font_settings\":\"\",\"m14f_title_font_family\":\"\",\"m14f_title_font_size\":\"\",\"m14f_title_font_line_height\":\"\",\"m14f_title_font_style\":\"\",\"m14f_title_font_weight\":\"\",\"m14f_title_font_transform\":\"\",\"m14f_title_font_spacing\":\"\",\"m14f_title_\":\"\",\"m14f_cat_font_title\":\"Article category tag\",\"m14f_cat_font_settings\":\"\",\"m14f_cat_font_family\":\"\",\"m14f_cat_font_size\":\"\",\"m14f_cat_font_line_height\":\"\",\"m14f_cat_font_style\":\"\",\"m14f_cat_font_weight\":\"\",\"m14f_cat_font_transform\":\"\",\"m14f_cat_font_spacing\":\"\",\"m14f_cat_\":\"\",\"m14f_meta_font_title\":\"Article meta info\",\"m14f_meta_font_settings\":\"\",\"m14f_meta_font_family\":\"\",\"m14f_meta_font_size\":\"\",\"m14f_meta_font_line_height\":\"\",\"m14f_meta_font_style\":\"\",\"m14f_meta_font_weight\":\"\",\"m14f_meta_font_transform\":\"\",\"m14f_meta_font_spacing\":\"\",\"m14f_meta_\":\"\",\"m14f_ex_font_title\":\"Article excerpt\",\"m14f_ex_font_settings\":\"\",\"m14f_ex_font_family\":\"\",\"m14f_ex_font_size\":\"\",\"m14f_ex_font_line_height\":\"\",\"m14f_ex_font_style\":\"\",\"m14f_ex_font_weight\":\"\",\"m14f_ex_font_transform\":\"\",\"m14f_ex_font_spacing\":\"\",\"m14f_ex_\":\"\",\"ajax_pagination_infinite_stop\":\"\",\"css\":\"\",\"tdc_css\":\"\",\"td_column_number\":1,\"header_color\":\"\",\"class\":\"tdi_18\",\"tdc_css_class\":\"tdi_18\",\"tdc_css_class_style\":\"tdi_18_rand_style\"}';\nblock_tdi_18.td_column_number = \"1\";\nblock_tdi_18.block_type = \"td_block_13\";\nblock_tdi_18.post_count = \"1\";\nblock_tdi_18.found_posts = \"61\";\nblock_tdi_18.header_color = \"\";\nblock_tdi_18.ajax_pagination_infinite_stop = \"\";\nblock_tdi_18.max_num_pages = \"61\";\ntdBlocksArray.push(block_tdi_18);\n<\/script><h4 class=\"block-title\"><span class=\"td-pulldown-size\">CINEMA<\/span><\/h4><div id=tdi_18 class=\"td_block_inner td-column-1\">\r\n        <div class=\"td_module_mx3 td_module_wrap td-animation-stack \">\r\n            <div class=\"td-module-thumb\"><a href=\"https:\/\/www.pensieriparole.it\/magazine\/2019026455\/cinque-film-romantici-da-vedere-abbracciati\" rel=\"bookmark\" class=\"td-image-wrap \" title=\"Cinque film romantici da vedere abbracciati\" ><img class=\"entry-thumb\" src=\"\" alt=\"film romantici\" title=\"Cinque film romantici da vedere abbracciati\" data-type=\"image_tag\" data-img-url=\"https:\/\/www.pensieriparole.it\/magazine\/wp-content\/uploads\/2019\/02\/film-romantici-341x220.jpg\"  width=\"341\" height=\"220\" \/><\/a><\/div>            \r\n\r\n            <div class=\"meta-info\">\r\n                <h3 class=\"entry-title td-module-title\"><a href=\"https:\/\/www.pensieriparole.it\/magazine\/2019026455\/cinque-film-romantici-da-vedere-abbracciati\" rel=\"bookmark\" title=\"Cinque film romantici da vedere abbracciati\">Cinque film romantici da vedere abbracciati<\/a><\/h3>                                                <span class=\"td-post-author-name\"><a href=\"https:\/\/www.pensieriparole.it\/magazine\/author\/editor\">Edoardo Crema<\/a> <span>-<\/span> <\/span>                <span class=\"td-post-date\"><time class=\"entry-date updated td-module-date\" datetime=\"2019-02-13T22:10:02+01:00\" >13 Febbraio 2019<\/time><\/span>                <span class=\"td-module-comments\"><a href=\"https:\/\/www.pensieriparole.it\/magazine\/2019026455\/cinque-film-romantici-da-vedere-abbracciati#respond\">0<\/a><\/span>            <\/div>\r\n\r\n        <\/div>\r\n\r\n        <\/div><div class=\"td-next-prev-wrap\"><a href=\"#\" class=\"td-ajax-prev-page ajax-page-disabled\" aria-label=\"prev-page\" id=\"prev-page-tdi_18\" data-td_block_id=\"tdi_18\"><i class=\"td-next-prev-icon td-icon-font td-icon-menu-left\"><\/i><\/a><a href=\"#\"  class=\"td-ajax-next-page\" aria-label=\"next-page\" id=\"next-page-tdi_18\" data-td_block_id=\"tdi_18\"><i class=\"td-next-prev-icon td-icon-font td-icon-menu-right\"><\/i><\/a><\/div><\/div> <!-- .\/block --><\/div><\/div><\/div><div class=\"vc_column_inner tdi_20  wpb_column vc_column_container tdc-inner-column td-pb-span6\">\n<style scoped>\n\n\/* custom css *\/\n.tdi_20{\r\n                    vertical-align: baseline;\r\n                }\n<\/style><div class=\"vc_column-inner\"><div class=\"wpb_wrapper\"><div class=\"td_block_wrap td_block_2 tdi_21 td-pb-border-top td_block_template_1\"  data-td-block-uid=\"tdi_21\" >\n<style>\n\/* custom css *\/\n.tdi_21 .td-post-vid-time{\r\n\t\t\t\t\tdisplay: block;\r\n\t\t\t\t}\n<\/style><script>var block_tdi_21 = new tdBlock();\nblock_tdi_21.id = \"tdi_21\";\nblock_tdi_21.atts = '{\"category_id\":\"21\",\"limit\":\"3\",\"custom_title\":\"TV &amp; SPETTACOLO\",\"td_filter_default_txt\":\"Tutto\",\"block_type\":\"td_block_2\",\"separator\":\"\",\"custom_url\":\"\",\"title_tag\":\"\",\"block_template_id\":\"\",\"border_top\":\"\",\"color_preset\":\"\",\"m4_tl\":\"\",\"m4_title_tag\":\"\",\"m4_el\":\"\",\"m6_tl\":\"\",\"m6_title_tag\":\"\",\"post_ids\":\"\",\"category_ids\":\"\",\"tag_slug\":\"\",\"autors_id\":\"\",\"installed_post_types\":\"\",\"sort\":\"\",\"offset\":\"\",\"show_modified_date\":\"\",\"video_popup\":\"\",\"video_rec\":\"\",\"video_rec_title\":\"\",\"show_vid_t\":\"block\",\"el_class\":\"\",\"td_ajax_filter_type\":\"\",\"td_ajax_filter_ids\":\"\",\"td_ajax_preloading\":\"\",\"f_header_font_header\":\"\",\"f_header_font_title\":\"Block header\",\"f_header_font_settings\":\"\",\"f_header_font_family\":\"\",\"f_header_font_size\":\"\",\"f_header_font_line_height\":\"\",\"f_header_font_style\":\"\",\"f_header_font_weight\":\"\",\"f_header_font_transform\":\"\",\"f_header_font_spacing\":\"\",\"f_header_\":\"\",\"f_ajax_font_title\":\"Ajax categories\",\"f_ajax_font_settings\":\"\",\"f_ajax_font_family\":\"\",\"f_ajax_font_size\":\"\",\"f_ajax_font_line_height\":\"\",\"f_ajax_font_style\":\"\",\"f_ajax_font_weight\":\"\",\"f_ajax_font_transform\":\"\",\"f_ajax_font_spacing\":\"\",\"f_ajax_\":\"\",\"f_more_font_title\":\"Load more button\",\"f_more_font_settings\":\"\",\"f_more_font_family\":\"\",\"f_more_font_size\":\"\",\"f_more_font_line_height\":\"\",\"f_more_font_style\":\"\",\"f_more_font_weight\":\"\",\"f_more_font_transform\":\"\",\"f_more_font_spacing\":\"\",\"f_more_\":\"\",\"m4f_title_font_header\":\"\",\"m4f_title_font_title\":\"Article title\",\"m4f_title_font_settings\":\"\",\"m4f_title_font_family\":\"\",\"m4f_title_font_size\":\"\",\"m4f_title_font_line_height\":\"\",\"m4f_title_font_style\":\"\",\"m4f_title_font_weight\":\"\",\"m4f_title_font_transform\":\"\",\"m4f_title_font_spacing\":\"\",\"m4f_title_\":\"\",\"m4f_cat_font_title\":\"Article category tag\",\"m4f_cat_font_settings\":\"\",\"m4f_cat_font_family\":\"\",\"m4f_cat_font_size\":\"\",\"m4f_cat_font_line_height\":\"\",\"m4f_cat_font_style\":\"\",\"m4f_cat_font_weight\":\"\",\"m4f_cat_font_transform\":\"\",\"m4f_cat_font_spacing\":\"\",\"m4f_cat_\":\"\",\"m4f_meta_font_title\":\"Article meta info\",\"m4f_meta_font_settings\":\"\",\"m4f_meta_font_family\":\"\",\"m4f_meta_font_size\":\"\",\"m4f_meta_font_line_height\":\"\",\"m4f_meta_font_style\":\"\",\"m4f_meta_font_weight\":\"\",\"m4f_meta_font_transform\":\"\",\"m4f_meta_font_spacing\":\"\",\"m4f_meta_\":\"\",\"m4f_ex_font_title\":\"Article excerpt\",\"m4f_ex_font_settings\":\"\",\"m4f_ex_font_family\":\"\",\"m4f_ex_font_size\":\"\",\"m4f_ex_font_line_height\":\"\",\"m4f_ex_font_style\":\"\",\"m4f_ex_font_weight\":\"\",\"m4f_ex_font_transform\":\"\",\"m4f_ex_font_spacing\":\"\",\"m4f_ex_\":\"\",\"m6f_title_font_header\":\"\",\"m6f_title_font_title\":\"Article title\",\"m6f_title_font_settings\":\"\",\"m6f_title_font_family\":\"\",\"m6f_title_font_size\":\"\",\"m6f_title_font_line_height\":\"\",\"m6f_title_font_style\":\"\",\"m6f_title_font_weight\":\"\",\"m6f_title_font_transform\":\"\",\"m6f_title_font_spacing\":\"\",\"m6f_title_\":\"\",\"m6f_cat_font_title\":\"Article category tag\",\"m6f_cat_font_settings\":\"\",\"m6f_cat_font_family\":\"\",\"m6f_cat_font_size\":\"\",\"m6f_cat_font_line_height\":\"\",\"m6f_cat_font_style\":\"\",\"m6f_cat_font_weight\":\"\",\"m6f_cat_font_transform\":\"\",\"m6f_cat_font_spacing\":\"\",\"m6f_cat_\":\"\",\"m6f_meta_font_title\":\"Article meta info\",\"m6f_meta_font_settings\":\"\",\"m6f_meta_font_family\":\"\",\"m6f_meta_font_size\":\"\",\"m6f_meta_font_line_height\":\"\",\"m6f_meta_font_style\":\"\",\"m6f_meta_font_weight\":\"\",\"m6f_meta_font_transform\":\"\",\"m6f_meta_font_spacing\":\"\",\"m6f_meta_\":\"\",\"ajax_pagination\":\"\",\"ajax_pagination_infinite_stop\":\"\",\"css\":\"\",\"tdc_css\":\"\",\"td_column_number\":1,\"header_color\":\"\",\"class\":\"tdi_21\",\"tdc_css_class\":\"tdi_21\",\"tdc_css_class_style\":\"tdi_21_rand_style\"}';\nblock_tdi_21.td_column_number = \"1\";\nblock_tdi_21.block_type = \"td_block_2\";\nblock_tdi_21.post_count = \"3\";\nblock_tdi_21.found_posts = \"34\";\nblock_tdi_21.header_color = \"\";\nblock_tdi_21.ajax_pagination_infinite_stop = \"\";\nblock_tdi_21.max_num_pages = \"12\";\ntdBlocksArray.push(block_tdi_21);\n<\/script><h4 class=\"block-title\"><span class=\"td-pulldown-size\">TV &amp; SPETTACOLO<\/span><\/h4><div id=tdi_21 class=\"td_block_inner\">\n\n\t<div class=\"td-block-span12\">\n\r\n        <div class=\"td_module_4 td_module_wrap td-animation-stack \">\r\n            <div class=\"td-module-image\">\r\n                <div class=\"td-module-thumb\"><a href=\"https:\/\/www.pensieriparole.it\/magazine\/2018046050\/a-rischio-mattino-cinque-federica-panicucci-risponde-sui-social\" rel=\"bookmark\" class=\"td-image-wrap \" title=\"A rischio Mattino 5? Federica Panicucci risponde sui social\" ><img class=\"entry-thumb\" src=\"\" alt=\"\" title=\"A rischio Mattino 5? Federica Panicucci risponde sui social\" data-type=\"image_tag\" data-img-url=\"https:\/\/www.pensieriparole.it\/magazine\/wp-content\/uploads\/2018\/04\/federica_panicucci-300x194.jpg\"  width=\"300\" height=\"194\" \/><\/a><\/div>                                            <\/div>\r\n\r\n            <h3 class=\"entry-title td-module-title\"><a href=\"https:\/\/www.pensieriparole.it\/magazine\/2018046050\/a-rischio-mattino-cinque-federica-panicucci-risponde-sui-social\" rel=\"bookmark\" title=\"A rischio Mattino 5? Federica Panicucci risponde sui social\">A rischio Mattino 5? Federica Panicucci risponde sui social<\/a><\/h3>\r\n            <div class=\"meta-info\">\r\n                                <span class=\"td-post-author-name\"><a href=\"https:\/\/www.pensieriparole.it\/magazine\/author\/giusva\">G. Iannitelli<\/a> <span>-<\/span> <\/span>                <span class=\"td-post-date\"><time class=\"entry-date updated td-module-date\" datetime=\"2018-04-05T11:42:42+02:00\" >5 Aprile 2018<\/time><\/span>                <span class=\"td-module-comments\"><a href=\"https:\/\/www.pensieriparole.it\/magazine\/2018046050\/a-rischio-mattino-cinque-federica-panicucci-risponde-sui-social#respond\">0<\/a><\/span>            <\/div>\r\n\r\n            <div class=\"td-excerpt\">\r\n                La notizia prende il sopravvento grazie al settimanale Chi. Con una dichiarazione breve ma estremamente si legge:\r\n\u00abMediaset, dopo aver deciso di affidare a\u00a0Nicola Savino\u00a0il...            <\/div>\r\n\r\n            \r\n        <\/div>\r\n\r\n        \n\t<\/div> <!-- .\/td-block-span12 -->\n\n\t<div class=\"td-block-span12\">\n\r\n        <div class=\"td_module_6 td_module_wrap td-animation-stack \">\r\n            \r\n            <div class=\"td-module-thumb\"><a href=\"https:\/\/www.pensieriparole.it\/magazine\/2018036031\/e-morto-fabrizio-frizzi-uno-dei-conduttori-piu-amati-della-tv\" rel=\"bookmark\" class=\"td-image-wrap \" title=\"\u00c8 morto Fabrizio Frizzi, uno dei conduttori pi\u00f9 amati della TV\" ><img class=\"entry-thumb\" src=\"\" alt=\"\" title=\"\u00c8 morto Fabrizio Frizzi, uno dei conduttori pi\u00f9 amati della TV\" data-type=\"image_tag\" data-img-url=\"https:\/\/www.pensieriparole.it\/magazine\/wp-content\/uploads\/2018\/03\/fabrizio-frizzi-100x75.jpg\"  width=\"100\" height=\"75\" \/><\/a><\/div>\r\n        <div class=\"item-details\">\r\n\r\n            <h3 class=\"entry-title td-module-title\"><a href=\"https:\/\/www.pensieriparole.it\/magazine\/2018036031\/e-morto-fabrizio-frizzi-uno-dei-conduttori-piu-amati-della-tv\" rel=\"bookmark\" title=\"\u00c8 morto Fabrizio Frizzi, uno dei conduttori pi\u00f9 amati della TV\">\u00c8 morto Fabrizio Frizzi, uno dei conduttori pi\u00f9 amati della TV<\/a><\/h3>            <div class=\"meta-info\">\r\n                                                                <span class=\"td-post-date\"><time class=\"entry-date updated td-module-date\" datetime=\"2018-03-26T10:26:44+02:00\" >26 Marzo 2018<\/time><\/span>                            <\/div>\r\n        <\/div>\r\n\r\n        <\/div>\r\n\r\n        \n\t<\/div> <!-- .\/td-block-span12 -->\n\n\t<div class=\"td-block-span12\">\n\r\n        <div class=\"td_module_6 td_module_wrap td-animation-stack \">\r\n            \r\n            <div class=\"td-module-thumb\"><a href=\"https:\/\/www.pensieriparole.it\/magazine\/2016105363\/addio-dario-fo-premio-nobel-la-letteratura\" rel=\"bookmark\" class=\"td-image-wrap \" title=\"Addio a Dario Fo, premio Nobel per la letteratura\" ><img class=\"entry-thumb\" src=\"\" alt=\"\" title=\"Addio a Dario Fo, premio Nobel per la letteratura\" data-type=\"image_tag\" data-img-url=\"https:\/\/www.pensieriparole.it\/magazine\/wp-content\/uploads\/2016\/10\/IMG_0089-100x75.jpg\"  width=\"100\" height=\"75\" \/><\/a><\/div>\r\n        <div class=\"item-details\">\r\n\r\n            <h3 class=\"entry-title td-module-title\"><a href=\"https:\/\/www.pensieriparole.it\/magazine\/2016105363\/addio-dario-fo-premio-nobel-la-letteratura\" rel=\"bookmark\" title=\"Addio a Dario Fo, premio Nobel per la letteratura\">Addio a Dario Fo, premio Nobel per la letteratura<\/a><\/h3>            <div class=\"meta-info\">\r\n                                                                <span class=\"td-post-date\"><time class=\"entry-date updated td-module-date\" datetime=\"2016-10-13T09:51:01+02:00\" >13 Ottobre 2016<\/time><\/span>                            <\/div>\r\n        <\/div>\r\n\r\n        <\/div>\r\n\r\n        \n\t<\/div> <!-- .\/td-block-span12 --><\/div><\/div> <!-- .\/block --><div class=\"td-a-rec td-a-rec-id-custom_ad_2  tdi_22 td_block_template_1\"><div id=\"pphomebottomad\"><script>__cmpWait(function(){document.getElementById(\"pphomebottomad\").innerHTML='<ins class=\"adsbygoogle sidebarada\" style=\"display:block\" data-ad-client=\"ca-pub-3821133970955797\" data-ad-slot=\"6894916785\"><\/ins>';(adsbygoogle=window.adsbygoogle||[]).push({})})<\/script><\/div><\/div><\/div><\/div><\/div><\/div><\/div><\/div><div class=\"vc_column tdi_24  wpb_column vc_column_container tdc-column td-pb-span4\">\n<style scoped>\n\n\/* custom css *\/\n.tdi_24{\r\n                    vertical-align: baseline;\r\n                }\n<\/style><div class=\"wpb_wrapper\"><div class=\"td-a-rec td-a-rec-id-sidebar  tdi_25 td_block_template_1\"><div id=\"mputopwrap\"><\/div><script type=\"text\/javascript\">docwidth()>767&&(document.getElementById('mputopwrap').innerHTML='<div id=\"div-gpt-ad-box_desktop_side_top\" class=\"mp-code box-desktop-side-top\"><\/div>');<\/script><\/div><div class=\"td_block_wrap td_block_6 tdi_26 td-pb-border-top td_block_template_1\"  data-td-block-uid=\"tdi_26\" >\n<style>\n.tdi_26 .td_module_wrap:hover .entry-title a,\r\n            .tdi_26 .td-load-more-wrap a:hover,\r\n        \t.tdi_26 .td_quote_on_blocks,\r\n        \t.tdi_26 .td-wrapper-pulldown-filter .td-pulldown-filter-display-option:hover,\r\n        \t.tdi_26 .td-wrapper-pulldown-filter a.td-pulldown-filter-link:hover,\r\n        \t.tdi_26 .td-instagram-user a {\r\n                color: #ed581c;\r\n            }\r\n\r\n            .tdi_26 .td-next-prev-wrap a:hover i {\r\n                background-color: #ed581c;\r\n                border-color: #ed581c;\r\n            }\r\n\r\n            .tdi_26 .td_module_wrap .td-post-category:hover,\r\n\t\t\t.tdi_26 .td-trending-now-title,\r\n            .tdi_26 .block-title span,\r\n            .tdi_26 .td-weather-information:before,\r\n            .tdi_26 .td-weather-week:before,\r\n            .tdi_26 .td-exchange-header:before,\r\n            .tdi_26 .block-title a {\r\n                background-color: #ed581c;\r\n            }\n<\/style>\n<style>\n\/* custom css *\/\n.tdi_26 .td-post-vid-time{\r\n\t\t\t\t\tdisplay: block;\r\n\t\t\t\t}\n<\/style><script>var block_tdi_26 = new tdBlock();\nblock_tdi_26.id = \"tdi_26\";\nblock_tdi_26.atts = '{\"limit\":\"2\",\"custom_title\":\"CLASSIFICHE\",\"td_filter_default_txt\":\"Tutto\",\"header_color\":\"#ed581c\",\"category_id\":\"24\",\"block_type\":\"td_block_6\",\"separator\":\"\",\"custom_url\":\"\",\"title_tag\":\"\",\"block_template_id\":\"\",\"border_top\":\"\",\"color_preset\":\"\",\"m5_tl\":\"\",\"m5_title_tag\":\"\",\"m5_el\":\"\",\"post_ids\":\"\",\"category_ids\":\"\",\"tag_slug\":\"\",\"autors_id\":\"\",\"installed_post_types\":\"\",\"sort\":\"\",\"offset\":\"\",\"show_modified_date\":\"\",\"video_popup\":\"\",\"video_rec\":\"\",\"video_rec_title\":\"\",\"show_vid_t\":\"block\",\"el_class\":\"\",\"td_ajax_filter_type\":\"\",\"td_ajax_filter_ids\":\"\",\"td_ajax_preloading\":\"\",\"f_header_font_header\":\"\",\"f_header_font_title\":\"Block header\",\"f_header_font_settings\":\"\",\"f_header_font_family\":\"\",\"f_header_font_size\":\"\",\"f_header_font_line_height\":\"\",\"f_header_font_style\":\"\",\"f_header_font_weight\":\"\",\"f_header_font_transform\":\"\",\"f_header_font_spacing\":\"\",\"f_header_\":\"\",\"f_ajax_font_title\":\"Ajax categories\",\"f_ajax_font_settings\":\"\",\"f_ajax_font_family\":\"\",\"f_ajax_font_size\":\"\",\"f_ajax_font_line_height\":\"\",\"f_ajax_font_style\":\"\",\"f_ajax_font_weight\":\"\",\"f_ajax_font_transform\":\"\",\"f_ajax_font_spacing\":\"\",\"f_ajax_\":\"\",\"f_more_font_title\":\"Load more button\",\"f_more_font_settings\":\"\",\"f_more_font_family\":\"\",\"f_more_font_size\":\"\",\"f_more_font_line_height\":\"\",\"f_more_font_style\":\"\",\"f_more_font_weight\":\"\",\"f_more_font_transform\":\"\",\"f_more_font_spacing\":\"\",\"f_more_\":\"\",\"m5f_title_font_header\":\"\",\"m5f_title_font_title\":\"Article title\",\"m5f_title_font_settings\":\"\",\"m5f_title_font_family\":\"\",\"m5f_title_font_size\":\"\",\"m5f_title_font_line_height\":\"\",\"m5f_title_font_style\":\"\",\"m5f_title_font_weight\":\"\",\"m5f_title_font_transform\":\"\",\"m5f_title_font_spacing\":\"\",\"m5f_title_\":\"\",\"m5f_cat_font_title\":\"Article category tag\",\"m5f_cat_font_settings\":\"\",\"m5f_cat_font_family\":\"\",\"m5f_cat_font_size\":\"\",\"m5f_cat_font_line_height\":\"\",\"m5f_cat_font_style\":\"\",\"m5f_cat_font_weight\":\"\",\"m5f_cat_font_transform\":\"\",\"m5f_cat_font_spacing\":\"\",\"m5f_cat_\":\"\",\"m5f_meta_font_title\":\"Article meta info\",\"m5f_meta_font_settings\":\"\",\"m5f_meta_font_family\":\"\",\"m5f_meta_font_size\":\"\",\"m5f_meta_font_line_height\":\"\",\"m5f_meta_font_style\":\"\",\"m5f_meta_font_weight\":\"\",\"m5f_meta_font_transform\":\"\",\"m5f_meta_font_spacing\":\"\",\"m5f_meta_\":\"\",\"m5f_ex_font_title\":\"Article excerpt\",\"m5f_ex_font_settings\":\"\",\"m5f_ex_font_family\":\"\",\"m5f_ex_font_size\":\"\",\"m5f_ex_font_line_height\":\"\",\"m5f_ex_font_style\":\"\",\"m5f_ex_font_weight\":\"\",\"m5f_ex_font_transform\":\"\",\"m5f_ex_font_spacing\":\"\",\"m5f_ex_\":\"\",\"ajax_pagination\":\"\",\"ajax_pagination_infinite_stop\":\"\",\"css\":\"\",\"tdc_css\":\"\",\"td_column_number\":1,\"class\":\"tdi_26\",\"tdc_css_class\":\"tdi_26\",\"tdc_css_class_style\":\"tdi_26_rand_style\"}';\nblock_tdi_26.td_column_number = \"1\";\nblock_tdi_26.block_type = \"td_block_6\";\nblock_tdi_26.post_count = \"2\";\nblock_tdi_26.found_posts = \"48\";\nblock_tdi_26.header_color = \"#ed581c\";\nblock_tdi_26.ajax_pagination_infinite_stop = \"\";\nblock_tdi_26.max_num_pages = \"24\";\ntdBlocksArray.push(block_tdi_26);\n<\/script><h4 class=\"block-title\"><span class=\"td-pulldown-size\">CLASSIFICHE<\/span><\/h4><div id=tdi_26 class=\"td_block_inner\">\n\n\t<div class=\"td-block-span12\">\n\r\n        <div class=\"td_module_5 td_module_wrap td-animation-stack \">\r\n\r\n            <h3 class=\"entry-title td-module-title\"><a href=\"https:\/\/www.pensieriparole.it\/magazine\/2019015519\/le-migliori-frasi-migliorano-la-vita-coppia\" rel=\"bookmark\" title=\"Le cinque frasi che migliorano la vita di coppia\">Le cinque frasi che migliorano la vita di coppia<\/a><\/h3>\r\n            <div class=\"meta-info\">\r\n                                <span class=\"td-post-author-name\"><a href=\"https:\/\/www.pensieriparole.it\/magazine\/author\/giusva\">G. Iannitelli<\/a> <span>-<\/span> <\/span>                <span class=\"td-post-date\"><time class=\"entry-date updated td-module-date\" datetime=\"2019-01-16T11:51:48+01:00\" >16 Gennaio 2019<\/time><\/span>                <span class=\"td-module-comments\"><a href=\"https:\/\/www.pensieriparole.it\/magazine\/2019015519\/le-migliori-frasi-migliorano-la-vita-coppia#comments\">3<\/a><\/span>            <\/div>\r\n\r\n            <div class=\"td-module-image\">\r\n                <div class=\"td-module-thumb\"><a href=\"https:\/\/www.pensieriparole.it\/magazine\/2019015519\/le-migliori-frasi-migliorano-la-vita-coppia\" rel=\"bookmark\" class=\"td-image-wrap \" title=\"Le cinque frasi che migliorano la vita di coppia\" ><img class=\"entry-thumb\" src=\"\" alt=\"\" title=\"Le cinque frasi che migliorano la vita di coppia\" data-type=\"image_tag\" data-img-url=\"https:\/\/www.pensieriparole.it\/magazine\/wp-content\/uploads\/2017\/04\/rapporto-coppia-amore-300x194.jpg\"  width=\"300\" height=\"194\" \/><\/a><\/div>                                            <\/div>\r\n\r\n            <div class=\"td-excerpt\">\r\n                \r\n\r\nL&#039;amore e la vita di coppia vive spesso delle fasi: un&#039;iniziale, impetuosa, passione e un pi\u00f9 calmo e duraturo periodo di bene reciproco. Nel...            <\/div>\r\n\r\n            \r\n        <\/div>\r\n\r\n        \n\t<\/div> <!-- .\/td-block-span12 -->\n\n\t<div class=\"td-block-span12\">\n\r\n        <div class=\"td_module_5 td_module_wrap td-animation-stack \">\r\n\r\n            <h3 class=\"entry-title td-module-title\"><a href=\"https:\/\/www.pensieriparole.it\/magazine\/2019014947\/10-cose-che-forse-non-sapete-su-mary-poppins\" rel=\"bookmark\" title=\"10 cose che (forse) non sapete su Mary Poppins\">10 cose che (forse) non sapete su Mary Poppins<\/a><\/h3>\r\n            <div class=\"meta-info\">\r\n                                <span class=\"td-post-author-name\"><a href=\"https:\/\/www.pensieriparole.it\/magazine\/author\/rubina\">Rubina Gobbo<\/a> <span>-<\/span> <\/span>                <span class=\"td-post-date\"><time class=\"entry-date updated td-module-date\" datetime=\"2019-01-16T11:11:21+01:00\" >16 Gennaio 2019<\/time><\/span>                <span class=\"td-module-comments\"><a href=\"https:\/\/www.pensieriparole.it\/magazine\/2019014947\/10-cose-che-forse-non-sapete-su-mary-poppins#respond\">0<\/a><\/span>            <\/div>\r\n\r\n            <div class=\"td-module-image\">\r\n                <div class=\"td-module-thumb\"><a href=\"https:\/\/www.pensieriparole.it\/magazine\/2019014947\/10-cose-che-forse-non-sapete-su-mary-poppins\" rel=\"bookmark\" class=\"td-image-wrap \" title=\"10 cose che (forse) non sapete su Mary Poppins\" ><img class=\"entry-thumb\" src=\"\" alt=\"\" title=\"10 cose che (forse) non sapete su Mary Poppins\" data-type=\"image_tag\" data-img-url=\"https:\/\/www.pensieriparole.it\/magazine\/wp-content\/uploads\/2015\/11\/fecsw3ihprcwbtbqpeln-300x194.jpg\"  width=\"300\" height=\"194\" \/><\/a><\/div>                                            <\/div>\r\n\r\n            <div class=\"td-excerpt\">\r\n                \r\n\r\nA quarant&#039;anni dalla sua prima cinematografica\u00a0Mary Poppins \u00e8 ancora uno dei film pi\u00f9 amati di sempre. Ecco alcuni\u00a0che (forse) non conoscete ancora sulla tata...            <\/div>\r\n\r\n            \r\n        <\/div>\r\n\r\n        \n\t<\/div> <!-- .\/td-block-span12 --><\/div><\/div> <!-- .\/block --><div class=\"td_block_wrap td_block_8 tdi_27 td-pb-border-top td_block_template_1\"  data-td-block-uid=\"tdi_27\" >\n<style>\n.tdi_27 .td_module_wrap:hover .entry-title a,\r\n            .tdi_27 .td-load-more-wrap a:hover,\r\n        \t.tdi_27 .td_quote_on_blocks,\r\n        \t.tdi_27 .td-wrapper-pulldown-filter .td-pulldown-filter-display-option:hover,\r\n        \t.tdi_27 .td-wrapper-pulldown-filter a.td-pulldown-filter-link:hover,\r\n        \t.tdi_27 .td-instagram-user a {\r\n                color: #0152a9;\r\n            }\r\n\r\n            .tdi_27 .td-next-prev-wrap a:hover i {\r\n                background-color: #0152a9;\r\n                border-color: #0152a9;\r\n            }\r\n\r\n            .tdi_27 .td_module_wrap .td-post-category:hover,\r\n\t\t\t.tdi_27 .td-trending-now-title,\r\n            .tdi_27 .block-title span,\r\n            .tdi_27 .td-weather-information:before,\r\n            .tdi_27 .td-weather-week:before,\r\n            .tdi_27 .td-exchange-header:before,\r\n            .tdi_27 .block-title a {\r\n                background-color: #0152a9;\r\n            }\n<\/style><script>var block_tdi_27 = new tdBlock();\nblock_tdi_27.id = \"tdi_27\";\nblock_tdi_27.atts = '{\"limit\":\"4\",\"custom_title\":\"EVENTI\",\"header_color\":\"#0152a9\",\"td_filter_default_txt\":\"Tutto\",\"category_id\":\"14\",\"block_type\":\"td_block_8\",\"separator\":\"\",\"custom_url\":\"\",\"title_tag\":\"\",\"block_template_id\":\"\",\"border_top\":\"\",\"color_preset\":\"\",\"m7_tl\":\"\",\"m7_title_tag\":\"\",\"post_ids\":\"\",\"category_ids\":\"\",\"tag_slug\":\"\",\"autors_id\":\"\",\"installed_post_types\":\"\",\"sort\":\"\",\"offset\":\"\",\"show_modified_date\":\"\",\"video_popup\":\"\",\"video_rec\":\"\",\"video_rec_title\":\"\",\"show_vid_t\":\"block\",\"el_class\":\"\",\"td_ajax_filter_type\":\"\",\"td_ajax_filter_ids\":\"\",\"td_ajax_preloading\":\"\",\"f_header_font_header\":\"\",\"f_header_font_title\":\"Block header\",\"f_header_font_settings\":\"\",\"f_header_font_family\":\"\",\"f_header_font_size\":\"\",\"f_header_font_line_height\":\"\",\"f_header_font_style\":\"\",\"f_header_font_weight\":\"\",\"f_header_font_transform\":\"\",\"f_header_font_spacing\":\"\",\"f_header_\":\"\",\"f_ajax_font_title\":\"Ajax categories\",\"f_ajax_font_settings\":\"\",\"f_ajax_font_family\":\"\",\"f_ajax_font_size\":\"\",\"f_ajax_font_line_height\":\"\",\"f_ajax_font_style\":\"\",\"f_ajax_font_weight\":\"\",\"f_ajax_font_transform\":\"\",\"f_ajax_font_spacing\":\"\",\"f_ajax_\":\"\",\"f_more_font_title\":\"Load more button\",\"f_more_font_settings\":\"\",\"f_more_font_family\":\"\",\"f_more_font_size\":\"\",\"f_more_font_line_height\":\"\",\"f_more_font_style\":\"\",\"f_more_font_weight\":\"\",\"f_more_font_transform\":\"\",\"f_more_font_spacing\":\"\",\"f_more_\":\"\",\"m7f_title_font_header\":\"\",\"m7f_title_font_title\":\"Article title\",\"m7f_title_font_settings\":\"\",\"m7f_title_font_family\":\"\",\"m7f_title_font_size\":\"\",\"m7f_title_font_line_height\":\"\",\"m7f_title_font_style\":\"\",\"m7f_title_font_weight\":\"\",\"m7f_title_font_transform\":\"\",\"m7f_title_font_spacing\":\"\",\"m7f_title_\":\"\",\"m7f_cat_font_title\":\"Article category tag\",\"m7f_cat_font_settings\":\"\",\"m7f_cat_font_family\":\"\",\"m7f_cat_font_size\":\"\",\"m7f_cat_font_line_height\":\"\",\"m7f_cat_font_style\":\"\",\"m7f_cat_font_weight\":\"\",\"m7f_cat_font_transform\":\"\",\"m7f_cat_font_spacing\":\"\",\"m7f_cat_\":\"\",\"m7f_meta_font_title\":\"Article meta info\",\"m7f_meta_font_settings\":\"\",\"m7f_meta_font_family\":\"\",\"m7f_meta_font_size\":\"\",\"m7f_meta_font_line_height\":\"\",\"m7f_meta_font_style\":\"\",\"m7f_meta_font_weight\":\"\",\"m7f_meta_font_transform\":\"\",\"m7f_meta_font_spacing\":\"\",\"m7f_meta_\":\"\",\"ajax_pagination\":\"\",\"ajax_pagination_infinite_stop\":\"\",\"css\":\"\",\"tdc_css\":\"\",\"td_column_number\":1,\"class\":\"tdi_27\",\"tdc_css_class\":\"tdi_27\",\"tdc_css_class_style\":\"tdi_27_rand_style\"}';\nblock_tdi_27.td_column_number = \"1\";\nblock_tdi_27.block_type = \"td_block_8\";\nblock_tdi_27.post_count = \"4\";\nblock_tdi_27.found_posts = \"120\";\nblock_tdi_27.header_color = \"#0152a9\";\nblock_tdi_27.ajax_pagination_infinite_stop = \"\";\nblock_tdi_27.max_num_pages = \"30\";\ntdBlocksArray.push(block_tdi_27);\n<\/script><h4 class=\"block-title\"><span class=\"td-pulldown-size\">EVENTI<\/span><\/h4><div id=tdi_27 class=\"td_block_inner\">\n\n\t<div class=\"td-block-span12\">\n\r\n        <div class=\"td_module_7 td_module_wrap td-animation-stack \">\r\n            <div class=\"td-module-thumb\"><a href=\"https:\/\/www.pensieriparole.it\/magazine\/2019066656\/collisioni-festival-2019-programma-date-e-biglietti\" rel=\"bookmark\" class=\"td-image-wrap \" title=\"Collisioni Festival 2019: programma, date e biglietti\" ><img class=\"entry-thumb\" src=\"\" alt=\"\" title=\"Collisioni Festival 2019: programma, date e biglietti\" data-type=\"image_tag\" data-img-url=\"https:\/\/www.pensieriparole.it\/magazine\/wp-content\/uploads\/2019\/06\/collisioni-5-100x75.jpg\"  width=\"100\" height=\"75\" \/><\/a><\/div>\r\n        <div class=\"item-details\">\r\n\r\n            <h3 class=\"entry-title td-module-title\"><a href=\"https:\/\/www.pensieriparole.it\/magazine\/2019066656\/collisioni-festival-2019-programma-date-e-biglietti\" rel=\"bookmark\" title=\"Collisioni Festival 2019: programma, date e biglietti\">Collisioni Festival 2019: programma, date e biglietti<\/a><\/h3>\r\n            <div class=\"meta-info\">\r\n                                                                <span class=\"td-post-date\"><time class=\"entry-date updated td-module-date\" datetime=\"2019-06-13T16:02:20+02:00\" >13 Giugno 2019<\/time><\/span>                            <\/div>\r\n\r\n        <\/div>\r\n\r\n        <\/div>\r\n\r\n        \n\t<\/div> <!-- .\/td-block-span12 -->\n\n\t<div class=\"td-block-span12\">\n\r\n        <div class=\"td_module_7 td_module_wrap td-animation-stack \">\r\n            <div class=\"td-module-thumb\"><a href=\"https:\/\/www.pensieriparole.it\/magazine\/2019036486\/festa-della-donna-perche-l8-marzo-si-regala-la-mimosa\" rel=\"bookmark\" class=\"td-image-wrap \" title=\"Festa della donna: perch\u00e8 l&#8217;8 marzo si regala la mimosa?\" ><img class=\"entry-thumb\" src=\"\" alt=\"festa della donna\" title=\"Festa della donna: perch\u00e8 l&#8217;8 marzo si regala la mimosa?\" data-type=\"image_tag\" data-img-url=\"https:\/\/www.pensieriparole.it\/magazine\/wp-content\/uploads\/2019\/03\/festa-della-donna-100x75.jpg\"  width=\"100\" height=\"75\" \/><\/a><\/div>\r\n        <div class=\"item-details\">\r\n\r\n            <h3 class=\"entry-title td-module-title\"><a href=\"https:\/\/www.pensieriparole.it\/magazine\/2019036486\/festa-della-donna-perche-l8-marzo-si-regala-la-mimosa\" rel=\"bookmark\" title=\"Festa della donna: perch\u00e8 l&#8217;8 marzo si regala la mimosa?\">Festa della donna: perch\u00e8 l&#8217;8 marzo si regala la mimosa?<\/a><\/h3>\r\n            <div class=\"meta-info\">\r\n                                                                <span class=\"td-post-date\"><time class=\"entry-date updated td-module-date\" datetime=\"2019-03-07T12:40:46+01:00\" >7 Marzo 2019<\/time><\/span>                            <\/div>\r\n\r\n        <\/div>\r\n\r\n        <\/div>\r\n\r\n        \n\t<\/div> <!-- .\/td-block-span12 -->\n\n\t<div class=\"td-block-span12\">\n\r\n        <div class=\"td_module_7 td_module_wrap td-animation-stack \">\r\n            <div class=\"td-module-thumb\"><a href=\"https:\/\/www.pensieriparole.it\/magazine\/2018036003\/ultrafinallineup\" rel=\"bookmark\" class=\"td-image-wrap \" title=\"Ultra Music Festival: app e line up definitiva\" ><img class=\"entry-thumb\" src=\"\" alt=\"\" title=\"Ultra Music Festival: app e line up definitiva\" data-type=\"image_tag\" data-img-url=\"https:\/\/www.pensieriparole.it\/magazine\/wp-content\/uploads\/2018\/03\/unnamed-100x75.jpg\"  width=\"100\" height=\"75\" \/><\/a><\/div>\r\n        <div class=\"item-details\">\r\n\r\n            <h3 class=\"entry-title td-module-title\"><a href=\"https:\/\/www.pensieriparole.it\/magazine\/2018036003\/ultrafinallineup\" rel=\"bookmark\" title=\"Ultra Music Festival: app e line up definitiva\">Ultra Music Festival: app e line up definitiva<\/a><\/h3>\r\n            <div class=\"meta-info\">\r\n                                                                <span class=\"td-post-date\"><time class=\"entry-date updated td-module-date\" datetime=\"2018-03-16T17:48:08+01:00\" >16 Marzo 2018<\/time><\/span>                            <\/div>\r\n\r\n        <\/div>\r\n\r\n        <\/div>\r\n\r\n        \n\t<\/div> <!-- .\/td-block-span12 -->\n\n\t<div class=\"td-block-span12\">\n\r\n        <div class=\"td_module_7 td_module_wrap td-animation-stack \">\r\n            <div class=\"td-module-thumb\"><a href=\"https:\/\/www.pensieriparole.it\/magazine\/2018025949\/resistanceibizadate\" rel=\"bookmark\" class=\"td-image-wrap \" title=\"Annunciate le date di Resistance Ibiza 2018!\" ><img class=\"entry-thumb\" src=\"\" alt=\"\" title=\"Annunciate le date di Resistance Ibiza 2018!\" data-type=\"image_tag\" data-img-url=\"https:\/\/www.pensieriparole.it\/magazine\/wp-content\/uploads\/2018\/02\/k8XOv9ydN31jq3NYj-VceX3pajAOAiet8edbF_DpZbQ1ftBCwU0Fh1nhfZ9sm8Nvmh50LVUAuuS0K6pPCCiEngvU8TEHwEu01nmnwtKS1qpEjjzAzjQHgY4PKQiPEE_l9KYGfhn-1-100x75.jpeg\"  width=\"100\" height=\"75\" \/><\/a><\/div>\r\n        <div class=\"item-details\">\r\n\r\n            <h3 class=\"entry-title td-module-title\"><a href=\"https:\/\/www.pensieriparole.it\/magazine\/2018025949\/resistanceibizadate\" rel=\"bookmark\" title=\"Annunciate le date di Resistance Ibiza 2018!\">Annunciate le date di Resistance Ibiza 2018!<\/a><\/h3>\r\n            <div class=\"meta-info\">\r\n                                                                <span class=\"td-post-date\"><time class=\"entry-date updated td-module-date\" datetime=\"2018-02-24T22:42:00+01:00\" >24 Febbraio 2018<\/time><\/span>                            <\/div>\r\n\r\n        <\/div>\r\n\r\n        <\/div>\r\n\r\n        \n\t<\/div> <!-- .\/td-block-span12 --><\/div><\/div> <!-- .\/block --><div class=\"td_block_wrap td_block_8 tdi_28 td-pb-border-top td_block_template_1\"  data-td-block-uid=\"tdi_28\" >\n<style>\n.tdi_28 .td_module_wrap:hover .entry-title a,\r\n            .tdi_28 .td-load-more-wrap a:hover,\r\n        \t.tdi_28 .td_quote_on_blocks,\r\n        \t.tdi_28 .td-wrapper-pulldown-filter .td-pulldown-filter-display-option:hover,\r\n        \t.tdi_28 .td-wrapper-pulldown-filter a.td-pulldown-filter-link:hover,\r\n        \t.tdi_28 .td-instagram-user a {\r\n                color: #444444;\r\n            }\r\n\r\n            .tdi_28 .td-next-prev-wrap a:hover i {\r\n                background-color: #444444;\r\n                border-color: #444444;\r\n            }\r\n\r\n            .tdi_28 .td_module_wrap .td-post-category:hover,\r\n\t\t\t.tdi_28 .td-trending-now-title,\r\n            .tdi_28 .block-title span,\r\n            .tdi_28 .td-weather-information:before,\r\n            .tdi_28 .td-weather-week:before,\r\n            .tdi_28 .td-exchange-header:before,\r\n            .tdi_28 .block-title a {\r\n                background-color: #444444;\r\n            }\n<\/style><script>var block_tdi_28 = new tdBlock();\nblock_tdi_28.id = \"tdi_28\";\nblock_tdi_28.atts = '{\"limit\":\"4\",\"custom_title\":\"LIBRI &amp; RECENSIONI\",\"header_color\":\"#444444\",\"td_filter_default_txt\":\"Tutto\",\"category_id\":\"29\",\"block_type\":\"td_block_8\",\"separator\":\"\",\"custom_url\":\"\",\"title_tag\":\"\",\"block_template_id\":\"\",\"border_top\":\"\",\"color_preset\":\"\",\"m7_tl\":\"\",\"m7_title_tag\":\"\",\"post_ids\":\"\",\"category_ids\":\"\",\"tag_slug\":\"\",\"autors_id\":\"\",\"installed_post_types\":\"\",\"sort\":\"\",\"offset\":\"\",\"show_modified_date\":\"\",\"video_popup\":\"\",\"video_rec\":\"\",\"video_rec_title\":\"\",\"show_vid_t\":\"block\",\"el_class\":\"\",\"td_ajax_filter_type\":\"\",\"td_ajax_filter_ids\":\"\",\"td_ajax_preloading\":\"\",\"f_header_font_header\":\"\",\"f_header_font_title\":\"Block header\",\"f_header_font_settings\":\"\",\"f_header_font_family\":\"\",\"f_header_font_size\":\"\",\"f_header_font_line_height\":\"\",\"f_header_font_style\":\"\",\"f_header_font_weight\":\"\",\"f_header_font_transform\":\"\",\"f_header_font_spacing\":\"\",\"f_header_\":\"\",\"f_ajax_font_title\":\"Ajax categories\",\"f_ajax_font_settings\":\"\",\"f_ajax_font_family\":\"\",\"f_ajax_font_size\":\"\",\"f_ajax_font_line_height\":\"\",\"f_ajax_font_style\":\"\",\"f_ajax_font_weight\":\"\",\"f_ajax_font_transform\":\"\",\"f_ajax_font_spacing\":\"\",\"f_ajax_\":\"\",\"f_more_font_title\":\"Load more button\",\"f_more_font_settings\":\"\",\"f_more_font_family\":\"\",\"f_more_font_size\":\"\",\"f_more_font_line_height\":\"\",\"f_more_font_style\":\"\",\"f_more_font_weight\":\"\",\"f_more_font_transform\":\"\",\"f_more_font_spacing\":\"\",\"f_more_\":\"\",\"m7f_title_font_header\":\"\",\"m7f_title_font_title\":\"Article title\",\"m7f_title_font_settings\":\"\",\"m7f_title_font_family\":\"\",\"m7f_title_font_size\":\"\",\"m7f_title_font_line_height\":\"\",\"m7f_title_font_style\":\"\",\"m7f_title_font_weight\":\"\",\"m7f_title_font_transform\":\"\",\"m7f_title_font_spacing\":\"\",\"m7f_title_\":\"\",\"m7f_cat_font_title\":\"Article category tag\",\"m7f_cat_font_settings\":\"\",\"m7f_cat_font_family\":\"\",\"m7f_cat_font_size\":\"\",\"m7f_cat_font_line_height\":\"\",\"m7f_cat_font_style\":\"\",\"m7f_cat_font_weight\":\"\",\"m7f_cat_font_transform\":\"\",\"m7f_cat_font_spacing\":\"\",\"m7f_cat_\":\"\",\"m7f_meta_font_title\":\"Article meta info\",\"m7f_meta_font_settings\":\"\",\"m7f_meta_font_family\":\"\",\"m7f_meta_font_size\":\"\",\"m7f_meta_font_line_height\":\"\",\"m7f_meta_font_style\":\"\",\"m7f_meta_font_weight\":\"\",\"m7f_meta_font_transform\":\"\",\"m7f_meta_font_spacing\":\"\",\"m7f_meta_\":\"\",\"ajax_pagination\":\"\",\"ajax_pagination_infinite_stop\":\"\",\"css\":\"\",\"tdc_css\":\"\",\"td_column_number\":1,\"class\":\"tdi_28\",\"tdc_css_class\":\"tdi_28\",\"tdc_css_class_style\":\"tdi_28_rand_style\"}';\nblock_tdi_28.td_column_number = \"1\";\nblock_tdi_28.block_type = \"td_block_8\";\nblock_tdi_28.post_count = \"4\";\nblock_tdi_28.found_posts = \"90\";\nblock_tdi_28.header_color = \"#444444\";\nblock_tdi_28.ajax_pagination_infinite_stop = \"\";\nblock_tdi_28.max_num_pages = \"23\";\ntdBlocksArray.push(block_tdi_28);\n<\/script><h4 class=\"block-title\"><span class=\"td-pulldown-size\">LIBRI &amp; RECENSIONI<\/span><\/h4><div id=tdi_28 class=\"td_block_inner\">\n\n\t<div class=\"td-block-span12\">\n\r\n        <div class=\"td_module_7 td_module_wrap td-animation-stack \">\r\n            <div class=\"td-module-thumb\"><a href=\"https:\/\/www.pensieriparole.it\/magazine\/2022036947\/international-gin-tonic-day-a-padova-il-libro-di-federico-illesi\" rel=\"bookmark\" class=\"td-image-wrap \" title=\"In occasione dell\u2019International Gin Tonic day, a Padova il libro di Federico Illesi che ne svela i segreti\" ><img class=\"entry-thumb\" src=\"\" alt=\"\" title=\"In occasione dell\u2019International Gin Tonic day, a Padova il libro di Federico Illesi che ne svela i segreti\" data-type=\"image_tag\" data-img-url=\"https:\/\/www.pensieriparole.it\/magazine\/wp-content\/uploads\/2022\/03\/federico-illesi-crazy-gin-100x75.jpg\"  width=\"100\" height=\"75\" \/><\/a><\/div>\r\n        <div class=\"item-details\">\r\n\r\n            <h3 class=\"entry-title td-module-title\"><a href=\"https:\/\/www.pensieriparole.it\/magazine\/2022036947\/international-gin-tonic-day-a-padova-il-libro-di-federico-illesi\" rel=\"bookmark\" title=\"In occasione dell\u2019International Gin Tonic day, a Padova il libro di Federico Illesi che ne svela i segreti\">In occasione dell\u2019International Gin Tonic day, a Padova il libro di...<\/a><\/h3>\r\n            <div class=\"meta-info\">\r\n                                                                <span class=\"td-post-date\"><time class=\"entry-date updated td-module-date\" datetime=\"2022-03-31T17:40:56+02:00\" >31 Marzo 2022<\/time><\/span>                            <\/div>\r\n\r\n        <\/div>\r\n\r\n        <\/div>\r\n\r\n        \n\t<\/div> <!-- .\/td-block-span12 -->\n\n\t<div class=\"td-block-span12\">\n\r\n        <div class=\"td_module_7 td_module_wrap td-animation-stack \">\r\n            <div class=\"td-module-thumb\"><a href=\"https:\/\/www.pensieriparole.it\/magazine\/2021126941\/le-regole-del-gin-tonic-perfetto-nel-libro-di-federico-illesi\" rel=\"bookmark\" class=\"td-image-wrap \" title=\"Le regole del Gin Tonic perfetto nel libro di Federico Illesi\" ><img class=\"entry-thumb\" src=\"\" alt=\"\" title=\"Le regole del Gin Tonic perfetto nel libro di Federico Illesi\" data-type=\"image_tag\" data-img-url=\"https:\/\/www.pensieriparole.it\/magazine\/wp-content\/uploads\/2021\/12\/federico-illesi-gin-e-tonic-libro-100x75.jpg\"  width=\"100\" height=\"75\" \/><\/a><\/div>\r\n        <div class=\"item-details\">\r\n\r\n            <h3 class=\"entry-title td-module-title\"><a href=\"https:\/\/www.pensieriparole.it\/magazine\/2021126941\/le-regole-del-gin-tonic-perfetto-nel-libro-di-federico-illesi\" rel=\"bookmark\" title=\"Le regole del Gin Tonic perfetto nel libro di Federico Illesi\">Le regole del Gin Tonic perfetto nel libro di Federico Illesi<\/a><\/h3>\r\n            <div class=\"meta-info\">\r\n                                                                <span class=\"td-post-date\"><time class=\"entry-date updated td-module-date\" datetime=\"2021-12-16T11:22:25+01:00\" >16 Dicembre 2021<\/time><\/span>                            <\/div>\r\n\r\n        <\/div>\r\n\r\n        <\/div>\r\n\r\n        \n\t<\/div> <!-- .\/td-block-span12 -->\n\n\t<div class=\"td-block-span12\">\n\r\n        <div class=\"td_module_7 td_module_wrap td-animation-stack \">\r\n            <div class=\"td-module-thumb\"><a href=\"https:\/\/www.pensieriparole.it\/magazine\/2019036567\/sospiri-condivisi-di-silvana-stremiz-il-libro-gratuito-di-oggi-21-marzo\" rel=\"bookmark\" class=\"td-image-wrap \" title=\"\u201cSospiri condivisi\u201d di Silvana Stremiz \u2013 il libro gratuito di oggi, 21 marzo\" ><img class=\"entry-thumb\" src=\"\" alt=\"\" title=\"\u201cSospiri condivisi\u201d di Silvana Stremiz \u2013 il libro gratuito di oggi, 21 marzo\" data-type=\"image_tag\" data-img-url=\"https:\/\/www.pensieriparole.it\/magazine\/wp-content\/uploads\/2019\/03\/libri-gratis-sospiri-condivisi-stremiz-100x75.jpg\"  width=\"100\" height=\"75\" \/><\/a><\/div>\r\n        <div class=\"item-details\">\r\n\r\n            <h3 class=\"entry-title td-module-title\"><a href=\"https:\/\/www.pensieriparole.it\/magazine\/2019036567\/sospiri-condivisi-di-silvana-stremiz-il-libro-gratuito-di-oggi-21-marzo\" rel=\"bookmark\" title=\"\u201cSospiri condivisi\u201d di Silvana Stremiz \u2013 il libro gratuito di oggi, 21 marzo\">\u201cSospiri condivisi\u201d di Silvana Stremiz \u2013 il libro gratuito di oggi,...<\/a><\/h3>\r\n            <div class=\"meta-info\">\r\n                                                                <span class=\"td-post-date\"><time class=\"entry-date updated td-module-date\" datetime=\"2019-03-21T09:20:46+01:00\" >21 Marzo 2019<\/time><\/span>                            <\/div>\r\n\r\n        <\/div>\r\n\r\n        <\/div>\r\n\r\n        \n\t<\/div> <!-- .\/td-block-span12 -->\n\n\t<div class=\"td-block-span12\">\n\r\n        <div class=\"td_module_7 td_module_wrap td-animation-stack \">\r\n            <div class=\"td-module-thumb\"><a href=\"https:\/\/www.pensieriparole.it\/magazine\/2019036560\/dedicato-a-te-di-dali-il-libro-gratuito-di-oggi-20-marzo\" rel=\"bookmark\" class=\"td-image-wrap \" title=\"\u201cDedicato a Te&#8221; di Dal\u00ec \u2013 il libro gratuito di oggi, 20 marzo\" ><img class=\"entry-thumb\" src=\"\" alt=\"\" title=\"\u201cDedicato a Te&#8221; di Dal\u00ec \u2013 il libro gratuito di oggi, 20 marzo\" data-type=\"image_tag\" data-img-url=\"https:\/\/www.pensieriparole.it\/magazine\/wp-content\/uploads\/2019\/03\/libri-gratis-dedicato-a-te-dali\u0300-100x75.jpg\"  width=\"100\" height=\"75\" \/><\/a><\/div>\r\n        <div class=\"item-details\">\r\n\r\n            <h3 class=\"entry-title td-module-title\"><a href=\"https:\/\/www.pensieriparole.it\/magazine\/2019036560\/dedicato-a-te-di-dali-il-libro-gratuito-di-oggi-20-marzo\" rel=\"bookmark\" title=\"\u201cDedicato a Te&#8221; di Dal\u00ec \u2013 il libro gratuito di oggi, 20 marzo\">\u201cDedicato a Te&#8221; di Dal\u00ec \u2013 il libro gratuito di oggi,...<\/a><\/h3>\r\n            <div class=\"meta-info\">\r\n                                                                <span class=\"td-post-date\"><time class=\"entry-date updated td-module-date\" datetime=\"2019-03-20T09:52:02+01:00\" >20 Marzo 2019<\/time><\/span>                            <\/div>\r\n\r\n        <\/div>\r\n\r\n        <\/div>\r\n\r\n        \n\t<\/div> <!-- .\/td-block-span12 --><\/div><\/div> <!-- .\/block --><\/div><\/div><\/div><\/div><div id=\"tdi_29\" class=\"tdc-row\"><div class=\"vc_row vc_custom_1425410651808 tdi_30  wpb_row td-pb-row\" >\n<style scoped>\n\n\/* tdc_composer_block - inline css att *\/\n.vc_custom_1425410651808{margin-top: 0px !important;margin-bottom: 0px !important;}\n\/* custom css *\/\n.tdi_30,\r\n                .tdi_30 .tdc-columns{\r\n                    min-height: 0;\r\n                }\n<\/style><div class=\"vc_column tdi_32  wpb_column vc_column_container tdc-column td-pb-span12\">\n<style scoped>\n\n\/* custom css *\/\n.tdi_32{\r\n                    vertical-align: baseline;\r\n                }\n<\/style><div class=\"wpb_wrapper\"><div class=\"td_block_wrap td_block_14 tdi_33 td-pb-full-cell td_with_ajax_pagination td-pb-border-top td_block_template_1\"  data-td-block-uid=\"tdi_33\" >\n<style>\n.tdi_33 .td_module_wrap:hover .entry-title a,\r\n            .tdi_33 .td-load-more-wrap a:hover,\r\n        \t.tdi_33 .td_quote_on_blocks,\r\n        \t.tdi_33 .td-wrapper-pulldown-filter .td-pulldown-filter-display-option:hover,\r\n        \t.tdi_33 .td-wrapper-pulldown-filter a.td-pulldown-filter-link:hover,\r\n        \t.tdi_33 .td-instagram-user a {\r\n                color: #288abf;\r\n            }\r\n\r\n            .tdi_33 .td-next-prev-wrap a:hover i {\r\n                background-color: #288abf;\r\n                border-color: #288abf;\r\n            }\r\n\r\n            .tdi_33 .td_module_wrap .td-post-category:hover,\r\n\t\t\t.tdi_33 .td-trending-now-title,\r\n            .tdi_33 .block-title span,\r\n            .tdi_33 .td-weather-information:before,\r\n            .tdi_33 .td-weather-week:before,\r\n            .tdi_33 .td-exchange-header:before,\r\n            .tdi_33 .block-title a {\r\n                background-color: #288abf;\r\n            }\n<\/style>\n<style>\n\/* custom css *\/\n.tdi_33 .td-post-vid-time{\r\n\t\t\t\t\tdisplay: block;\r\n\t\t\t\t}\n<\/style><script>var block_tdi_33 = new tdBlock();\nblock_tdi_33.id = \"tdi_33\";\nblock_tdi_33.atts = '{\"limit\":\"3\",\"custom_title\":\"CURIOSIT\\u00c0\",\"td_filter_default_txt\":\"Tutto\",\"ajax_pagination\":\"next_prev\",\"header_color\":\"#288abf\",\"category_id\":\"15\",\"block_type\":\"td_block_14\",\"separator\":\"\",\"custom_url\":\"\",\"title_tag\":\"\",\"block_template_id\":\"\",\"border_top\":\"\",\"color_preset\":\"\",\"mx1_tl\":\"\",\"mx1_title_tag\":\"\",\"post_ids\":\"\",\"category_ids\":\"\",\"tag_slug\":\"\",\"autors_id\":\"\",\"installed_post_types\":\"\",\"sort\":\"\",\"offset\":\"\",\"show_modified_date\":\"\",\"video_popup\":\"\",\"video_rec\":\"\",\"video_rec_title\":\"\",\"show_vid_t\":\"block\",\"el_class\":\"\",\"td_ajax_filter_type\":\"\",\"td_ajax_filter_ids\":\"\",\"td_ajax_preloading\":\"\",\"f_header_font_header\":\"\",\"f_header_font_title\":\"Block header\",\"f_header_font_settings\":\"\",\"f_header_font_family\":\"\",\"f_header_font_size\":\"\",\"f_header_font_line_height\":\"\",\"f_header_font_style\":\"\",\"f_header_font_weight\":\"\",\"f_header_font_transform\":\"\",\"f_header_font_spacing\":\"\",\"f_header_\":\"\",\"f_ajax_font_title\":\"Ajax categories\",\"f_ajax_font_settings\":\"\",\"f_ajax_font_family\":\"\",\"f_ajax_font_size\":\"\",\"f_ajax_font_line_height\":\"\",\"f_ajax_font_style\":\"\",\"f_ajax_font_weight\":\"\",\"f_ajax_font_transform\":\"\",\"f_ajax_font_spacing\":\"\",\"f_ajax_\":\"\",\"f_more_font_title\":\"Load more button\",\"f_more_font_settings\":\"\",\"f_more_font_family\":\"\",\"f_more_font_size\":\"\",\"f_more_font_line_height\":\"\",\"f_more_font_style\":\"\",\"f_more_font_weight\":\"\",\"f_more_font_transform\":\"\",\"f_more_font_spacing\":\"\",\"f_more_\":\"\",\"mx1f_title_font_header\":\"\",\"mx1f_title_font_title\":\"Article title\",\"mx1f_title_font_settings\":\"\",\"mx1f_title_font_family\":\"\",\"mx1f_title_font_size\":\"\",\"mx1f_title_font_line_height\":\"\",\"mx1f_title_font_style\":\"\",\"mx1f_title_font_weight\":\"\",\"mx1f_title_font_transform\":\"\",\"mx1f_title_font_spacing\":\"\",\"mx1f_title_\":\"\",\"mx1f_cat_font_title\":\"Article category tag\",\"mx1f_cat_font_settings\":\"\",\"mx1f_cat_font_family\":\"\",\"mx1f_cat_font_size\":\"\",\"mx1f_cat_font_line_height\":\"\",\"mx1f_cat_font_style\":\"\",\"mx1f_cat_font_weight\":\"\",\"mx1f_cat_font_transform\":\"\",\"mx1f_cat_font_spacing\":\"\",\"mx1f_cat_\":\"\",\"mx1f_meta_font_title\":\"Article meta info\",\"mx1f_meta_font_settings\":\"\",\"mx1f_meta_font_family\":\"\",\"mx1f_meta_font_size\":\"\",\"mx1f_meta_font_line_height\":\"\",\"mx1f_meta_font_style\":\"\",\"mx1f_meta_font_weight\":\"\",\"mx1f_meta_font_transform\":\"\",\"mx1f_meta_font_spacing\":\"\",\"mx1f_meta_\":\"\",\"ajax_pagination_infinite_stop\":\"\",\"css\":\"\",\"tdc_css\":\"\",\"td_column_number\":3,\"class\":\"tdi_33\",\"tdc_css_class\":\"tdi_33\",\"tdc_css_class_style\":\"tdi_33_rand_style\"}';\nblock_tdi_33.td_column_number = \"3\";\nblock_tdi_33.block_type = \"td_block_14\";\nblock_tdi_33.post_count = \"3\";\nblock_tdi_33.found_posts = \"167\";\nblock_tdi_33.header_color = \"#288abf\";\nblock_tdi_33.ajax_pagination_infinite_stop = \"\";\nblock_tdi_33.max_num_pages = \"56\";\ntdBlocksArray.push(block_tdi_33);\n<\/script><h4 class=\"block-title\"><span class=\"td-pulldown-size\">CURIOSIT\u00c0<\/span><\/h4><div id=tdi_33 class=\"td_block_inner td-column-3\">\n\n\t<div class=\"td-block-row\">\n\n\t<div class=\"td-block-span4\">\n\r\n    <div class=\"td_module_mx1 td_module_wrap td-animation-stack \">\r\n        <div class=\"td-block14-border\"><\/div>\r\n        <div class=\"td-module-thumb\"><a href=\"https:\/\/www.pensieriparole.it\/magazine\/2019056627\/auguri-a-tutte-le-mamme-2\" rel=\"bookmark\" class=\"td-image-wrap \" title=\"Auguri a tutte le mamme! Ecco le migliori frasi\" ><img class=\"entry-thumb\" src=\"\" alt=\"\" title=\"Auguri a tutte le mamme! Ecco le migliori frasi\" data-type=\"image_tag\" data-img-url=\"https:\/\/www.pensieriparole.it\/magazine\/wp-content\/uploads\/2019\/05\/festa-della-mamma-2-341x220.jpg\"  width=\"341\" height=\"220\" \/><\/a><\/div>        \r\n\r\n        <div class=\"meta-info\">\r\n            <h3 class=\"entry-title td-module-title\"><a href=\"https:\/\/www.pensieriparole.it\/magazine\/2019056627\/auguri-a-tutte-le-mamme-2\" rel=\"bookmark\" title=\"Auguri a tutte le mamme! Ecco le migliori frasi\">Auguri a tutte le mamme! Ecco le migliori frasi<\/a><\/h3>            <div class=\"td-editor-date\">\r\n                                                <span class=\"td-post-author-name\"><a href=\"https:\/\/www.pensieriparole.it\/magazine\/author\/editor\">Edoardo Crema<\/a> <span>-<\/span> <\/span>                <span class=\"td-post-date\"><time class=\"entry-date updated td-module-date\" datetime=\"2019-05-12T09:43:13+02:00\" >12 Maggio 2019<\/time><\/span>            <\/div>\r\n        <\/div>\r\n\r\n    <\/div>\r\n\r\n    \n\t<\/div> <!-- .\/td-block-span4 -->\n\n\t<div class=\"td-block-span4\">\n\r\n    <div class=\"td_module_mx1 td_module_wrap td-animation-stack \">\r\n        <div class=\"td-block14-border\"><\/div>\r\n        <div class=\"td-module-thumb\"><a href=\"https:\/\/www.pensieriparole.it\/magazine\/2019046578\/su-amazon-arrivano-le-offerte-di-primavera\" rel=\"bookmark\" class=\"td-image-wrap \" title=\"Su Amazon arrivano le offerte di Primavera\" ><img class=\"entry-thumb\" src=\"\" alt=\"offerte amazon\" title=\"Su Amazon arrivano le offerte di Primavera\" data-type=\"image_tag\" data-img-url=\"https:\/\/www.pensieriparole.it\/magazine\/wp-content\/uploads\/2019\/04\/offerte-amazon-1-341x220.png\"  width=\"341\" height=\"220\" \/><\/a><\/div>        \r\n\r\n        <div class=\"meta-info\">\r\n            <h3 class=\"entry-title td-module-title\"><a href=\"https:\/\/www.pensieriparole.it\/magazine\/2019046578\/su-amazon-arrivano-le-offerte-di-primavera\" rel=\"bookmark\" title=\"Su Amazon arrivano le offerte di Primavera\">Su Amazon arrivano le offerte di Primavera<\/a><\/h3>            <div class=\"td-editor-date\">\r\n                                                <span class=\"td-post-author-name\"><a href=\"https:\/\/www.pensieriparole.it\/magazine\/author\/editor\">Edoardo Crema<\/a> <span>-<\/span> <\/span>                <span class=\"td-post-date\"><time class=\"entry-date updated td-module-date\" datetime=\"2019-04-03T15:37:50+02:00\" >3 Aprile 2019<\/time><\/span>            <\/div>\r\n        <\/div>\r\n\r\n    <\/div>\r\n\r\n    \n\t<\/div> <!-- .\/td-block-span4 -->\n\n\t<div class=\"td-block-span4\">\n\r\n    <div class=\"td_module_mx1 td_module_wrap td-animation-stack \">\r\n        <div class=\"td-block14-border\"><\/div>\r\n        <div class=\"td-module-thumb\"><a href=\"https:\/\/www.pensieriparole.it\/magazine\/2019026472\/la-mamma-stira-il-papa-lavora-e-polemica-per-un-libro-di-scuola-elementare\" rel=\"bookmark\" class=\"td-image-wrap \" title=\"&#8220;La mamma stira, il pap\u00e0 lavora&#8221;: \u00e8 polemica per un libro di scuola elementare\" ><img class=\"entry-thumb\" src=\"\" alt=\"\" title=\"&#8220;La mamma stira, il pap\u00e0 lavora&#8221;: \u00e8 polemica per un libro di scuola elementare\" data-type=\"image_tag\" data-img-url=\"https:\/\/www.pensieriparole.it\/magazine\/wp-content\/uploads\/2019\/02\/mamma-stira-papa-lavora-polemica-341x220.jpeg\"  width=\"341\" height=\"220\" \/><\/a><\/div>        \r\n\r\n        <div class=\"meta-info\">\r\n            <h3 class=\"entry-title td-module-title\"><a href=\"https:\/\/www.pensieriparole.it\/magazine\/2019026472\/la-mamma-stira-il-papa-lavora-e-polemica-per-un-libro-di-scuola-elementare\" rel=\"bookmark\" title=\"&#8220;La mamma stira, il pap\u00e0 lavora&#8221;: \u00e8 polemica per un libro di scuola elementare\">&#8220;La mamma stira, il pap\u00e0 lavora&#8221;: \u00e8 polemica per un libro di scuola elementare<\/a><\/h3>            <div class=\"td-editor-date\">\r\n                                                <span class=\"td-post-author-name\"><a href=\"https:\/\/www.pensieriparole.it\/magazine\/author\/giusva\">G. Iannitelli<\/a> <span>-<\/span> <\/span>                <span class=\"td-post-date\"><time class=\"entry-date updated td-module-date\" datetime=\"2019-02-26T17:30:00+01:00\" >26 Febbraio 2019<\/time><\/span>            <\/div>\r\n        <\/div>\r\n\r\n    <\/div>\r\n\r\n    \n\t<\/div> <!-- .\/td-block-span4 --><\/div><!--.\/row-fluid--><\/div><div class=\"td-next-prev-wrap\"><a href=\"#\" class=\"td-ajax-prev-page ajax-page-disabled\" aria-label=\"prev-page\" id=\"prev-page-tdi_33\" data-td_block_id=\"tdi_33\"><i class=\"td-next-prev-icon td-icon-font td-icon-menu-left\"><\/i><\/a><a href=\"#\"  class=\"td-ajax-next-page\" aria-label=\"next-page\" id=\"next-page-tdi_33\" data-td_block_id=\"tdi_33\"><i class=\"td-next-prev-icon td-icon-font td-icon-menu-right\"><\/i><\/a><\/div><\/div> <!-- .\/block --><\/div><\/div><\/div><\/div><div id=\"tdi_34\" class=\"tdc-row\"><div class=\"vc_row vc_custom_1425410764431 tdi_35  wpb_row td-pb-row\" >\n<style scoped>\n\n\/* tdc_composer_block - inline css att *\/\n.vc_custom_1425410764431{margin-bottom: 0px !important;}\n\/* custom css *\/\n.tdi_35,\r\n                .tdi_35 .tdc-columns{\r\n                    min-height: 0;\r\n                }\n<\/style><div class=\"vc_column vc_custom_1425410758733 tdi_37  wpb_column vc_column_container tdc-column td-pb-span8\">\n<style scoped>\n\n\/* tdc_composer_block - inline css att *\/\n.vc_custom_1425410758733{margin-bottom: 0px !important;}\n\/* custom css *\/\n.tdi_37{\r\n                    vertical-align: baseline;\r\n                }\n<\/style><div class=\"wpb_wrapper\"><div class=\"td_block_wrap td_block_1 tdi_38 td-pb-border-top td_block_template_1\"  data-td-block-uid=\"tdi_38\" >\n<style>\n\/* custom css *\/\n.tdi_38 .td-post-vid-time{\r\n\t\t\t\t\tdisplay: block;\r\n\t\t\t\t}\n<\/style><script>var block_tdi_38 = new tdBlock();\nblock_tdi_38.id = \"tdi_38\";\nblock_tdi_38.atts = '{\"category_id\":\"22\",\"limit\":\"5\",\"custom_title\":\"FOOD\",\"td_filter_default_txt\":\"Tutto\",\"block_type\":\"td_block_1\",\"separator\":\"\",\"custom_url\":\"\",\"title_tag\":\"\",\"block_template_id\":\"\",\"border_top\":\"\",\"color_preset\":\"\",\"m4_tl\":\"\",\"m4_title_tag\":\"\",\"m4_el\":\"\",\"m6_tl\":\"\",\"m6_title_tag\":\"\",\"post_ids\":\"\",\"category_ids\":\"\",\"tag_slug\":\"\",\"autors_id\":\"\",\"installed_post_types\":\"\",\"sort\":\"\",\"offset\":\"\",\"show_modified_date\":\"\",\"video_popup\":\"\",\"video_rec\":\"\",\"video_rec_title\":\"\",\"show_vid_t\":\"block\",\"el_class\":\"\",\"td_ajax_filter_type\":\"\",\"td_ajax_filter_ids\":\"\",\"td_ajax_preloading\":\"\",\"f_header_font_header\":\"\",\"f_header_font_title\":\"Block header\",\"f_header_font_settings\":\"\",\"f_header_font_family\":\"\",\"f_header_font_size\":\"\",\"f_header_font_line_height\":\"\",\"f_header_font_style\":\"\",\"f_header_font_weight\":\"\",\"f_header_font_transform\":\"\",\"f_header_font_spacing\":\"\",\"f_header_\":\"\",\"f_ajax_font_title\":\"Ajax categories\",\"f_ajax_font_settings\":\"\",\"f_ajax_font_family\":\"\",\"f_ajax_font_size\":\"\",\"f_ajax_font_line_height\":\"\",\"f_ajax_font_style\":\"\",\"f_ajax_font_weight\":\"\",\"f_ajax_font_transform\":\"\",\"f_ajax_font_spacing\":\"\",\"f_ajax_\":\"\",\"f_more_font_title\":\"Load more button\",\"f_more_font_settings\":\"\",\"f_more_font_family\":\"\",\"f_more_font_size\":\"\",\"f_more_font_line_height\":\"\",\"f_more_font_style\":\"\",\"f_more_font_weight\":\"\",\"f_more_font_transform\":\"\",\"f_more_font_spacing\":\"\",\"f_more_\":\"\",\"m4f_title_font_header\":\"\",\"m4f_title_font_title\":\"Article title\",\"m4f_title_font_settings\":\"\",\"m4f_title_font_family\":\"\",\"m4f_title_font_size\":\"\",\"m4f_title_font_line_height\":\"\",\"m4f_title_font_style\":\"\",\"m4f_title_font_weight\":\"\",\"m4f_title_font_transform\":\"\",\"m4f_title_font_spacing\":\"\",\"m4f_title_\":\"\",\"m4f_cat_font_title\":\"Article category tag\",\"m4f_cat_font_settings\":\"\",\"m4f_cat_font_family\":\"\",\"m4f_cat_font_size\":\"\",\"m4f_cat_font_line_height\":\"\",\"m4f_cat_font_style\":\"\",\"m4f_cat_font_weight\":\"\",\"m4f_cat_font_transform\":\"\",\"m4f_cat_font_spacing\":\"\",\"m4f_cat_\":\"\",\"m4f_meta_font_title\":\"Article meta info\",\"m4f_meta_font_settings\":\"\",\"m4f_meta_font_family\":\"\",\"m4f_meta_font_size\":\"\",\"m4f_meta_font_line_height\":\"\",\"m4f_meta_font_style\":\"\",\"m4f_meta_font_weight\":\"\",\"m4f_meta_font_transform\":\"\",\"m4f_meta_font_spacing\":\"\",\"m4f_meta_\":\"\",\"m4f_ex_font_title\":\"Article excerpt\",\"m4f_ex_font_settings\":\"\",\"m4f_ex_font_family\":\"\",\"m4f_ex_font_size\":\"\",\"m4f_ex_font_line_height\":\"\",\"m4f_ex_font_style\":\"\",\"m4f_ex_font_weight\":\"\",\"m4f_ex_font_transform\":\"\",\"m4f_ex_font_spacing\":\"\",\"m4f_ex_\":\"\",\"m6f_title_font_header\":\"\",\"m6f_title_font_title\":\"Article title\",\"m6f_title_font_settings\":\"\",\"m6f_title_font_family\":\"\",\"m6f_title_font_size\":\"\",\"m6f_title_font_line_height\":\"\",\"m6f_title_font_style\":\"\",\"m6f_title_font_weight\":\"\",\"m6f_title_font_transform\":\"\",\"m6f_title_font_spacing\":\"\",\"m6f_title_\":\"\",\"m6f_cat_font_title\":\"Article category tag\",\"m6f_cat_font_settings\":\"\",\"m6f_cat_font_family\":\"\",\"m6f_cat_font_size\":\"\",\"m6f_cat_font_line_height\":\"\",\"m6f_cat_font_style\":\"\",\"m6f_cat_font_weight\":\"\",\"m6f_cat_font_transform\":\"\",\"m6f_cat_font_spacing\":\"\",\"m6f_cat_\":\"\",\"m6f_meta_font_title\":\"Article meta info\",\"m6f_meta_font_settings\":\"\",\"m6f_meta_font_family\":\"\",\"m6f_meta_font_size\":\"\",\"m6f_meta_font_line_height\":\"\",\"m6f_meta_font_style\":\"\",\"m6f_meta_font_weight\":\"\",\"m6f_meta_font_transform\":\"\",\"m6f_meta_font_spacing\":\"\",\"m6f_meta_\":\"\",\"ajax_pagination\":\"\",\"ajax_pagination_infinite_stop\":\"\",\"css\":\"\",\"tdc_css\":\"\",\"td_column_number\":2,\"header_color\":\"\",\"class\":\"tdi_38\",\"tdc_css_class\":\"tdi_38\",\"tdc_css_class_style\":\"tdi_38_rand_style\"}';\nblock_tdi_38.td_column_number = \"2\";\nblock_tdi_38.block_type = \"td_block_1\";\nblock_tdi_38.post_count = \"5\";\nblock_tdi_38.found_posts = \"52\";\nblock_tdi_38.header_color = \"\";\nblock_tdi_38.ajax_pagination_infinite_stop = \"\";\nblock_tdi_38.max_num_pages = \"11\";\ntdBlocksArray.push(block_tdi_38);\n<\/script><h4 class=\"block-title\"><span class=\"td-pulldown-size\">FOOD<\/span><\/h4><div id=tdi_38 class=\"td_block_inner\">\n\n\t<div class=\"td-block-row\">\n\n\t<div class=\"td-block-span6\">\n\r\n        <div class=\"td_module_4 td_module_wrap td-animation-stack \">\r\n            <div class=\"td-module-image\">\r\n                <div class=\"td-module-thumb\"><a href=\"https:\/\/www.pensieriparole.it\/magazine\/2019036570\/vino-le-vendite-nei-supermercati-decollano-export-da-record\" rel=\"bookmark\" class=\"td-image-wrap \" title=\"Vino: le vendite nei supermercati decollano, export da record\" ><img class=\"entry-thumb\" src=\"\" alt=\"\" title=\"Vino: le vendite nei supermercati decollano, export da record\" data-type=\"image_tag\" data-img-url=\"https:\/\/www.pensieriparole.it\/magazine\/wp-content\/uploads\/2019\/03\/vino-supermercato-export-300x194.jpg\"  width=\"300\" height=\"194\" \/><\/a><\/div>                                            <\/div>\r\n\r\n            <h3 class=\"entry-title td-module-title\"><a href=\"https:\/\/www.pensieriparole.it\/magazine\/2019036570\/vino-le-vendite-nei-supermercati-decollano-export-da-record\" rel=\"bookmark\" title=\"Vino: le vendite nei supermercati decollano, export da record\">Vino: le vendite nei supermercati decollano, export da record<\/a><\/h3>\r\n            <div class=\"meta-info\">\r\n                                <span class=\"td-post-author-name\"><a href=\"https:\/\/www.pensieriparole.it\/magazine\/author\/giusva\">G. Iannitelli<\/a> <span>-<\/span> <\/span>                <span class=\"td-post-date\"><time class=\"entry-date updated td-module-date\" datetime=\"2019-03-21T09:10:57+01:00\" >21 Marzo 2019<\/time><\/span>                <span class=\"td-module-comments\"><a href=\"https:\/\/www.pensieriparole.it\/magazine\/2019036570\/vino-le-vendite-nei-supermercati-decollano-export-da-record#respond\">0<\/a><\/span>            <\/div>\r\n\r\n            <div class=\"td-excerpt\">\r\n                Quando si parla di eccellenze italiane vengono in mente diverse cose, dall\u2019artigianato al cibo, passando ovviamente per il vino. Ed \u00e8 proprio il vino...            <\/div>\r\n\r\n            \r\n        <\/div>\r\n\r\n        \n\t<\/div> <!-- .\/td-block-span6 -->\n\n\t<div class=\"td-block-span6\">\n\r\n        <div class=\"td_module_6 td_module_wrap td-animation-stack \">\r\n            \r\n            <div class=\"td-module-thumb\"><a href=\"https:\/\/www.pensieriparole.it\/magazine\/2019016442\/minestrone-perche-mangiarlo-e-come-prepararlo\" rel=\"bookmark\" class=\"td-image-wrap \" title=\"Minestrone: perch\u00e9 mangiarlo e come prepararlo\" ><img class=\"entry-thumb\" src=\"\" alt=\"\" title=\"Minestrone: perch\u00e9 mangiarlo e come prepararlo\" data-type=\"image_tag\" data-img-url=\"https:\/\/www.pensieriparole.it\/magazine\/wp-content\/uploads\/2019\/01\/minestrone-come-prepararlo-100x75.jpg\"  width=\"100\" height=\"75\" \/><\/a><\/div>\r\n        <div class=\"item-details\">\r\n\r\n            <h3 class=\"entry-title td-module-title\"><a href=\"https:\/\/www.pensieriparole.it\/magazine\/2019016442\/minestrone-perche-mangiarlo-e-come-prepararlo\" rel=\"bookmark\" title=\"Minestrone: perch\u00e9 mangiarlo e come prepararlo\">Minestrone: perch\u00e9 mangiarlo e come prepararlo<\/a><\/h3>            <div class=\"meta-info\">\r\n                                                                <span class=\"td-post-date\"><time class=\"entry-date updated td-module-date\" datetime=\"2019-01-31T18:27:37+01:00\" >31 Gennaio 2019<\/time><\/span>                            <\/div>\r\n        <\/div>\r\n\r\n        <\/div>\r\n\r\n        \r\n        <div class=\"td_module_6 td_module_wrap td-animation-stack \">\r\n            \r\n            <div class=\"td-module-thumb\"><a href=\"https:\/\/www.pensieriparole.it\/magazine\/2018126374\/panettone-fatto-in-casa-ricetta-per-farne-uno-irresistibile\" rel=\"bookmark\" class=\"td-image-wrap \" title=\"Panettone fatto in casa: ricetta per farne uno irresistibile\" ><img class=\"entry-thumb\" src=\"\" alt=\"panettone fatto in casa\" title=\"Panettone fatto in casa: ricetta per farne uno irresistibile\" data-type=\"image_tag\" data-img-url=\"https:\/\/www.pensieriparole.it\/magazine\/wp-content\/uploads\/2018\/12\/panettone-fatto-in-casa-100x75.jpg\"  width=\"100\" height=\"75\" \/><\/a><\/div>\r\n        <div class=\"item-details\">\r\n\r\n            <h3 class=\"entry-title td-module-title\"><a href=\"https:\/\/www.pensieriparole.it\/magazine\/2018126374\/panettone-fatto-in-casa-ricetta-per-farne-uno-irresistibile\" rel=\"bookmark\" title=\"Panettone fatto in casa: ricetta per farne uno irresistibile\">Panettone fatto in casa: ricetta per farne uno irresistibile<\/a><\/h3>            <div class=\"meta-info\">\r\n                                                                <span class=\"td-post-date\"><time class=\"entry-date updated td-module-date\" datetime=\"2018-12-20T15:24:25+01:00\" >20 Dicembre 2018<\/time><\/span>                            <\/div>\r\n        <\/div>\r\n\r\n        <\/div>\r\n\r\n        \r\n        <div class=\"td_module_6 td_module_wrap td-animation-stack \">\r\n            \r\n            <div class=\"td-module-thumb\"><a href=\"https:\/\/www.pensieriparole.it\/magazine\/2018086181\/insalata-di-riso\" rel=\"bookmark\" class=\"td-image-wrap \" title=\"Insalata di riso: cinque ricette estive\" ><img class=\"entry-thumb\" src=\"\" alt=\"insalata di riso\" title=\"Insalata di riso: cinque ricette estive\" data-type=\"image_tag\" data-img-url=\"https:\/\/www.pensieriparole.it\/magazine\/wp-content\/uploads\/2018\/08\/insalata-di-riso-100x75.jpg\"  width=\"100\" height=\"75\" \/><\/a><\/div>\r\n        <div class=\"item-details\">\r\n\r\n            <h3 class=\"entry-title td-module-title\"><a href=\"https:\/\/www.pensieriparole.it\/magazine\/2018086181\/insalata-di-riso\" rel=\"bookmark\" title=\"Insalata di riso: cinque ricette estive\">Insalata di riso: cinque ricette estive<\/a><\/h3>            <div class=\"meta-info\">\r\n                                                                <span class=\"td-post-date\"><time class=\"entry-date updated td-module-date\" datetime=\"2018-08-01T11:57:03+02:00\" >1 Agosto 2018<\/time><\/span>                            <\/div>\r\n        <\/div>\r\n\r\n        <\/div>\r\n\r\n        \r\n        <div class=\"td_module_6 td_module_wrap td-animation-stack \">\r\n            \r\n            <div class=\"td-module-thumb\"><a href=\"https:\/\/www.pensieriparole.it\/magazine\/2018076155\/ghiaccioli-fatti-in-casa\" rel=\"bookmark\" class=\"td-image-wrap \" title=\"Ghiaccioli fatti in casa: quando il gusto si unisce al divertimento\" ><img class=\"entry-thumb\" src=\"\" alt=\"ghiaccioli fatti in casa\" title=\"Ghiaccioli fatti in casa: quando il gusto si unisce al divertimento\" data-type=\"image_tag\" data-img-url=\"https:\/\/www.pensieriparole.it\/magazine\/wp-content\/uploads\/2018\/07\/ghiaccioli-fatti-in-casa-100x75.jpg\"  width=\"100\" height=\"75\" \/><\/a><\/div>\r\n        <div class=\"item-details\">\r\n\r\n            <h3 class=\"entry-title td-module-title\"><a href=\"https:\/\/www.pensieriparole.it\/magazine\/2018076155\/ghiaccioli-fatti-in-casa\" rel=\"bookmark\" title=\"Ghiaccioli fatti in casa: quando il gusto si unisce al divertimento\">Ghiaccioli fatti in casa: quando il gusto si unisce al divertimento<\/a><\/h3>            <div class=\"meta-info\">\r\n                                                                <span class=\"td-post-date\"><time class=\"entry-date updated td-module-date\" datetime=\"2018-07-23T17:25:03+02:00\" >23 Luglio 2018<\/time><\/span>                            <\/div>\r\n        <\/div>\r\n\r\n        <\/div>\r\n\r\n        \n\t<\/div> <!-- .\/td-block-span6 --><\/div><!--.\/row-fluid--><\/div><\/div> <!-- .\/block --><\/div><\/div><div class=\"vc_column tdi_40  wpb_column vc_column_container tdc-column td-pb-span4\">\n<style scoped>\n\n\/* custom css *\/\n.tdi_40{\r\n                    vertical-align: baseline;\r\n                }\n<\/style><div class=\"wpb_wrapper\"><div class=\"td_block_wrap td_block_7 tdi_41 td-pb-border-top td_block_template_1\"  data-td-block-uid=\"tdi_41\" ><script>var block_tdi_41 = new tdBlock();\nblock_tdi_41.id = \"tdi_41\";\nblock_tdi_41.atts = '{\"category_id\":\"26\",\"limit\":\"4\",\"custom_title\":\"SALUTE &amp; BENESSERE\",\"td_filter_default_txt\":\"Tutto\",\"block_type\":\"td_block_7\",\"separator\":\"\",\"custom_url\":\"\",\"title_tag\":\"\",\"block_template_id\":\"\",\"border_top\":\"\",\"color_preset\":\"\",\"m6_tl\":\"\",\"m6_title_tag\":\"\",\"post_ids\":\"\",\"category_ids\":\"\",\"tag_slug\":\"\",\"autors_id\":\"\",\"installed_post_types\":\"\",\"sort\":\"\",\"offset\":\"\",\"show_modified_date\":\"\",\"video_popup\":\"\",\"video_rec\":\"\",\"video_rec_title\":\"\",\"show_vid_t\":\"block\",\"el_class\":\"\",\"td_ajax_filter_type\":\"\",\"td_ajax_filter_ids\":\"\",\"td_ajax_preloading\":\"\",\"f_header_font_header\":\"\",\"f_header_font_title\":\"Block header\",\"f_header_font_settings\":\"\",\"f_header_font_family\":\"\",\"f_header_font_size\":\"\",\"f_header_font_line_height\":\"\",\"f_header_font_style\":\"\",\"f_header_font_weight\":\"\",\"f_header_font_transform\":\"\",\"f_header_font_spacing\":\"\",\"f_header_\":\"\",\"f_ajax_font_title\":\"Ajax categories\",\"f_ajax_font_settings\":\"\",\"f_ajax_font_family\":\"\",\"f_ajax_font_size\":\"\",\"f_ajax_font_line_height\":\"\",\"f_ajax_font_style\":\"\",\"f_ajax_font_weight\":\"\",\"f_ajax_font_transform\":\"\",\"f_ajax_font_spacing\":\"\",\"f_ajax_\":\"\",\"f_more_font_title\":\"Load more button\",\"f_more_font_settings\":\"\",\"f_more_font_family\":\"\",\"f_more_font_size\":\"\",\"f_more_font_line_height\":\"\",\"f_more_font_style\":\"\",\"f_more_font_weight\":\"\",\"f_more_font_transform\":\"\",\"f_more_font_spacing\":\"\",\"f_more_\":\"\",\"m6f_title_font_header\":\"\",\"m6f_title_font_title\":\"Article title\",\"m6f_title_font_settings\":\"\",\"m6f_title_font_family\":\"\",\"m6f_title_font_size\":\"\",\"m6f_title_font_line_height\":\"\",\"m6f_title_font_style\":\"\",\"m6f_title_font_weight\":\"\",\"m6f_title_font_transform\":\"\",\"m6f_title_font_spacing\":\"\",\"m6f_title_\":\"\",\"m6f_cat_font_title\":\"Article category tag\",\"m6f_cat_font_settings\":\"\",\"m6f_cat_font_family\":\"\",\"m6f_cat_font_size\":\"\",\"m6f_cat_font_line_height\":\"\",\"m6f_cat_font_style\":\"\",\"m6f_cat_font_weight\":\"\",\"m6f_cat_font_transform\":\"\",\"m6f_cat_font_spacing\":\"\",\"m6f_cat_\":\"\",\"m6f_meta_font_title\":\"Article meta info\",\"m6f_meta_font_settings\":\"\",\"m6f_meta_font_family\":\"\",\"m6f_meta_font_size\":\"\",\"m6f_meta_font_line_height\":\"\",\"m6f_meta_font_style\":\"\",\"m6f_meta_font_weight\":\"\",\"m6f_meta_font_transform\":\"\",\"m6f_meta_font_spacing\":\"\",\"m6f_meta_\":\"\",\"ajax_pagination\":\"\",\"ajax_pagination_infinite_stop\":\"\",\"css\":\"\",\"tdc_css\":\"\",\"td_column_number\":1,\"header_color\":\"\",\"class\":\"tdi_41\",\"tdc_css_class\":\"tdi_41\",\"tdc_css_class_style\":\"tdi_41_rand_style\"}';\nblock_tdi_41.td_column_number = \"1\";\nblock_tdi_41.block_type = \"td_block_7\";\nblock_tdi_41.post_count = \"4\";\nblock_tdi_41.found_posts = \"35\";\nblock_tdi_41.header_color = \"\";\nblock_tdi_41.ajax_pagination_infinite_stop = \"\";\nblock_tdi_41.max_num_pages = \"9\";\ntdBlocksArray.push(block_tdi_41);\n<\/script><h4 class=\"block-title\"><span class=\"td-pulldown-size\">SALUTE &amp; BENESSERE<\/span><\/h4><div id=tdi_41 class=\"td_block_inner\">\n\n\t<div class=\"td-block-span12\">\n\r\n        <div class=\"td_module_6 td_module_wrap td-animation-stack \">\r\n            \r\n            <div class=\"td-module-thumb\"><a href=\"https:\/\/www.pensieriparole.it\/magazine\/2019015961\/pelle-protetta-dal-gelo-i-rimedi-contro-il-freddo-di-questi-giorni\" rel=\"bookmark\" class=\"td-image-wrap \" title=\"Pelle protetta dal gelo: i rimedi contro il freddo di questi giorni\" ><img class=\"entry-thumb\" src=\"\" alt=\"\" title=\"Pelle protetta dal gelo: i rimedi contro il freddo di questi giorni\" data-type=\"image_tag\" data-img-url=\"https:\/\/www.pensieriparole.it\/magazine\/wp-content\/uploads\/2018\/02\/pelle-gelo-100x75.jpg\"  width=\"100\" height=\"75\" \/><\/a><\/div>\r\n        <div class=\"item-details\">\r\n\r\n            <h3 class=\"entry-title td-module-title\"><a href=\"https:\/\/www.pensieriparole.it\/magazine\/2019015961\/pelle-protetta-dal-gelo-i-rimedi-contro-il-freddo-di-questi-giorni\" rel=\"bookmark\" title=\"Pelle protetta dal gelo: i rimedi contro il freddo di questi giorni\">Pelle protetta dal gelo: i rimedi contro il freddo di questi...<\/a><\/h3>            <div class=\"meta-info\">\r\n                                                                <span class=\"td-post-date\"><time class=\"entry-date updated td-module-date\" datetime=\"2019-01-16T12:00:27+01:00\" >16 Gennaio 2019<\/time><\/span>                            <\/div>\r\n        <\/div>\r\n\r\n        <\/div>\r\n\r\n        \n\t<\/div> <!-- .\/td-block-span12 -->\n\n\t<div class=\"td-block-span12\">\n\r\n        <div class=\"td_module_6 td_module_wrap td-animation-stack \">\r\n            \r\n            <div class=\"td-module-thumb\"><a href=\"https:\/\/www.pensieriparole.it\/magazine\/2018096237\/cosa-mangiare-e-cosa-evitare-con-la-cistite\" rel=\"bookmark\" class=\"td-image-wrap \" title=\"Cosa mangiare e cosa evitare con la cistite\" ><img class=\"entry-thumb\" src=\"\" alt=\"\" title=\"Cosa mangiare e cosa evitare con la cistite\" data-type=\"image_tag\" data-img-url=\"https:\/\/www.pensieriparole.it\/magazine\/wp-content\/uploads\/2018\/09\/cistite-100x75.jpg\"  width=\"100\" height=\"75\" \/><\/a><\/div>\r\n        <div class=\"item-details\">\r\n\r\n            <h3 class=\"entry-title td-module-title\"><a href=\"https:\/\/www.pensieriparole.it\/magazine\/2018096237\/cosa-mangiare-e-cosa-evitare-con-la-cistite\" rel=\"bookmark\" title=\"Cosa mangiare e cosa evitare con la cistite\">Cosa mangiare e cosa evitare con la cistite<\/a><\/h3>            <div class=\"meta-info\">\r\n                                                                <span class=\"td-post-date\"><time class=\"entry-date updated td-module-date\" datetime=\"2018-09-24T11:54:37+02:00\" >24 Settembre 2018<\/time><\/span>                            <\/div>\r\n        <\/div>\r\n\r\n        <\/div>\r\n\r\n        \n\t<\/div> <!-- .\/td-block-span12 -->\n\n\t<div class=\"td-block-span12\">\n\r\n        <div class=\"td_module_6 td_module_wrap td-animation-stack \">\r\n            \r\n            <div class=\"td-module-thumb\"><a href=\"https:\/\/www.pensieriparole.it\/magazine\/2017125731\/labbra-screpolate-cause-rimedi-la-secchezza\" rel=\"bookmark\" class=\"td-image-wrap \" title=\"Labbra screpolate: cause e rimedi contro la secchezza\" ><img class=\"entry-thumb\" src=\"\" alt=\"\" title=\"Labbra screpolate: cause e rimedi contro la secchezza\" data-type=\"image_tag\" data-img-url=\"https:\/\/www.pensieriparole.it\/magazine\/wp-content\/uploads\/2017\/12\/labbra-screpolate-100x75.jpg\"  width=\"100\" height=\"75\" \/><\/a><\/div>\r\n        <div class=\"item-details\">\r\n\r\n            <h3 class=\"entry-title td-module-title\"><a href=\"https:\/\/www.pensieriparole.it\/magazine\/2017125731\/labbra-screpolate-cause-rimedi-la-secchezza\" rel=\"bookmark\" title=\"Labbra screpolate: cause e rimedi contro la secchezza\">Labbra screpolate: cause e rimedi contro la secchezza<\/a><\/h3>            <div class=\"meta-info\">\r\n                                                                <span class=\"td-post-date\"><time class=\"entry-date updated td-module-date\" datetime=\"2017-12-11T16:29:50+01:00\" >11 Dicembre 2017<\/time><\/span>                            <\/div>\r\n        <\/div>\r\n\r\n        <\/div>\r\n\r\n        \n\t<\/div> <!-- .\/td-block-span12 -->\n\n\t<div class=\"td-block-span12\">\n\r\n        <div class=\"td_module_6 td_module_wrap td-animation-stack \">\r\n            \r\n            <div class=\"td-module-thumb\"><a href=\"https:\/\/www.pensieriparole.it\/magazine\/2017115661\/5661\" rel=\"bookmark\" class=\"td-image-wrap \" title=\"Gravidanza: meglio non utilizzare alcuni prodotti per l&#8217;igiene personale\" ><img class=\"entry-thumb\" src=\"\" alt=\"\" title=\"Gravidanza: meglio non utilizzare alcuni prodotti per l&#8217;igiene personale\" data-type=\"image_tag\" data-img-url=\"https:\/\/www.pensieriparole.it\/magazine\/wp-content\/uploads\/2017\/11\/gravidanza-100x75.jpg\"  width=\"100\" height=\"75\" \/><\/a><\/div>\r\n        <div class=\"item-details\">\r\n\r\n            <h3 class=\"entry-title td-module-title\"><a href=\"https:\/\/www.pensieriparole.it\/magazine\/2017115661\/5661\" rel=\"bookmark\" title=\"Gravidanza: meglio non utilizzare alcuni prodotti per l&#8217;igiene personale\">Gravidanza: meglio non utilizzare alcuni prodotti per l&#8217;igiene personale<\/a><\/h3>            <div class=\"meta-info\">\r\n                                                                <span class=\"td-post-date\"><time class=\"entry-date updated td-module-date\" datetime=\"2017-11-07T18:06:57+01:00\" >7 Novembre 2017<\/time><\/span>                            <\/div>\r\n        <\/div>\r\n\r\n        <\/div>\r\n\r\n        \n\t<\/div> <!-- .\/td-block-span12 --><\/div><\/div> <!-- .\/block --><\/div><\/div><\/div><\/div><div id=\"tdi_42\" class=\"tdc-row\"><div class=\"vc_row vc_custom_1425410667846 tdi_43  wpb_row td-pb-row\" >\n<style scoped>\n\n\/* tdc_composer_block - inline css att *\/\n.vc_custom_1425410667846{margin-bottom: 0px !important;}\n\/* custom css *\/\n.tdi_43,\r\n                .tdi_43 .tdc-columns{\r\n                    min-height: 0;\r\n                }\n<\/style><div class=\"vc_column vc_custom_1425410684687 tdi_45  wpb_column vc_column_container tdc-column td-pb-span4\">\n<style scoped>\n\n\/* tdc_composer_block - inline css att *\/\n.vc_custom_1425410684687{margin-bottom: 0px !important;}\n\/* custom css *\/\n.tdi_45{\r\n                    vertical-align: baseline;\r\n                }\n<\/style><div class=\"wpb_wrapper\"><div class=\"td_block_wrap td_block_7 tdi_46 td-pb-border-top td_block_template_1\"  data-td-block-uid=\"tdi_46\" ><script>var block_tdi_46 = new tdBlock();\nblock_tdi_46.id = \"tdi_46\";\nblock_tdi_46.atts = '{\"category_id\":\"13\",\"limit\":\"5\",\"custom_title\":\"TECNOLOGIA\",\"td_filter_default_txt\":\"Tutto\",\"block_type\":\"td_block_7\",\"separator\":\"\",\"custom_url\":\"\",\"title_tag\":\"\",\"block_template_id\":\"\",\"border_top\":\"\",\"color_preset\":\"\",\"m6_tl\":\"\",\"m6_title_tag\":\"\",\"post_ids\":\"\",\"category_ids\":\"\",\"tag_slug\":\"\",\"autors_id\":\"\",\"installed_post_types\":\"\",\"sort\":\"\",\"offset\":\"\",\"show_modified_date\":\"\",\"video_popup\":\"\",\"video_rec\":\"\",\"video_rec_title\":\"\",\"show_vid_t\":\"block\",\"el_class\":\"\",\"td_ajax_filter_type\":\"\",\"td_ajax_filter_ids\":\"\",\"td_ajax_preloading\":\"\",\"f_header_font_header\":\"\",\"f_header_font_title\":\"Block header\",\"f_header_font_settings\":\"\",\"f_header_font_family\":\"\",\"f_header_font_size\":\"\",\"f_header_font_line_height\":\"\",\"f_header_font_style\":\"\",\"f_header_font_weight\":\"\",\"f_header_font_transform\":\"\",\"f_header_font_spacing\":\"\",\"f_header_\":\"\",\"f_ajax_font_title\":\"Ajax categories\",\"f_ajax_font_settings\":\"\",\"f_ajax_font_family\":\"\",\"f_ajax_font_size\":\"\",\"f_ajax_font_line_height\":\"\",\"f_ajax_font_style\":\"\",\"f_ajax_font_weight\":\"\",\"f_ajax_font_transform\":\"\",\"f_ajax_font_spacing\":\"\",\"f_ajax_\":\"\",\"f_more_font_title\":\"Load more button\",\"f_more_font_settings\":\"\",\"f_more_font_family\":\"\",\"f_more_font_size\":\"\",\"f_more_font_line_height\":\"\",\"f_more_font_style\":\"\",\"f_more_font_weight\":\"\",\"f_more_font_transform\":\"\",\"f_more_font_spacing\":\"\",\"f_more_\":\"\",\"m6f_title_font_header\":\"\",\"m6f_title_font_title\":\"Article title\",\"m6f_title_font_settings\":\"\",\"m6f_title_font_family\":\"\",\"m6f_title_font_size\":\"\",\"m6f_title_font_line_height\":\"\",\"m6f_title_font_style\":\"\",\"m6f_title_font_weight\":\"\",\"m6f_title_font_transform\":\"\",\"m6f_title_font_spacing\":\"\",\"m6f_title_\":\"\",\"m6f_cat_font_title\":\"Article category tag\",\"m6f_cat_font_settings\":\"\",\"m6f_cat_font_family\":\"\",\"m6f_cat_font_size\":\"\",\"m6f_cat_font_line_height\":\"\",\"m6f_cat_font_style\":\"\",\"m6f_cat_font_weight\":\"\",\"m6f_cat_font_transform\":\"\",\"m6f_cat_font_spacing\":\"\",\"m6f_cat_\":\"\",\"m6f_meta_font_title\":\"Article meta info\",\"m6f_meta_font_settings\":\"\",\"m6f_meta_font_family\":\"\",\"m6f_meta_font_size\":\"\",\"m6f_meta_font_line_height\":\"\",\"m6f_meta_font_style\":\"\",\"m6f_meta_font_weight\":\"\",\"m6f_meta_font_transform\":\"\",\"m6f_meta_font_spacing\":\"\",\"m6f_meta_\":\"\",\"ajax_pagination\":\"\",\"ajax_pagination_infinite_stop\":\"\",\"css\":\"\",\"tdc_css\":\"\",\"td_column_number\":1,\"header_color\":\"\",\"class\":\"tdi_46\",\"tdc_css_class\":\"tdi_46\",\"tdc_css_class_style\":\"tdi_46_rand_style\"}';\nblock_tdi_46.td_column_number = \"1\";\nblock_tdi_46.block_type = \"td_block_7\";\nblock_tdi_46.post_count = \"5\";\nblock_tdi_46.found_posts = \"39\";\nblock_tdi_46.header_color = \"\";\nblock_tdi_46.ajax_pagination_infinite_stop = \"\";\nblock_tdi_46.max_num_pages = \"8\";\ntdBlocksArray.push(block_tdi_46);\n<\/script><h4 class=\"block-title\"><span class=\"td-pulldown-size\">TECNOLOGIA<\/span><\/h4><div id=tdi_46 class=\"td_block_inner\">\n\n\t<div class=\"td-block-span12\">\n\r\n        <div class=\"td_module_6 td_module_wrap td-animation-stack \">\r\n            \r\n            <div class=\"td-module-thumb\"><a href=\"https:\/\/www.pensieriparole.it\/magazine\/2019026464\/internet-e-generazione-z-come-cambiano-le-abitudini-tra-tv-e-social\" rel=\"bookmark\" class=\"td-image-wrap \" title=\"Internet e generazione Z: come cambiano le abitudini tra tv e social\" ><img class=\"entry-thumb\" src=\"\" alt=\"\" title=\"Internet e generazione Z: come cambiano le abitudini tra tv e social\" data-type=\"image_tag\" data-img-url=\"https:\/\/www.pensieriparole.it\/magazine\/wp-content\/uploads\/2019\/02\/internet-generazione-z-tv-social-100x75.jpeg\"  width=\"100\" height=\"75\" \/><\/a><\/div>\r\n        <div class=\"item-details\">\r\n\r\n            <h3 class=\"entry-title td-module-title\"><a href=\"https:\/\/www.pensieriparole.it\/magazine\/2019026464\/internet-e-generazione-z-come-cambiano-le-abitudini-tra-tv-e-social\" rel=\"bookmark\" title=\"Internet e generazione Z: come cambiano le abitudini tra tv e social\">Internet e generazione Z: come cambiano le abitudini tra tv e...<\/a><\/h3>            <div class=\"meta-info\">\r\n                                                                <span class=\"td-post-date\"><time class=\"entry-date updated td-module-date\" datetime=\"2019-02-21T12:32:52+01:00\" >21 Febbraio 2019<\/time><\/span>                            <\/div>\r\n        <\/div>\r\n\r\n        <\/div>\r\n\r\n        \n\t<\/div> <!-- .\/td-block-span12 -->\n\n\t<div class=\"td-block-span12\">\n\r\n        <div class=\"td_module_6 td_module_wrap td-animation-stack \">\r\n            \r\n            <div class=\"td-module-thumb\"><a href=\"https:\/\/www.pensieriparole.it\/magazine\/2017035494\/whatsapp-permettera-cancellare-messaggi-inviati-entro-2-minuti-le-conferme\" rel=\"bookmark\" class=\"td-image-wrap \" title=\"WhatsApp permetter\u00e0 di cancellare i messaggi inviati entro 2 minuti: ecco le conferme\" ><img class=\"entry-thumb\" src=\"\" alt=\"\" title=\"WhatsApp permetter\u00e0 di cancellare i messaggi inviati entro 2 minuti: ecco le conferme\" data-type=\"image_tag\" data-img-url=\"https:\/\/www.pensieriparole.it\/magazine\/wp-content\/uploads\/2017\/03\/whatsapp-icon-generic-100x75.jpg\"  width=\"100\" height=\"75\" \/><\/a><\/div>\r\n        <div class=\"item-details\">\r\n\r\n            <h3 class=\"entry-title td-module-title\"><a href=\"https:\/\/www.pensieriparole.it\/magazine\/2017035494\/whatsapp-permettera-cancellare-messaggi-inviati-entro-2-minuti-le-conferme\" rel=\"bookmark\" title=\"WhatsApp permetter\u00e0 di cancellare i messaggi inviati entro 2 minuti: ecco le conferme\">WhatsApp permetter\u00e0 di cancellare i messaggi inviati entro 2 minuti: ecco...<\/a><\/h3>            <div class=\"meta-info\">\r\n                                                                <span class=\"td-post-date\"><time class=\"entry-date updated td-module-date\" datetime=\"2017-03-28T12:48:58+02:00\" >28 Marzo 2017<\/time><\/span>                            <\/div>\r\n        <\/div>\r\n\r\n        <\/div>\r\n\r\n        \n\t<\/div> <!-- .\/td-block-span12 -->\n\n\t<div class=\"td-block-span12\">\n\r\n        <div class=\"td_module_6 td_module_wrap td-animation-stack \">\r\n            \r\n            <div class=\"td-module-thumb\"><a href=\"https:\/\/www.pensieriparole.it\/magazine\/2016075286\/pokemon-go-presto-europa-gioco-smartphone\" rel=\"bookmark\" class=\"td-image-wrap \" title=\"Pok\u00e9mon GO: presto in Europa il nuovo gioco per smartphone\" ><img class=\"entry-thumb\" src=\"\" alt=\"Pokemon GO\" title=\"Pok\u00e9mon GO: presto in Europa il nuovo gioco per smartphone\" data-type=\"image_tag\" data-img-url=\"https:\/\/www.pensieriparole.it\/magazine\/wp-content\/uploads\/2016\/07\/pokemon-go-100x75.jpg\"  width=\"100\" height=\"75\" \/><\/a><\/div>\r\n        <div class=\"item-details\">\r\n\r\n            <h3 class=\"entry-title td-module-title\"><a href=\"https:\/\/www.pensieriparole.it\/magazine\/2016075286\/pokemon-go-presto-europa-gioco-smartphone\" rel=\"bookmark\" title=\"Pok\u00e9mon GO: presto in Europa il nuovo gioco per smartphone\">Pok\u00e9mon GO: presto in Europa il nuovo gioco per smartphone<\/a><\/h3>            <div class=\"meta-info\">\r\n                                                                <span class=\"td-post-date\"><time class=\"entry-date updated td-module-date\" datetime=\"2016-07-10T15:47:17+02:00\" >10 Luglio 2016<\/time><\/span>                            <\/div>\r\n        <\/div>\r\n\r\n        <\/div>\r\n\r\n        \n\t<\/div> <!-- .\/td-block-span12 -->\n\n\t<div class=\"td-block-span12\">\n\r\n        <div class=\"td_module_6 td_module_wrap td-animation-stack \">\r\n            \r\n            <div class=\"td-module-thumb\"><a href=\"https:\/\/www.pensieriparole.it\/magazine\/2015104668\/netflix-sbarca-ufficialmente-in-italia\" rel=\"bookmark\" class=\"td-image-wrap \" title=\"Netflix sbarca ufficialmente in Italia\" ><img class=\"entry-thumb\" src=\"\" alt=\"\" title=\"Netflix sbarca ufficialmente in Italia\" data-type=\"image_tag\" data-img-url=\"https:\/\/www.pensieriparole.it\/magazine\/wp-content\/uploads\/2015\/10\/1438178027_1429188997_3030039-poster-p-netflixx-100x75.jpg\"  width=\"100\" height=\"75\" \/><\/a><\/div>\r\n        <div class=\"item-details\">\r\n\r\n            <h3 class=\"entry-title td-module-title\"><a href=\"https:\/\/www.pensieriparole.it\/magazine\/2015104668\/netflix-sbarca-ufficialmente-in-italia\" rel=\"bookmark\" title=\"Netflix sbarca ufficialmente in Italia\">Netflix sbarca ufficialmente in Italia<\/a><\/h3>            <div class=\"meta-info\">\r\n                                                                <span class=\"td-post-date\"><time class=\"entry-date updated td-module-date\" datetime=\"2015-10-20T14:05:05+02:00\" >20 Ottobre 2015<\/time><\/span>                            <\/div>\r\n        <\/div>\r\n\r\n        <\/div>\r\n\r\n        \n\t<\/div> <!-- .\/td-block-span12 -->\n\n\t<div class=\"td-block-span12\">\n\r\n        <div class=\"td_module_6 td_module_wrap td-animation-stack \">\r\n            \r\n            <div class=\"td-module-thumb\"><a href=\"https:\/\/www.pensieriparole.it\/magazine\/2015094191\/classifica-libri-settembre-2015\" rel=\"bookmark\" class=\"td-image-wrap \" title=\"Classifica LIBRI settembre 2015\" ><img class=\"entry-thumb\" src=\"\" alt=\"\" title=\"Classifica LIBRI settembre 2015\" data-type=\"image_tag\" data-img-url=\"https:\/\/www.pensieriparole.it\/magazine\/wp-content\/uploads\/2015\/02\/classifica-libri-pensieriparole-100x75.jpg\"  width=\"100\" height=\"75\" \/><\/a><\/div>\r\n        <div class=\"item-details\">\r\n\r\n            <h3 class=\"entry-title td-module-title\"><a href=\"https:\/\/www.pensieriparole.it\/magazine\/2015094191\/classifica-libri-settembre-2015\" rel=\"bookmark\" title=\"Classifica LIBRI settembre 2015\">Classifica LIBRI settembre 2015<\/a><\/h3>            <div class=\"meta-info\">\r\n                                                                <span class=\"td-post-date\"><time class=\"entry-date updated td-module-date\" datetime=\"2015-09-15T11:41:32+02:00\" >15 Settembre 2015<\/time><\/span>                            <\/div>\r\n        <\/div>\r\n\r\n        <\/div>\r\n\r\n        \n\t<\/div> <!-- .\/td-block-span12 --><\/div><\/div> <!-- .\/block --><\/div><\/div><div class=\"vc_column vc_custom_1425410677679 tdi_48  wpb_column vc_column_container tdc-column td-pb-span4\">\n<style scoped>\n\n\/* tdc_composer_block - inline css att *\/\n.vc_custom_1425410677679{margin-bottom: 0px !important;}\n\/* custom css *\/\n.tdi_48{\r\n                    vertical-align: baseline;\r\n                }\n<\/style><div class=\"wpb_wrapper\"><div class=\"td_block_wrap td_block_7 tdi_49 td-pb-border-top td_block_template_1\"  data-td-block-uid=\"tdi_49\" ><script>var block_tdi_49 = new tdBlock();\nblock_tdi_49.id = \"tdi_49\";\nblock_tdi_49.atts = '{\"category_id\":\"25\",\"limit\":\"5\",\"custom_title\":\"TEMPO LIBERO\",\"td_filter_default_txt\":\"Tutto\",\"block_type\":\"td_block_7\",\"separator\":\"\",\"custom_url\":\"\",\"title_tag\":\"\",\"block_template_id\":\"\",\"border_top\":\"\",\"color_preset\":\"\",\"m6_tl\":\"\",\"m6_title_tag\":\"\",\"post_ids\":\"\",\"category_ids\":\"\",\"tag_slug\":\"\",\"autors_id\":\"\",\"installed_post_types\":\"\",\"sort\":\"\",\"offset\":\"\",\"show_modified_date\":\"\",\"video_popup\":\"\",\"video_rec\":\"\",\"video_rec_title\":\"\",\"show_vid_t\":\"block\",\"el_class\":\"\",\"td_ajax_filter_type\":\"\",\"td_ajax_filter_ids\":\"\",\"td_ajax_preloading\":\"\",\"f_header_font_header\":\"\",\"f_header_font_title\":\"Block header\",\"f_header_font_settings\":\"\",\"f_header_font_family\":\"\",\"f_header_font_size\":\"\",\"f_header_font_line_height\":\"\",\"f_header_font_style\":\"\",\"f_header_font_weight\":\"\",\"f_header_font_transform\":\"\",\"f_header_font_spacing\":\"\",\"f_header_\":\"\",\"f_ajax_font_title\":\"Ajax categories\",\"f_ajax_font_settings\":\"\",\"f_ajax_font_family\":\"\",\"f_ajax_font_size\":\"\",\"f_ajax_font_line_height\":\"\",\"f_ajax_font_style\":\"\",\"f_ajax_font_weight\":\"\",\"f_ajax_font_transform\":\"\",\"f_ajax_font_spacing\":\"\",\"f_ajax_\":\"\",\"f_more_font_title\":\"Load more button\",\"f_more_font_settings\":\"\",\"f_more_font_family\":\"\",\"f_more_font_size\":\"\",\"f_more_font_line_height\":\"\",\"f_more_font_style\":\"\",\"f_more_font_weight\":\"\",\"f_more_font_transform\":\"\",\"f_more_font_spacing\":\"\",\"f_more_\":\"\",\"m6f_title_font_header\":\"\",\"m6f_title_font_title\":\"Article title\",\"m6f_title_font_settings\":\"\",\"m6f_title_font_family\":\"\",\"m6f_title_font_size\":\"\",\"m6f_title_font_line_height\":\"\",\"m6f_title_font_style\":\"\",\"m6f_title_font_weight\":\"\",\"m6f_title_font_transform\":\"\",\"m6f_title_font_spacing\":\"\",\"m6f_title_\":\"\",\"m6f_cat_font_title\":\"Article category tag\",\"m6f_cat_font_settings\":\"\",\"m6f_cat_font_family\":\"\",\"m6f_cat_font_size\":\"\",\"m6f_cat_font_line_height\":\"\",\"m6f_cat_font_style\":\"\",\"m6f_cat_font_weight\":\"\",\"m6f_cat_font_transform\":\"\",\"m6f_cat_font_spacing\":\"\",\"m6f_cat_\":\"\",\"m6f_meta_font_title\":\"Article meta info\",\"m6f_meta_font_settings\":\"\",\"m6f_meta_font_family\":\"\",\"m6f_meta_font_size\":\"\",\"m6f_meta_font_line_height\":\"\",\"m6f_meta_font_style\":\"\",\"m6f_meta_font_weight\":\"\",\"m6f_meta_font_transform\":\"\",\"m6f_meta_font_spacing\":\"\",\"m6f_meta_\":\"\",\"ajax_pagination\":\"\",\"ajax_pagination_infinite_stop\":\"\",\"css\":\"\",\"tdc_css\":\"\",\"td_column_number\":1,\"header_color\":\"\",\"class\":\"tdi_49\",\"tdc_css_class\":\"tdi_49\",\"tdc_css_class_style\":\"tdi_49_rand_style\"}';\nblock_tdi_49.td_column_number = \"1\";\nblock_tdi_49.block_type = \"td_block_7\";\nblock_tdi_49.post_count = \"5\";\nblock_tdi_49.found_posts = \"77\";\nblock_tdi_49.header_color = \"\";\nblock_tdi_49.ajax_pagination_infinite_stop = \"\";\nblock_tdi_49.max_num_pages = \"16\";\ntdBlocksArray.push(block_tdi_49);\n<\/script><h4 class=\"block-title\"><span class=\"td-pulldown-size\">TEMPO LIBERO<\/span><\/h4><div id=tdi_49 class=\"td_block_inner\">\n\n\t<div class=\"td-block-span12\">\n\r\n        <div class=\"td_module_6 td_module_wrap td-animation-stack \">\r\n            \r\n            <div class=\"td-module-thumb\"><a href=\"https:\/\/www.pensieriparole.it\/magazine\/2018036042\/6042\" rel=\"bookmark\" class=\"td-image-wrap \" title=\"Pasquetta 2018: dove andare e cosa fare nelle principali citt\u00e0 italiane\" ><img class=\"entry-thumb\" src=\"\" alt=\"\" title=\"Pasquetta 2018: dove andare e cosa fare nelle principali citt\u00e0 italiane\" data-type=\"image_tag\" data-img-url=\"https:\/\/www.pensieriparole.it\/magazine\/wp-content\/uploads\/2018\/03\/pasquetta-2018-100x75.jpg\"  width=\"100\" height=\"75\" \/><\/a><\/div>\r\n        <div class=\"item-details\">\r\n\r\n            <h3 class=\"entry-title td-module-title\"><a href=\"https:\/\/www.pensieriparole.it\/magazine\/2018036042\/6042\" rel=\"bookmark\" title=\"Pasquetta 2018: dove andare e cosa fare nelle principali citt\u00e0 italiane\">Pasquetta 2018: dove andare e cosa fare nelle principali citt\u00e0 italiane<\/a><\/h3>            <div class=\"meta-info\">\r\n                                                                <span class=\"td-post-date\"><time class=\"entry-date updated td-module-date\" datetime=\"2018-03-30T18:21:09+02:00\" >30 Marzo 2018<\/time><\/span>                            <\/div>\r\n        <\/div>\r\n\r\n        <\/div>\r\n\r\n        \n\t<\/div> <!-- .\/td-block-span12 -->\n\n\t<div class=\"td-block-span12\">\n\r\n        <div class=\"td_module_6 td_module_wrap td-animation-stack \">\r\n            \r\n            <div class=\"td-module-thumb\"><a href=\"https:\/\/www.pensieriparole.it\/magazine\/2017035480\/girano-mondo-gratis-punti-premio-senza-aver-mai-volato\" rel=\"bookmark\" class=\"td-image-wrap \" title=\"Girano il mondo gratis con i punti premio, senza aver mai volato\" ><img class=\"entry-thumb\" src=\"\" alt=\"\" title=\"Girano il mondo gratis con i punti premio, senza aver mai volato\" data-type=\"image_tag\" data-img-url=\"https:\/\/www.pensieriparole.it\/magazine\/wp-content\/uploads\/2017\/03\/pedro-pla-grace-cheng-viaggiare-gratis-nel-mondo-100x75.jpg\"  width=\"100\" height=\"75\" \/><\/a><\/div>\r\n        <div class=\"item-details\">\r\n\r\n            <h3 class=\"entry-title td-module-title\"><a href=\"https:\/\/www.pensieriparole.it\/magazine\/2017035480\/girano-mondo-gratis-punti-premio-senza-aver-mai-volato\" rel=\"bookmark\" title=\"Girano il mondo gratis con i punti premio, senza aver mai volato\">Girano il mondo gratis con i punti premio, senza aver mai...<\/a><\/h3>            <div class=\"meta-info\">\r\n                                                                <span class=\"td-post-date\"><time class=\"entry-date updated td-module-date\" datetime=\"2017-03-24T17:52:13+01:00\" >24 Marzo 2017<\/time><\/span>                            <\/div>\r\n        <\/div>\r\n\r\n        <\/div>\r\n\r\n        \n\t<\/div> <!-- .\/td-block-span12 -->\n\n\t<div class=\"td-block-span12\">\n\r\n        <div class=\"td_module_6 td_module_wrap td-animation-stack \">\r\n            \r\n            <div class=\"td-module-thumb\"><a href=\"https:\/\/www.pensieriparole.it\/magazine\/2016075286\/pokemon-go-presto-europa-gioco-smartphone\" rel=\"bookmark\" class=\"td-image-wrap \" title=\"Pok\u00e9mon GO: presto in Europa il nuovo gioco per smartphone\" ><img class=\"entry-thumb\" src=\"\" alt=\"Pokemon GO\" title=\"Pok\u00e9mon GO: presto in Europa il nuovo gioco per smartphone\" data-type=\"image_tag\" data-img-url=\"https:\/\/www.pensieriparole.it\/magazine\/wp-content\/uploads\/2016\/07\/pokemon-go-100x75.jpg\"  width=\"100\" height=\"75\" \/><\/a><\/div>\r\n        <div class=\"item-details\">\r\n\r\n            <h3 class=\"entry-title td-module-title\"><a href=\"https:\/\/www.pensieriparole.it\/magazine\/2016075286\/pokemon-go-presto-europa-gioco-smartphone\" rel=\"bookmark\" title=\"Pok\u00e9mon GO: presto in Europa il nuovo gioco per smartphone\">Pok\u00e9mon GO: presto in Europa il nuovo gioco per smartphone<\/a><\/h3>            <div class=\"meta-info\">\r\n                                                                <span class=\"td-post-date\"><time class=\"entry-date updated td-module-date\" datetime=\"2016-07-10T15:47:17+02:00\" >10 Luglio 2016<\/time><\/span>                            <\/div>\r\n        <\/div>\r\n\r\n        <\/div>\r\n\r\n        \n\t<\/div> <!-- .\/td-block-span12 -->\n\n\t<div class=\"td-block-span12\">\n\r\n        <div class=\"td_module_6 td_module_wrap td-animation-stack \">\r\n            \r\n            <div class=\"td-module-thumb\"><a href=\"https:\/\/www.pensieriparole.it\/magazine\/2016045182\/festa-della-mamma-idee-originali-e-spunti-creativi\" rel=\"bookmark\" class=\"td-image-wrap \" title=\"Festa della mamma: idee originali e spunti creativi\" ><img class=\"entry-thumb\" src=\"\" alt=\"\" title=\"Festa della mamma: idee originali e spunti creativi\" data-type=\"image_tag\" data-img-url=\"https:\/\/www.pensieriparole.it\/magazine\/wp-content\/uploads\/2016\/04\/festa-mamma-1440x564_c-100x75.jpg\"  width=\"100\" height=\"75\" \/><\/a><\/div>\r\n        <div class=\"item-details\">\r\n\r\n            <h3 class=\"entry-title td-module-title\"><a href=\"https:\/\/www.pensieriparole.it\/magazine\/2016045182\/festa-della-mamma-idee-originali-e-spunti-creativi\" rel=\"bookmark\" title=\"Festa della mamma: idee originali e spunti creativi\">Festa della mamma: idee originali e spunti creativi<\/a><\/h3>            <div class=\"meta-info\">\r\n                                                                <span class=\"td-post-date\"><time class=\"entry-date updated td-module-date\" datetime=\"2016-04-20T09:28:13+02:00\" >20 Aprile 2016<\/time><\/span>                            <\/div>\r\n        <\/div>\r\n\r\n        <\/div>\r\n\r\n        \n\t<\/div> <!-- .\/td-block-span12 -->\n\n\t<div class=\"td-block-span12\">\n\r\n        <div class=\"td_module_6 td_module_wrap td-animation-stack \">\r\n            \r\n            <div class=\"td-module-thumb\"><a href=\"https:\/\/www.pensieriparole.it\/magazine\/2016045214\/worldclubdome\" rel=\"bookmark\" class=\"td-image-wrap \" title=\"World Club Dome: &#8220;the place to be&#8221;!\" ><img class=\"entry-thumb\" src=\"\" alt=\"\" title=\"World Club Dome: &#8220;the place to be&#8221;!\" data-type=\"image_tag\" data-img-url=\"https:\/\/www.pensieriparole.it\/magazine\/wp-content\/uploads\/2016\/04\/poster_wcd_lineup-100x75.jpg\"  width=\"100\" height=\"75\" \/><\/a><\/div>\r\n        <div class=\"item-details\">\r\n\r\n            <h3 class=\"entry-title td-module-title\"><a href=\"https:\/\/www.pensieriparole.it\/magazine\/2016045214\/worldclubdome\" rel=\"bookmark\" title=\"World Club Dome: &#8220;the place to be&#8221;!\">World Club Dome: &#8220;the place to be&#8221;!<\/a><\/h3>            <div class=\"meta-info\">\r\n                                                                <span class=\"td-post-date\"><time class=\"entry-date updated td-module-date\" datetime=\"2016-04-20T08:36:58+02:00\" >20 Aprile 2016<\/time><\/span>                            <\/div>\r\n        <\/div>\r\n\r\n        <\/div>\r\n\r\n        \n\t<\/div> <!-- .\/td-block-span12 --><\/div><\/div> <!-- .\/block --><\/div><\/div><div class=\"vc_column tdi_51  wpb_column vc_column_container tdc-column td-pb-span4\">\n<style scoped>\n\n\/* custom css *\/\n.tdi_51{\r\n                    vertical-align: baseline;\r\n                }\n<\/style><div class=\"wpb_wrapper\"><div class=\"td_block_wrap td_block_7 tdi_52 td-pb-border-top td_block_template_1\"  data-td-block-uid=\"tdi_52\" ><script>var block_tdi_52 = new tdBlock();\nblock_tdi_52.id = \"tdi_52\";\nblock_tdi_52.atts = '{\"category_id\":\"27\",\"limit\":\"5\",\"custom_title\":\"QUIZ &amp; GAMES\",\"td_filter_default_txt\":\"Tutto\",\"block_type\":\"td_block_7\",\"separator\":\"\",\"custom_url\":\"\",\"title_tag\":\"\",\"block_template_id\":\"\",\"border_top\":\"\",\"color_preset\":\"\",\"m6_tl\":\"\",\"m6_title_tag\":\"\",\"post_ids\":\"\",\"category_ids\":\"\",\"tag_slug\":\"\",\"autors_id\":\"\",\"installed_post_types\":\"\",\"sort\":\"\",\"offset\":\"\",\"show_modified_date\":\"\",\"video_popup\":\"\",\"video_rec\":\"\",\"video_rec_title\":\"\",\"show_vid_t\":\"block\",\"el_class\":\"\",\"td_ajax_filter_type\":\"\",\"td_ajax_filter_ids\":\"\",\"td_ajax_preloading\":\"\",\"f_header_font_header\":\"\",\"f_header_font_title\":\"Block header\",\"f_header_font_settings\":\"\",\"f_header_font_family\":\"\",\"f_header_font_size\":\"\",\"f_header_font_line_height\":\"\",\"f_header_font_style\":\"\",\"f_header_font_weight\":\"\",\"f_header_font_transform\":\"\",\"f_header_font_spacing\":\"\",\"f_header_\":\"\",\"f_ajax_font_title\":\"Ajax categories\",\"f_ajax_font_settings\":\"\",\"f_ajax_font_family\":\"\",\"f_ajax_font_size\":\"\",\"f_ajax_font_line_height\":\"\",\"f_ajax_font_style\":\"\",\"f_ajax_font_weight\":\"\",\"f_ajax_font_transform\":\"\",\"f_ajax_font_spacing\":\"\",\"f_ajax_\":\"\",\"f_more_font_title\":\"Load more button\",\"f_more_font_settings\":\"\",\"f_more_font_family\":\"\",\"f_more_font_size\":\"\",\"f_more_font_line_height\":\"\",\"f_more_font_style\":\"\",\"f_more_font_weight\":\"\",\"f_more_font_transform\":\"\",\"f_more_font_spacing\":\"\",\"f_more_\":\"\",\"m6f_title_font_header\":\"\",\"m6f_title_font_title\":\"Article title\",\"m6f_title_font_settings\":\"\",\"m6f_title_font_family\":\"\",\"m6f_title_font_size\":\"\",\"m6f_title_font_line_height\":\"\",\"m6f_title_font_style\":\"\",\"m6f_title_font_weight\":\"\",\"m6f_title_font_transform\":\"\",\"m6f_title_font_spacing\":\"\",\"m6f_title_\":\"\",\"m6f_cat_font_title\":\"Article category tag\",\"m6f_cat_font_settings\":\"\",\"m6f_cat_font_family\":\"\",\"m6f_cat_font_size\":\"\",\"m6f_cat_font_line_height\":\"\",\"m6f_cat_font_style\":\"\",\"m6f_cat_font_weight\":\"\",\"m6f_cat_font_transform\":\"\",\"m6f_cat_font_spacing\":\"\",\"m6f_cat_\":\"\",\"m6f_meta_font_title\":\"Article meta info\",\"m6f_meta_font_settings\":\"\",\"m6f_meta_font_family\":\"\",\"m6f_meta_font_size\":\"\",\"m6f_meta_font_line_height\":\"\",\"m6f_meta_font_style\":\"\",\"m6f_meta_font_weight\":\"\",\"m6f_meta_font_transform\":\"\",\"m6f_meta_font_spacing\":\"\",\"m6f_meta_\":\"\",\"ajax_pagination\":\"\",\"ajax_pagination_infinite_stop\":\"\",\"css\":\"\",\"tdc_css\":\"\",\"td_column_number\":1,\"header_color\":\"\",\"class\":\"tdi_52\",\"tdc_css_class\":\"tdi_52\",\"tdc_css_class_style\":\"tdi_52_rand_style\"}';\nblock_tdi_52.td_column_number = \"1\";\nblock_tdi_52.block_type = \"td_block_7\";\nblock_tdi_52.post_count = \"5\";\nblock_tdi_52.found_posts = \"12\";\nblock_tdi_52.header_color = \"\";\nblock_tdi_52.ajax_pagination_infinite_stop = \"\";\nblock_tdi_52.max_num_pages = \"3\";\ntdBlocksArray.push(block_tdi_52);\n<\/script><h4 class=\"block-title\"><span class=\"td-pulldown-size\">QUIZ &amp; GAMES<\/span><\/h4><div id=tdi_52 class=\"td_block_inner\">\n\n\t<div class=\"td-block-span12\">\n\r\n        <div class=\"td_module_6 td_module_wrap td-animation-stack \">\r\n            \r\n            <div class=\"td-module-thumb\"><a href=\"https:\/\/www.pensieriparole.it\/magazine\/2020046783\/valuta-con-noi-le-opere-di-iorestoacasaescrivo-fino-al-30-aprile\" rel=\"bookmark\" class=\"td-image-wrap \" title=\"Valuta con noi le opere di #IORESTOACASAeSCRIVO fino al 30 aprile!\" ><img class=\"entry-thumb\" src=\"\" alt=\"\" title=\"Valuta con noi le opere di #IORESTOACASAeSCRIVO fino al 30 aprile!\" data-type=\"image_tag\" data-img-url=\"https:\/\/www.pensieriparole.it\/magazine\/wp-content\/uploads\/2020\/03\/concorso-iorestoacasa-e-scrivo-100x75.jpg\"  width=\"100\" height=\"75\" \/><\/a><\/div>\r\n        <div class=\"item-details\">\r\n\r\n            <h3 class=\"entry-title td-module-title\"><a href=\"https:\/\/www.pensieriparole.it\/magazine\/2020046783\/valuta-con-noi-le-opere-di-iorestoacasaescrivo-fino-al-30-aprile\" rel=\"bookmark\" title=\"Valuta con noi le opere di #IORESTOACASAeSCRIVO fino al 30 aprile!\">Valuta con noi le opere di #IORESTOACASAeSCRIVO fino al 30 aprile!<\/a><\/h3>            <div class=\"meta-info\">\r\n                                                                <span class=\"td-post-date\"><time class=\"entry-date updated td-module-date\" datetime=\"2020-04-19T17:30:05+02:00\" >19 Aprile 2020<\/time><\/span>                            <\/div>\r\n        <\/div>\r\n\r\n        <\/div>\r\n\r\n        \n\t<\/div> <!-- .\/td-block-span12 -->\n\n\t<div class=\"td-block-span12\">\n\r\n        <div class=\"td_module_6 td_module_wrap td-animation-stack \">\r\n            \r\n            <div class=\"td-module-thumb\"><a href=\"https:\/\/www.pensieriparole.it\/magazine\/2020046763\/inizia-domani-lunedi-30-marzo-il-concorso-iorestoacasaescrivo-2\" rel=\"bookmark\" class=\"td-image-wrap \" title=\"[nuova data] Invia le opere di #IORESTOACASAeSCRIVO fino al 15 aprile!\" ><img class=\"entry-thumb\" src=\"\" alt=\"\" title=\"[nuova data] Invia le opere di #IORESTOACASAeSCRIVO fino al 15 aprile!\" data-type=\"image_tag\" data-img-url=\"https:\/\/www.pensieriparole.it\/magazine\/wp-content\/uploads\/2020\/03\/concorso-iorestoacasa-e-scrivo-100x75.jpg\"  width=\"100\" height=\"75\" \/><\/a><\/div>\r\n        <div class=\"item-details\">\r\n\r\n            <h3 class=\"entry-title td-module-title\"><a href=\"https:\/\/www.pensieriparole.it\/magazine\/2020046763\/inizia-domani-lunedi-30-marzo-il-concorso-iorestoacasaescrivo-2\" rel=\"bookmark\" title=\"[nuova data] Invia le opere di #IORESTOACASAeSCRIVO fino al 15 aprile!\">[nuova data] Invia le opere di #IORESTOACASAeSCRIVO fino al 15 aprile!<\/a><\/h3>            <div class=\"meta-info\">\r\n                                                                <span class=\"td-post-date\"><time class=\"entry-date updated td-module-date\" datetime=\"2020-04-06T16:53:54+02:00\" >6 Aprile 2020<\/time><\/span>                            <\/div>\r\n        <\/div>\r\n\r\n        <\/div>\r\n\r\n        \n\t<\/div> <!-- .\/td-block-span12 -->\n\n\t<div class=\"td-block-span12\">\n\r\n        <div class=\"td_module_6 td_module_wrap td-animation-stack \">\r\n            \r\n            <div class=\"td-module-thumb\"><a href=\"https:\/\/www.pensieriparole.it\/magazine\/2020036753\/inizia-domani-lunedi-30-marzo-il-concorso-iorestoacasaescrivo\" rel=\"bookmark\" class=\"td-image-wrap \" title=\"\u00c8 iniziato luned\u00ec il concorso #IORESTOACASAeSCRIVO\" ><img class=\"entry-thumb\" src=\"\" alt=\"\" title=\"\u00c8 iniziato luned\u00ec il concorso #IORESTOACASAeSCRIVO\" data-type=\"image_tag\" data-img-url=\"https:\/\/www.pensieriparole.it\/magazine\/wp-content\/uploads\/2020\/03\/concorso-iorestoacasa-e-scrivo-100x75.jpg\"  width=\"100\" height=\"75\" \/><\/a><\/div>\r\n        <div class=\"item-details\">\r\n\r\n            <h3 class=\"entry-title td-module-title\"><a href=\"https:\/\/www.pensieriparole.it\/magazine\/2020036753\/inizia-domani-lunedi-30-marzo-il-concorso-iorestoacasaescrivo\" rel=\"bookmark\" title=\"\u00c8 iniziato luned\u00ec il concorso #IORESTOACASAeSCRIVO\">\u00c8 iniziato luned\u00ec il concorso #IORESTOACASAeSCRIVO<\/a><\/h3>            <div class=\"meta-info\">\r\n                                                                <span class=\"td-post-date\"><time class=\"entry-date updated td-module-date\" datetime=\"2020-03-29T11:14:11+02:00\" >29 Marzo 2020<\/time><\/span>                            <\/div>\r\n        <\/div>\r\n\r\n        <\/div>\r\n\r\n        \n\t<\/div> <!-- .\/td-block-span12 -->\n\n\t<div class=\"td-block-span12\">\n\r\n        <div class=\"td_module_6 td_module_wrap td-animation-stack \">\r\n            \r\n            <div class=\"td-module-thumb\"><a href=\"https:\/\/www.pensieriparole.it\/magazine\/2020036742\/concorso-iorestoacasaescrivo-al-via-su-pensieriparole-dal-30-marzo\" rel=\"bookmark\" class=\"td-image-wrap \" title=\"Concorso #IORESTOACASAeSCRIVO al via su PensieriParole dal 30 marzo\" ><img class=\"entry-thumb\" src=\"\" alt=\"\" title=\"Concorso #IORESTOACASAeSCRIVO al via su PensieriParole dal 30 marzo\" data-type=\"image_tag\" data-img-url=\"https:\/\/www.pensieriparole.it\/magazine\/wp-content\/uploads\/2020\/03\/concorso-iorestoacasa-e-scrivo-100x75.jpg\"  width=\"100\" height=\"75\" \/><\/a><\/div>\r\n        <div class=\"item-details\">\r\n\r\n            <h3 class=\"entry-title td-module-title\"><a href=\"https:\/\/www.pensieriparole.it\/magazine\/2020036742\/concorso-iorestoacasaescrivo-al-via-su-pensieriparole-dal-30-marzo\" rel=\"bookmark\" title=\"Concorso #IORESTOACASAeSCRIVO al via su PensieriParole dal 30 marzo\">Concorso #IORESTOACASAeSCRIVO al via su PensieriParole dal 30 marzo<\/a><\/h3>            <div class=\"meta-info\">\r\n                                                                <span class=\"td-post-date\"><time class=\"entry-date updated td-module-date\" datetime=\"2020-03-23T12:45:13+01:00\" >23 Marzo 2020<\/time><\/span>                            <\/div>\r\n        <\/div>\r\n\r\n        <\/div>\r\n\r\n        \n\t<\/div> <!-- .\/td-block-span12 -->\n\n\t<div class=\"td-block-span12\">\n\r\n        <div class=\"td_module_6 td_module_wrap td-animation-stack \">\r\n            \r\n            <div class=\"td-module-thumb\"><a href=\"https:\/\/www.pensieriparole.it\/magazine\/2017055571\/auguri-mamma-annunciati-vincitori-del-concorso\" rel=\"bookmark\" class=\"td-image-wrap \" title=\"&#8220;Auguri Mamma!&#8221;: annunciati i vincitori del concorso\" ><img class=\"entry-thumb\" src=\"\" alt=\"\" title=\"&#8220;Auguri Mamma!&#8221;: annunciati i vincitori del concorso\" data-type=\"image_tag\" data-img-url=\"https:\/\/www.pensieriparole.it\/magazine\/wp-content\/uploads\/2017\/05\/auguri-mamma-concorso-pensieriparole-100x75.png\"  width=\"100\" height=\"75\" \/><\/a><\/div>\r\n        <div class=\"item-details\">\r\n\r\n            <h3 class=\"entry-title td-module-title\"><a href=\"https:\/\/www.pensieriparole.it\/magazine\/2017055571\/auguri-mamma-annunciati-vincitori-del-concorso\" rel=\"bookmark\" title=\"&#8220;Auguri Mamma!&#8221;: annunciati i vincitori del concorso\">&#8220;Auguri Mamma!&#8221;: annunciati i vincitori del concorso<\/a><\/h3>            <div class=\"meta-info\">\r\n                                                                <span class=\"td-post-date\"><time class=\"entry-date updated td-module-date\" datetime=\"2017-05-14T00:02:48+02:00\" >14 Maggio 2017<\/time><\/span>                            <\/div>\r\n        <\/div>\r\n\r\n        <\/div>\r\n\r\n        \n\t<\/div> <!-- .\/td-block-span12 --><\/div><\/div> <!-- .\/block --><\/div><\/div><\/div><\/div>","protected":false},"excerpt":{"rendered":"\/* tdc_composer_block - inline css att *\/ .vc_custom_1425410472776{margin-bottom: 0px !important;} \/* custom css *\/ .tdi_54, .tdi_54 .tdc-columns{ min-height: 0; } \/* custom css *\/ .tdi_56{ vertical-align: baseline; } var block_tdi_57 = new tdBlock(); block_tdi_57.id = \"tdi_57\"; block_tdi_57.atts = '{\"limit\":\"10\",\"category_ids\":\"-30\",\"block_type\":\"td_block_trending_now\",\"navigation\":\"\",\"timer\":3,\"style\":\"\",\"mt_title_tag\":\"\",\"separator\":\"\",\"post_ids\":\"\",\"category_id\":\"\",\"tag_slug\":\"\",\"autors_id\":\"\",\"installed_post_types\":\"\",\"sort\":\"\",\"offset\":\"\",\"el_class\":\"\",\"header_text_color\":\"\",\"header_color\":\"\",\"articles_color\":\"\",\"next_prev_color\":\"\",\"next_prev_border_color\":\"\",\"f_title_font_header\":\"\",\"f_title_font_title\":\"Block title\",\"f_title_font_settings\":\"\",\"f_title_font_family\":\"\",\"f_title_font_size\":\"\",\"f_title_font_line_height\":\"\",\"f_title_font_style\":\"\",\"f_title_font_weight\":\"\",\"f_title_font_transform\":\"\",\"f_title_font_spacing\":\"\",\"f_title_\":\"\",\"f_article_font_title\":\"Articles title\",\"f_article_font_settings\":\"\",\"f_article_font_family\":\"\",\"f_article_font_size\":\"\",\"f_article_font_line_height\":\"\",\"f_article_font_style\":\"\",\"f_article_font_weight\":\"\",\"f_article_font_transform\":\"\",\"f_article_font_spacing\":\"\",\"f_article_\":\"\",\"css\":\"\",\"tdc_css\":\"\",\"block_template_id\":\"\",\"td_column_number\":3,\"ajax_pagination_infinite_stop\":\"\",\"td_ajax_preloading\":\"\",\"td_ajax_filter_type\":\"\",\"td_filter_default_txt\":\"\",\"td_ajax_filter_ids\":\"\",\"color_preset\":\"\",\"ajax_pagination\":\"\",\"border_top\":\"\",\"class\":\"tdi_57\",\"tdc_css_class\":\"tdi_57\",\"tdc_css_class_style\":\"tdi_57_rand_style\"}'; block_tdi_57.td_column_number = \"3\"; block_tdi_57.block_type = \"td_block_trending_now\"; block_tdi_57.post_count = \"10\"; block_tdi_57.found_posts = \"1055\"; block_tdi_57.header_color = [...]","protected":false},"author":2,"featured_media":0,"parent":0,"menu_order":0,"comment_status":"open","ping_status":"open","template":"","meta":{"tdm_status":"","tdm_grid_status":""},"yoast_head":"<!-- This site is optimized with the Yoast SEO plugin v19.11 - https:\/\/yoast.com\/wordpress\/plugins\/seo\/ -->\n<title>PensieriParole magazine - notizie e curiosit\u00e0 dal mondo<\/title>\n<meta name=\"description\" content=\"Un magazine sempre aggiornato sul mondo, con notizie curiose, attualit\u00e0 e consigli pratici, oltre alle migliori frasi raccolte per argomento.\" \/>\n<meta name=\"robots\" content=\"index, follow, max-snippet:-1, max-image-preview:large, max-video-preview:-1\" \/>\n<link rel=\"canonical\" href=\"https:\/\/www.pensieriparole.it\/magazine\/\" \/>\n<meta property=\"og:locale\" content=\"it_IT\" \/>\n<meta property=\"og:type\" content=\"article\" \/>\n<meta property=\"og:title\" content=\"PensieriParole magazine - notizie e curiosit\u00e0 dal mondo\" \/>\n<meta property=\"og:description\" content=\"Un magazine sempre aggiornato sul mondo, con notizie curiose, attualit\u00e0 e consigli pratici, oltre alle migliori frasi raccolte per argomento.\" \/>\n<meta property=\"og:url\" content=\"https:\/\/www.pensieriparole.it\/magazine\/\" \/>\n<meta property=\"og:site_name\" content=\"PensieriParole magazine\" \/>\n<meta property=\"article:publisher\" content=\"https:\/\/www.facebook.com\/PensieriParole\" \/>\n<meta property=\"article:modified_time\" content=\"2015-11-13T09:03:06+00:00\" \/>\n<meta name=\"twitter:card\" content=\"summary_large_image\" \/>\n<meta name=\"twitter:site\" content=\"@pensieriparole\" \/>\n<meta name=\"twitter:label1\" content=\"Tempo di lettura stimato\" \/>\n\t<meta name=\"twitter:data1\" content=\"2 minuti\" \/>\n<script type=\"application\/ld+json\" class=\"yoast-schema-graph\">{\"@context\":\"https:\/\/schema.org\",\"@graph\":[{\"@type\":\"WebPage\",\"@id\":\"https:\/\/www.pensieriparole.it\/magazine\/\",\"url\":\"https:\/\/www.pensieriparole.it\/magazine\/\",\"name\":\"PensieriParole magazine - notizie e curiosit\u00e0 dal mondo\",\"isPartOf\":{\"@id\":\"https:\/\/www.pensieriparole.it\/magazine\/#website\"},\"datePublished\":\"2015-03-02T10:06:29+00:00\",\"dateModified\":\"2015-11-13T09:03:06+00:00\",\"description\":\"Un magazine sempre aggiornato sul mondo, con notizie curiose, attualit\u00e0 e consigli pratici, oltre alle migliori frasi raccolte per argomento.\",\"breadcrumb\":{\"@id\":\"https:\/\/www.pensieriparole.it\/magazine\/#breadcrumb\"},\"inLanguage\":\"it-IT\",\"potentialAction\":[{\"@type\":\"ReadAction\",\"target\":[\"https:\/\/www.pensieriparole.it\/magazine\/\"]}]},{\"@type\":\"BreadcrumbList\",\"@id\":\"https:\/\/www.pensieriparole.it\/magazine\/#breadcrumb\",\"itemListElement\":[{\"@type\":\"ListItem\",\"position\":1,\"name\":\"Home\",\"item\":\"https:\/\/www.pensieriparole.it\/magazine\/\"},{\"@type\":\"ListItem\",\"position\":2,\"name\":\"Homepage\"}]},{\"@type\":\"WebSite\",\"@id\":\"https:\/\/www.pensieriparole.it\/magazine\/#website\",\"url\":\"https:\/\/www.pensieriparole.it\/magazine\/\",\"name\":\"PensieriParole magazine\",\"description\":\"news &amp; curiosit\u00e0 dal mondo\",\"potentialAction\":[{\"@type\":\"SearchAction\",\"target\":{\"@type\":\"EntryPoint\",\"urlTemplate\":\"https:\/\/www.pensieriparole.it\/magazine\/?s={search_term_string}\"},\"query-input\":\"required name=search_term_string\"}],\"inLanguage\":\"it-IT\"}]}<\/script>\n<!-- \/ Yoast SEO plugin. -->","yoast_head_json":{"title":"PensieriParole magazine - notizie e curiosit\u00e0 dal mondo","description":"Un magazine sempre aggiornato sul mondo, con notizie curiose, attualit\u00e0 e consigli pratici, oltre alle migliori frasi raccolte per argomento.","robots":{"index":"index","follow":"follow","max-snippet":"max-snippet:-1","max-image-preview":"max-image-preview:large","max-video-preview":"max-video-preview:-1"},"canonical":"https:\/\/www.pensieriparole.it\/magazine\/","og_locale":"it_IT","og_type":"article","og_title":"PensieriParole magazine - notizie e curiosit\u00e0 dal mondo","og_description":"Un magazine sempre aggiornato sul mondo, con notizie curiose, attualit\u00e0 e consigli pratici, oltre alle migliori frasi raccolte per argomento.","og_url":"https:\/\/www.pensieriparole.it\/magazine\/","og_site_name":"PensieriParole magazine","article_publisher":"https:\/\/www.facebook.com\/PensieriParole","article_modified_time":"2015-11-13T09:03:06+00:00","twitter_card":"summary_large_image","twitter_site":"@pensieriparole","twitter_misc":{"Tempo di lettura stimato":"2 minuti"},"schema":{"@context":"https:\/\/schema.org","@graph":[{"@type":"WebPage","@id":"https:\/\/www.pensieriparole.it\/magazine\/","url":"https:\/\/www.pensieriparole.it\/magazine\/","name":"PensieriParole magazine - notizie e curiosit\u00e0 dal mondo","isPartOf":{"@id":"https:\/\/www.pensieriparole.it\/magazine\/#website"},"datePublished":"2015-03-02T10:06:29+00:00","dateModified":"2015-11-13T09:03:06+00:00","description":"Un magazine sempre aggiornato sul mondo, con notizie curiose, attualit\u00e0 e consigli pratici, oltre alle migliori frasi raccolte per argomento.","breadcrumb":{"@id":"https:\/\/www.pensieriparole.it\/magazine\/#breadcrumb"},"inLanguage":"it-IT","potentialAction":[{"@type":"ReadAction","target":["https:\/\/www.pensieriparole.it\/magazine\/"]}]},{"@type":"BreadcrumbList","@id":"https:\/\/www.pensieriparole.it\/magazine\/#breadcrumb","itemListElement":[{"@type":"ListItem","position":1,"name":"Home","item":"https:\/\/www.pensieriparole.it\/magazine\/"},{"@type":"ListItem","position":2,"name":"Homepage"}]},{"@type":"WebSite","@id":"https:\/\/www.pensieriparole.it\/magazine\/#website","url":"https:\/\/www.pensieriparole.it\/magazine\/","name":"PensieriParole magazine","description":"news &amp; curiosit\u00e0 dal mondo","potentialAction":[{"@type":"SearchAction","target":{"@type":"EntryPoint","urlTemplate":"https:\/\/www.pensieriparole.it\/magazine\/?s={search_term_string}"},"query-input":"required name=search_term_string"}],"inLanguage":"it-IT"}]}},"_links":{"self":[{"href":"https:\/\/www.pensieriparole.it\/magazine\/wp-json\/wp\/v2\/pages\/696"}],"collection":[{"href":"https:\/\/www.pensieriparole.it\/magazine\/wp-json\/wp\/v2\/pages"}],"about":[{"href":"https:\/\/www.pensieriparole.it\/magazine\/wp-json\/wp\/v2\/types\/page"}],"author":[{"embeddable":true,"href":"https:\/\/www.pensieriparole.it\/magazine\/wp-json\/wp\/v2\/users\/2"}],"replies":[{"embeddable":true,"href":"https:\/\/www.pensieriparole.it\/magazine\/wp-json\/wp\/v2\/comments?post=696"}],"version-history":[{"count":39,"href":"https:\/\/www.pensieriparole.it\/magazine\/wp-json\/wp\/v2\/pages\/696\/revisions"}],"predecessor-version":[{"id":1918,"href":"https:\/\/www.pensieriparole.it\/magazine\/wp-json\/wp\/v2\/pages\/696\/revisions\/1918"}],"wp:attachment":[{"href":"https:\/\/www.pensieriparole.it\/magazine\/wp-json\/wp\/v2\/media?parent=696"}],"curies":[{"name":"wp","href":"https:\/\/api.w.org\/{rel}","templated":true}]}}